{"id":2772,"date":"2018-04-25T10:41:56","date_gmt":"2018-04-25T13:41:56","guid":{"rendered":"http:\/\/www.vivacquaadvogados.com\/profisionales\/"},"modified":"2026-04-10T11:30:28","modified_gmt":"2026-04-10T14:30:28","slug":"profesionales","status":"publish","type":"page","link":"https:\/\/www.vivacquaadvogados.com\/es\/profesionales\/","title":{"rendered":"Profesionales"},"content":{"rendered":"<p><div class=\"fusion-fullwidth fullwidth-box fusion-builder-row-1 fusion-flex-container nonhundred-percent-fullwidth non-hundred-percent-height-scrolling gradient-container-1\" style=\"--awb-border-radius-top-left:0px;--awb-border-radius-top-right:0px;--awb-border-radius-bottom-right:0px;--awb-border-radius-bottom-left:0px;--awb-margin-bottom:200px;--awb-flex-wrap:wrap;\" ><div class=\"fusion-builder-row fusion-row fusion-flex-align-items-center fusion-flex-justify-content-center fusion-flex-content-wrap\" style=\"max-width:1144px;margin-left: calc(-4% \/ 2 );margin-right: calc(-4% \/ 2 );\"><div class=\"fusion-layout-column fusion_builder_column fusion-builder-column-0 fusion_builder_column_1_1 1_1 fusion-flex-column\" style=\"--awb-bg-size:cover;--awb-width-large:100%;--awb-margin-top-large:0px;--awb-spacing-right-large:1.92%;--awb-margin-bottom-large:20px;--awb-spacing-left-large:1.92%;--awb-width-medium:100%;--awb-order-medium:0;--awb-spacing-right-medium:1.92%;--awb-spacing-left-medium:1.92%;--awb-width-small:100%;--awb-order-small:0;--awb-spacing-right-small:1.92%;--awb-spacing-left-small:1.92%;\"><div class=\"fusion-column-wrapper fusion-column-has-shadow fusion-flex-justify-content-flex-start fusion-content-layout-column\"><div class=\"fusion-builder-row fusion-builder-row-inner fusion-row fusion-flex-align-items-flex-start fusion-flex-justify-content-center fusion-flex-content-wrap\" style=\"--awb-min-height:no;--awb-min-height-medium:no;--awb-min-height-small:no;--awb-flex-grow:0;--awb-flex-grow-medium:0;--awb-flex-grow-small:0;--awb-flex-shrink:0;--awb-flex-shrink-medium:0;--awb-flex-shrink-small:0;width:104% !important;max-width:104% !important;margin-left: calc(-4% \/ 2 );margin-right: calc(-4% \/ 2 );\"><div class=\"fusion-layout-column fusion_builder_column_inner fusion-builder-nested-column-0 fusion_builder_column_inner_1_3 1_3 fusion-flex-column fusion-flex-align-self-flex-start\" style=\"--awb-bg-size:cover;--awb-width-large:33.333333333333%;--awb-margin-top-large:0px;--awb-spacing-right-large:5.76%;--awb-margin-bottom-large:20px;--awb-spacing-left-large:5.76%;--awb-width-medium:100%;--awb-order-medium:0;--awb-spacing-right-medium:1.92%;--awb-spacing-left-medium:1.92%;--awb-width-small:100%;--awb-order-small:0;--awb-spacing-right-small:1.92%;--awb-spacing-left-small:1.92%;\"><div class=\"fusion-column-wrapper fusion-column-has-shadow fusion-flex-justify-content-space-between fusion-content-layout-column\"><div class=\"fusion-image-element \" style=\"text-align:center;--awb-margin-bottom:30px;--awb-max-width:300px;--awb-caption-title-font-family:var(--h2_typography-font-family);--awb-caption-title-font-weight:var(--h2_typography-font-weight);--awb-caption-title-font-style:var(--h2_typography-font-style);--awb-caption-title-size:var(--h2_typography-font-size);--awb-caption-title-transform:var(--h2_typography-text-transform);--awb-caption-title-line-height:var(--h2_typography-line-height);--awb-caption-title-letter-spacing:var(--h2_typography-letter-spacing);\"><span class=\" fusion-imageframe imageframe-none imageframe-1 hover-type-none\"><img decoding=\"async\" width=\"600\" height=\"600\" title=\"edu_600px\" src=\"https:\/\/www.vivacquaadvogados.com\/wp-content\/uploads\/2026\/01\/edu_600px.png\" alt class=\"img-responsive wp-image-137454\" srcset=\"https:\/\/www.vivacquaadvogados.com\/wp-content\/uploads\/2026\/01\/edu_600px-200x200.png 200w, https:\/\/www.vivacquaadvogados.com\/wp-content\/uploads\/2026\/01\/edu_600px-400x400.png 400w, https:\/\/www.vivacquaadvogados.com\/wp-content\/uploads\/2026\/01\/edu_600px.png 600w\" sizes=\"(max-width: 1024px) 100vw, (max-width: 640px) 100vw, 400px\" \/><\/span><\/div><a class=\"fusion-modal-text-link\" data-toggle=\"modal\" data-target=\".fusion-modal.edu\" href=\"#\">\n<p class=\"meu-texto\">Eduardo Domingos<br \/>\nSocio<\/p>\n<\/a><\/div><\/div><div class=\"fusion-layout-column fusion_builder_column_inner fusion-builder-nested-column-1 fusion_builder_column_inner_1_3 1_3 fusion-flex-column fusion-flex-align-self-flex-start\" style=\"--awb-bg-size:cover;--awb-width-large:33.333333333333%;--awb-margin-top-large:0px;--awb-spacing-right-large:5.76%;--awb-margin-bottom-large:20px;--awb-spacing-left-large:5.76%;--awb-width-medium:100%;--awb-order-medium:0;--awb-spacing-right-medium:1.92%;--awb-spacing-left-medium:1.92%;--awb-width-small:100%;--awb-order-small:0;--awb-spacing-right-small:1.92%;--awb-spacing-left-small:1.92%;\"><div class=\"fusion-column-wrapper fusion-column-has-shadow fusion-flex-justify-content-center fusion-content-layout-column\"><div class=\"fusion-image-element \" style=\"text-align:center;--awb-margin-bottom:30px;--awb-max-width:300px;--awb-caption-title-font-family:var(--h2_typography-font-family);--awb-caption-title-font-weight:var(--h2_typography-font-weight);--awb-caption-title-font-style:var(--h2_typography-font-style);--awb-caption-title-size:var(--h2_typography-font-size);--awb-caption-title-transform:var(--h2_typography-text-transform);--awb-caption-title-line-height:var(--h2_typography-line-height);--awb-caption-title-letter-spacing:var(--h2_typography-letter-spacing);\"><span class=\" fusion-imageframe imageframe-none imageframe-2 hover-type-none\"><img decoding=\"async\" width=\"600\" height=\"600\" title=\"fernanda_600px\" src=\"https:\/\/www.vivacquaadvogados.com\/wp-content\/uploads\/2026\/01\/fernanda_600px.png\" alt class=\"img-responsive wp-image-137457\" srcset=\"https:\/\/www.vivacquaadvogados.com\/wp-content\/uploads\/2026\/01\/fernanda_600px-200x200.png 200w, https:\/\/www.vivacquaadvogados.com\/wp-content\/uploads\/2026\/01\/fernanda_600px-400x400.png 400w, https:\/\/www.vivacquaadvogados.com\/wp-content\/uploads\/2026\/01\/fernanda_600px.png 600w\" sizes=\"(max-width: 1024px) 100vw, (max-width: 640px) 100vw, 400px\" \/><\/span><\/div><a class=\"fusion-modal-text-link\" data-toggle=\"modal\" data-target=\".fusion-modal.fernanda\" href=\"#\">\n<p class=\"meu-texto\">Fernanda C. Sena<br \/>\nSocia<\/p>\n<\/a><\/div><\/div><div class=\"fusion-layout-column fusion_builder_column_inner fusion-builder-nested-column-2 fusion_builder_column_inner_1_3 1_3 fusion-flex-column fusion-flex-align-self-flex-start\" style=\"--awb-bg-size:cover;--awb-width-large:33.333333333333%;--awb-margin-top-large:0px;--awb-spacing-right-large:5.76%;--awb-margin-bottom-large:20px;--awb-spacing-left-large:5.76%;--awb-width-medium:100%;--awb-order-medium:0;--awb-spacing-right-medium:1.92%;--awb-spacing-left-medium:1.92%;--awb-width-small:100%;--awb-order-small:0;--awb-spacing-right-small:1.92%;--awb-spacing-left-small:1.92%;\"><div class=\"fusion-column-wrapper fusion-column-has-shadow fusion-flex-justify-content-center fusion-content-layout-column\"><div class=\"fusion-image-element \" style=\"text-align:center;--awb-margin-bottom:30px;--awb-max-width:300px;--awb-caption-title-font-family:var(--h2_typography-font-family);--awb-caption-title-font-weight:var(--h2_typography-font-weight);--awb-caption-title-font-style:var(--h2_typography-font-style);--awb-caption-title-size:var(--h2_typography-font-size);--awb-caption-title-transform:var(--h2_typography-text-transform);--awb-caption-title-line-height:var(--h2_typography-line-height);--awb-caption-title-letter-spacing:var(--h2_typography-letter-spacing);\"><span class=\" fusion-imageframe imageframe-none imageframe-3 hover-type-none\"><img decoding=\"async\" width=\"600\" height=\"600\" title=\"daniela_600px\" src=\"https:\/\/www.vivacquaadvogados.com\/wp-content\/uploads\/2026\/04\/daniela_600px.png\" alt class=\"img-responsive wp-image-137740\" srcset=\"https:\/\/www.vivacquaadvogados.com\/wp-content\/uploads\/2026\/04\/daniela_600px-200x200.png 200w, https:\/\/www.vivacquaadvogados.com\/wp-content\/uploads\/2026\/04\/daniela_600px-400x400.png 400w, https:\/\/www.vivacquaadvogados.com\/wp-content\/uploads\/2026\/04\/daniela_600px.png 600w\" sizes=\"(max-width: 1024px) 100vw, (max-width: 640px) 100vw, 400px\" \/><\/span><\/div><a class=\"fusion-modal-text-link\" data-toggle=\"modal\" data-target=\".fusion-modal.daniela_marchi\" href=\"#\">\n<p class=\"meu-texto\">Daniela Marchi Magalh\u00e3es<br \/>\nConsultora<\/p>\n<\/a><\/div><\/div><div class=\"fusion-layout-column fusion_builder_column_inner fusion-builder-nested-column-3 fusion_builder_column_inner_1_3 1_3 fusion-flex-column fusion-flex-align-self-flex-start\" style=\"--awb-bg-size:cover;--awb-width-large:33.333333333333%;--awb-margin-top-large:0px;--awb-spacing-right-large:5.76%;--awb-margin-bottom-large:20px;--awb-spacing-left-large:5.76%;--awb-width-medium:100%;--awb-order-medium:0;--awb-spacing-right-medium:1.92%;--awb-spacing-left-medium:1.92%;--awb-width-small:100%;--awb-order-small:0;--awb-spacing-right-small:1.92%;--awb-spacing-left-small:1.92%;\"><div class=\"fusion-column-wrapper fusion-column-has-shadow fusion-flex-justify-content-center fusion-content-layout-column\"><div class=\"fusion-image-element \" style=\"text-align:center;--awb-margin-bottom:30px;--awb-max-width:300px;--awb-caption-title-font-family:var(--h2_typography-font-family);--awb-caption-title-font-weight:var(--h2_typography-font-weight);--awb-caption-title-font-style:var(--h2_typography-font-style);--awb-caption-title-size:var(--h2_typography-font-size);--awb-caption-title-transform:var(--h2_typography-text-transform);--awb-caption-title-line-height:var(--h2_typography-line-height);--awb-caption-title-letter-spacing:var(--h2_typography-letter-spacing);\"><span class=\" fusion-imageframe imageframe-none imageframe-4 hover-type-none\"><img decoding=\"async\" width=\"600\" height=\"600\" title=\"joao_600px\" src=\"https:\/\/www.vivacquaadvogados.com\/wp-content\/uploads\/2026\/01\/joao_600px.png\" alt class=\"img-responsive wp-image-137460\" srcset=\"https:\/\/www.vivacquaadvogados.com\/wp-content\/uploads\/2026\/01\/joao_600px-200x200.png 200w, https:\/\/www.vivacquaadvogados.com\/wp-content\/uploads\/2026\/01\/joao_600px-400x400.png 400w, https:\/\/www.vivacquaadvogados.com\/wp-content\/uploads\/2026\/01\/joao_600px.png 600w\" sizes=\"(max-width: 1024px) 100vw, (max-width: 640px) 100vw, 400px\" \/><\/span><\/div><a class=\"fusion-modal-text-link\" data-toggle=\"modal\" data-target=\".fusion-modal.joao_guerra\" href=\"#\">\n<p class=\"meu-texto\">Jo\u00e3o Paulo Cordeiro Guerra<br \/>\nSocio<\/p>\n<\/a><\/div><\/div><div class=\"fusion-layout-column fusion_builder_column_inner fusion-builder-nested-column-4 fusion_builder_column_inner_1_3 1_3 fusion-flex-column fusion-flex-align-self-flex-start\" style=\"--awb-bg-size:cover;--awb-width-large:33.333333333333%;--awb-margin-top-large:0px;--awb-spacing-right-large:5.76%;--awb-margin-bottom-large:20px;--awb-spacing-left-large:5.76%;--awb-width-medium:100%;--awb-order-medium:0;--awb-spacing-right-medium:1.92%;--awb-spacing-left-medium:1.92%;--awb-width-small:100%;--awb-order-small:0;--awb-spacing-right-small:1.92%;--awb-spacing-left-small:1.92%;\"><div class=\"fusion-column-wrapper fusion-column-has-shadow fusion-flex-justify-content-center fusion-content-layout-column\"><div class=\"fusion-image-element \" style=\"text-align:center;--awb-margin-bottom:30px;--awb-max-width:300px;--awb-caption-title-font-family:var(--h2_typography-font-family);--awb-caption-title-font-weight:var(--h2_typography-font-weight);--awb-caption-title-font-style:var(--h2_typography-font-style);--awb-caption-title-size:var(--h2_typography-font-size);--awb-caption-title-transform:var(--h2_typography-text-transform);--awb-caption-title-line-height:var(--h2_typography-line-height);--awb-caption-title-letter-spacing:var(--h2_typography-letter-spacing);\"><span class=\" fusion-imageframe imageframe-none imageframe-5 hover-type-none\"><img decoding=\"async\" width=\"600\" height=\"600\" title=\"paula_600px\" src=\"https:\/\/www.vivacquaadvogados.com\/wp-content\/uploads\/2026\/01\/paula_600px.png\" alt class=\"img-responsive wp-image-137466\" srcset=\"https:\/\/www.vivacquaadvogados.com\/wp-content\/uploads\/2026\/01\/paula_600px-200x200.png 200w, https:\/\/www.vivacquaadvogados.com\/wp-content\/uploads\/2026\/01\/paula_600px-400x400.png 400w, https:\/\/www.vivacquaadvogados.com\/wp-content\/uploads\/2026\/01\/paula_600px.png 600w\" sizes=\"(max-width: 1024px) 100vw, (max-width: 640px) 100vw, 400px\" \/><\/span><\/div><a class=\"fusion-modal-text-link\" data-toggle=\"modal\" data-target=\".fusion-modal.paula\" href=\"#\">\n<p class=\"meu-texto\">Paula Pincelli Tavares Vivacqua<br \/>\nSocia<\/p>\n<\/a><\/div><\/div><div class=\"fusion-layout-column fusion_builder_column_inner fusion-builder-nested-column-5 fusion_builder_column_inner_1_3 1_3 fusion-flex-column fusion-flex-align-self-flex-start\" style=\"--awb-bg-size:cover;--awb-width-large:33.333333333333%;--awb-margin-top-large:0px;--awb-spacing-right-large:5.76%;--awb-margin-bottom-large:20px;--awb-spacing-left-large:5.76%;--awb-width-medium:100%;--awb-order-medium:0;--awb-spacing-right-medium:1.92%;--awb-spacing-left-medium:1.92%;--awb-width-small:100%;--awb-order-small:0;--awb-spacing-right-small:1.92%;--awb-spacing-left-small:1.92%;\"><div class=\"fusion-column-wrapper fusion-column-has-shadow fusion-flex-justify-content-center fusion-content-layout-column\"><div class=\"fusion-image-element \" style=\"text-align:center;--awb-margin-bottom:30px;--awb-max-width:300px;--awb-caption-title-font-family:var(--h2_typography-font-family);--awb-caption-title-font-weight:var(--h2_typography-font-weight);--awb-caption-title-font-style:var(--h2_typography-font-style);--awb-caption-title-size:var(--h2_typography-font-size);--awb-caption-title-transform:var(--h2_typography-text-transform);--awb-caption-title-line-height:var(--h2_typography-line-height);--awb-caption-title-letter-spacing:var(--h2_typography-letter-spacing);\"><span class=\" fusion-imageframe imageframe-none imageframe-6 hover-type-none\"><img decoding=\"async\" width=\"600\" height=\"600\" title=\"ricardo_600px\" src=\"https:\/\/www.vivacquaadvogados.com\/wp-content\/uploads\/2026\/01\/ricardo_600px.png\" alt class=\"img-responsive wp-image-137469\" srcset=\"https:\/\/www.vivacquaadvogados.com\/wp-content\/uploads\/2026\/01\/ricardo_600px-200x200.png 200w, https:\/\/www.vivacquaadvogados.com\/wp-content\/uploads\/2026\/01\/ricardo_600px-400x400.png 400w, https:\/\/www.vivacquaadvogados.com\/wp-content\/uploads\/2026\/01\/ricardo_600px.png 600w\" sizes=\"(max-width: 1024px) 100vw, (max-width: 640px) 100vw, 400px\" \/><\/span><\/div><a class=\"fusion-modal-text-link\" data-toggle=\"modal\" data-target=\".fusion-modal.ricardo\" href=\"#\">\n<p class=\"meu-texto\">Ricardo Pontes Vivacqua<br \/>\nSocio<\/p>\n<\/a><\/div><\/div><div class=\"fusion-layout-column fusion_builder_column_inner fusion-builder-nested-column-6 fusion_builder_column_inner_1_3 1_3 fusion-flex-column fusion-flex-align-self-flex-start\" style=\"--awb-bg-size:cover;--awb-width-large:33.333333333333%;--awb-margin-top-large:0px;--awb-spacing-right-large:5.76%;--awb-margin-bottom-large:20px;--awb-spacing-left-large:5.76%;--awb-width-medium:100%;--awb-order-medium:0;--awb-spacing-right-medium:1.92%;--awb-spacing-left-medium:1.92%;--awb-width-small:100%;--awb-order-small:0;--awb-spacing-right-small:1.92%;--awb-spacing-left-small:1.92%;\"><div class=\"fusion-column-wrapper fusion-column-has-shadow fusion-flex-justify-content-center fusion-content-layout-column\"><div class=\"fusion-image-element \" style=\"text-align:center;--awb-margin-bottom:30px;--awb-max-width:300px;--awb-caption-title-font-family:var(--h2_typography-font-family);--awb-caption-title-font-weight:var(--h2_typography-font-weight);--awb-caption-title-font-style:var(--h2_typography-font-style);--awb-caption-title-size:var(--h2_typography-font-size);--awb-caption-title-transform:var(--h2_typography-text-transform);--awb-caption-title-line-height:var(--h2_typography-line-height);--awb-caption-title-letter-spacing:var(--h2_typography-letter-spacing);\"><span class=\" fusion-imageframe imageframe-none imageframe-7 hover-type-none\"><img decoding=\"async\" width=\"600\" height=\"600\" title=\"leonardo_600px\" src=\"https:\/\/www.vivacquaadvogados.com\/wp-content\/uploads\/2026\/01\/leonardo_600px.png\" alt class=\"img-responsive wp-image-137463\" srcset=\"https:\/\/www.vivacquaadvogados.com\/wp-content\/uploads\/2026\/01\/leonardo_600px-200x200.png 200w, https:\/\/www.vivacquaadvogados.com\/wp-content\/uploads\/2026\/01\/leonardo_600px-400x400.png 400w, https:\/\/www.vivacquaadvogados.com\/wp-content\/uploads\/2026\/01\/leonardo_600px.png 600w\" sizes=\"(max-width: 1024px) 100vw, (max-width: 640px) 100vw, 400px\" \/><\/span><\/div><a class=\"fusion-modal-text-link\" data-toggle=\"modal\" data-target=\".fusion-modal.leonardo_m\" href=\"#\">\n<p class=\"meu-texto\">Leonardo Mobarak<br \/>\nSocio<\/p>\n<\/a><\/div><\/div><div class=\"fusion-layout-column fusion_builder_column_inner fusion-builder-nested-column-7 fusion_builder_column_inner_1_3 1_3 fusion-flex-column fusion-flex-align-self-flex-start\" style=\"--awb-bg-size:cover;--awb-width-large:33.333333333333%;--awb-margin-top-large:0px;--awb-spacing-right-large:5.76%;--awb-margin-bottom-large:20px;--awb-spacing-left-large:5.76%;--awb-width-medium:100%;--awb-order-medium:0;--awb-spacing-right-medium:1.92%;--awb-spacing-left-medium:1.92%;--awb-width-small:100%;--awb-order-small:0;--awb-spacing-right-small:1.92%;--awb-spacing-left-small:1.92%;\"><div class=\"fusion-column-wrapper fusion-column-has-shadow fusion-flex-justify-content-center fusion-content-layout-column\"><div class=\"fusion-image-element \" style=\"text-align:center;--awb-margin-bottom:30px;--awb-max-width:300px;--awb-caption-title-font-family:var(--h2_typography-font-family);--awb-caption-title-font-weight:var(--h2_typography-font-weight);--awb-caption-title-font-style:var(--h2_typography-font-style);--awb-caption-title-size:var(--h2_typography-font-size);--awb-caption-title-transform:var(--h2_typography-text-transform);--awb-caption-title-line-height:var(--h2_typography-line-height);--awb-caption-title-letter-spacing:var(--h2_typography-letter-spacing);\"><span class=\" fusion-imageframe imageframe-none imageframe-8 hover-type-none\"><img decoding=\"async\" width=\"387\" height=\"387\" title=\"luiz_cristo_387px\" src=\"https:\/\/www.vivacquaadvogados.com\/wp-content\/uploads\/2026\/01\/luiz_cristo_387px.png\" alt class=\"img-responsive wp-image-137652\" srcset=\"https:\/\/www.vivacquaadvogados.com\/wp-content\/uploads\/2026\/01\/luiz_cristo_387px-200x200.png 200w, https:\/\/www.vivacquaadvogados.com\/wp-content\/uploads\/2026\/01\/luiz_cristo_387px.png 387w\" sizes=\"(max-width: 1024px) 100vw, (max-width: 640px) 100vw, 387px\" \/><\/span><\/div><a class=\"fusion-modal-text-link\" data-toggle=\"modal\" data-target=\".fusion-modal.luiz_cristo\" href=\"#\">\n<p class=\"meu-texto\">Luiz Henrique de Cristo<br \/>\nSocio<\/p>\n<\/a><\/div><\/div><div class=\"fusion-layout-column fusion_builder_column_inner fusion-builder-nested-column-8 fusion_builder_column_inner_1_3 1_3 fusion-flex-column fusion-flex-align-self-flex-start\" style=\"--awb-bg-size:cover;--awb-width-large:33.333333333333%;--awb-margin-top-large:0px;--awb-spacing-right-large:5.76%;--awb-margin-bottom-large:20px;--awb-spacing-left-large:5.76%;--awb-width-medium:100%;--awb-order-medium:0;--awb-spacing-right-medium:1.92%;--awb-spacing-left-medium:1.92%;--awb-width-small:100%;--awb-order-small:0;--awb-spacing-right-small:1.92%;--awb-spacing-left-small:1.92%;\"><div class=\"fusion-column-wrapper fusion-column-has-shadow fusion-flex-justify-content-center fusion-content-layout-column\"><div class=\"fusion-image-element \" style=\"text-align:center;--awb-margin-bottom:30px;--awb-max-width:300px;--awb-caption-title-font-family:var(--h2_typography-font-family);--awb-caption-title-font-weight:var(--h2_typography-font-weight);--awb-caption-title-font-style:var(--h2_typography-font-style);--awb-caption-title-size:var(--h2_typography-font-size);--awb-caption-title-transform:var(--h2_typography-text-transform);--awb-caption-title-line-height:var(--h2_typography-line-height);--awb-caption-title-letter-spacing:var(--h2_typography-letter-spacing);\"><span class=\" fusion-imageframe imageframe-none imageframe-9 hover-type-none\"><img decoding=\"async\" width=\"600\" height=\"600\" title=\"avatar\" src=\"https:\/\/www.vivacquaadvogados.com\/wp-content\/uploads\/2026\/01\/avatar.png\" alt class=\"img-responsive wp-image-137477\" srcset=\"https:\/\/www.vivacquaadvogados.com\/wp-content\/uploads\/2026\/01\/avatar-200x200.png 200w, https:\/\/www.vivacquaadvogados.com\/wp-content\/uploads\/2026\/01\/avatar-400x400.png 400w, https:\/\/www.vivacquaadvogados.com\/wp-content\/uploads\/2026\/01\/avatar.png 600w\" sizes=\"(max-width: 1024px) 100vw, (max-width: 640px) 100vw, 400px\" \/><\/span><\/div><a class=\"fusion-modal-text-link\" data-toggle=\"modal\" data-target=\".fusion-modal.felipe\" href=\"#\">\n<p class=\"meu-texto\">Felipe Taveira<br \/>\nConsultor<\/p>\n<\/a><\/div><\/div><div class=\"fusion-layout-column fusion_builder_column_inner fusion-builder-nested-column-9 fusion_builder_column_inner_1_3 1_3 fusion-flex-column fusion-flex-align-self-flex-start\" style=\"--awb-bg-size:cover;--awb-width-large:33.333333333333%;--awb-margin-top-large:0px;--awb-spacing-right-large:5.76%;--awb-margin-bottom-large:20px;--awb-spacing-left-large:5.76%;--awb-width-medium:100%;--awb-order-medium:0;--awb-spacing-right-medium:1.92%;--awb-spacing-left-medium:1.92%;--awb-width-small:100%;--awb-order-small:0;--awb-spacing-right-small:1.92%;--awb-spacing-left-small:1.92%;\"><div class=\"fusion-column-wrapper fusion-column-has-shadow fusion-flex-justify-content-center fusion-content-layout-column\"><div class=\"fusion-image-element \" style=\"text-align:center;--awb-margin-bottom:30px;--awb-max-width:300px;--awb-caption-title-font-family:var(--h2_typography-font-family);--awb-caption-title-font-weight:var(--h2_typography-font-weight);--awb-caption-title-font-style:var(--h2_typography-font-style);--awb-caption-title-size:var(--h2_typography-font-size);--awb-caption-title-transform:var(--h2_typography-text-transform);--awb-caption-title-line-height:var(--h2_typography-line-height);--awb-caption-title-letter-spacing:var(--h2_typography-letter-spacing);\"><span class=\" fusion-imageframe imageframe-none imageframe-10 hover-type-none\"><img decoding=\"async\" width=\"600\" height=\"600\" title=\"flavio_600px\" src=\"https:\/\/www.vivacquaadvogados.com\/wp-content\/uploads\/2026\/01\/flavio_600px.png\" alt class=\"img-responsive wp-image-137620\" srcset=\"https:\/\/www.vivacquaadvogados.com\/wp-content\/uploads\/2026\/01\/flavio_600px-200x200.png 200w, https:\/\/www.vivacquaadvogados.com\/wp-content\/uploads\/2026\/01\/flavio_600px-400x400.png 400w, https:\/\/www.vivacquaadvogados.com\/wp-content\/uploads\/2026\/01\/flavio_600px.png 600w\" sizes=\"(max-width: 1024px) 100vw, (max-width: 640px) 100vw, 400px\" \/><\/span><\/div><a class=\"fusion-modal-text-link\" data-toggle=\"modal\" data-target=\".fusion-modal.telles_flavio\" href=\"#\">\n<p class=\"meu-texto\">Flavio Telles de Almeida<br \/>\nConsultor<\/p>\n<\/a><\/div><\/div><div class=\"fusion-layout-column fusion_builder_column_inner fusion-builder-nested-column-10 fusion_builder_column_inner_1_3 1_3 fusion-flex-column fusion-flex-align-self-flex-start\" style=\"--awb-bg-size:cover;--awb-width-large:33.333333333333%;--awb-margin-top-large:0px;--awb-spacing-right-large:5.76%;--awb-margin-bottom-large:20px;--awb-spacing-left-large:5.76%;--awb-width-medium:100%;--awb-order-medium:0;--awb-spacing-right-medium:1.92%;--awb-spacing-left-medium:1.92%;--awb-width-small:100%;--awb-order-small:0;--awb-spacing-right-small:1.92%;--awb-spacing-left-small:1.92%;\"><div class=\"fusion-column-wrapper fusion-column-has-shadow fusion-flex-justify-content-center fusion-content-layout-column\"><div class=\"fusion-image-element \" style=\"text-align:center;--awb-margin-bottom:30px;--awb-max-width:300px;--awb-caption-title-font-family:var(--h2_typography-font-family);--awb-caption-title-font-weight:var(--h2_typography-font-weight);--awb-caption-title-font-style:var(--h2_typography-font-style);--awb-caption-title-size:var(--h2_typography-font-size);--awb-caption-title-transform:var(--h2_typography-text-transform);--awb-caption-title-line-height:var(--h2_typography-line-height);--awb-caption-title-letter-spacing:var(--h2_typography-letter-spacing);\"><span class=\" fusion-imageframe imageframe-none imageframe-11 hover-type-none\"><img decoding=\"async\" width=\"600\" height=\"600\" title=\"avatar\" src=\"https:\/\/www.vivacquaadvogados.com\/wp-content\/uploads\/2026\/01\/avatar.png\" alt class=\"img-responsive wp-image-137477\" srcset=\"https:\/\/www.vivacquaadvogados.com\/wp-content\/uploads\/2026\/01\/avatar-200x200.png 200w, https:\/\/www.vivacquaadvogados.com\/wp-content\/uploads\/2026\/01\/avatar-400x400.png 400w, https:\/\/www.vivacquaadvogados.com\/wp-content\/uploads\/2026\/01\/avatar.png 600w\" sizes=\"(max-width: 1024px) 100vw, (max-width: 640px) 100vw, 400px\" \/><\/span><\/div><a class=\"fusion-modal-text-link\" data-toggle=\"modal\" data-target=\".fusion-modal.fernando_perestrelo\" href=\"#\">\n<p class=\"meu-texto\">Fernando Ribeiro Perestrelo<br \/>\nConsultor<\/p>\n<\/a><\/div><\/div><div class=\"fusion-layout-column fusion_builder_column_inner fusion-builder-nested-column-11 fusion_builder_column_inner_1_3 1_3 fusion-flex-column fusion-flex-align-self-flex-start\" style=\"--awb-bg-size:cover;--awb-width-large:33.333333333333%;--awb-margin-top-large:0px;--awb-spacing-right-large:5.76%;--awb-margin-bottom-large:20px;--awb-spacing-left-large:5.76%;--awb-width-medium:100%;--awb-order-medium:0;--awb-spacing-right-medium:1.92%;--awb-spacing-left-medium:1.92%;--awb-width-small:100%;--awb-order-small:0;--awb-spacing-right-small:1.92%;--awb-spacing-left-small:1.92%;\"><div class=\"fusion-column-wrapper fusion-column-has-shadow fusion-flex-justify-content-center fusion-content-layout-column\"><div class=\"fusion-image-element \" style=\"text-align:center;--awb-margin-bottom:30px;--awb-max-width:300px;--awb-caption-title-font-family:var(--h2_typography-font-family);--awb-caption-title-font-weight:var(--h2_typography-font-weight);--awb-caption-title-font-style:var(--h2_typography-font-style);--awb-caption-title-size:var(--h2_typography-font-size);--awb-caption-title-transform:var(--h2_typography-text-transform);--awb-caption-title-line-height:var(--h2_typography-line-height);--awb-caption-title-letter-spacing:var(--h2_typography-letter-spacing);\"><span class=\" fusion-imageframe imageframe-none imageframe-12 hover-type-none\"><img decoding=\"async\" width=\"600\" height=\"600\" title=\"helio_600px\" src=\"https:\/\/www.vivacquaadvogados.com\/wp-content\/uploads\/2026\/01\/helio_600px.png\" alt class=\"img-responsive wp-image-137480\" srcset=\"https:\/\/www.vivacquaadvogados.com\/wp-content\/uploads\/2026\/01\/helio_600px-200x200.png 200w, https:\/\/www.vivacquaadvogados.com\/wp-content\/uploads\/2026\/01\/helio_600px-400x400.png 400w, https:\/\/www.vivacquaadvogados.com\/wp-content\/uploads\/2026\/01\/helio_600px.png 600w\" sizes=\"(max-width: 1024px) 100vw, (max-width: 640px) 100vw, 400px\" \/><\/span><\/div><a class=\"fusion-modal-text-link\" data-toggle=\"modal\" data-target=\".fusion-modal.helio\" href=\"#\">\n<p class=\"meu-texto\">H\u00e9lio Rubens Batista Ribeiro Costa<br \/>\nConsultor<\/p>\n<\/a><\/div><\/div><div class=\"fusion-layout-column fusion_builder_column_inner fusion-builder-nested-column-12 fusion_builder_column_inner_1_3 1_3 fusion-flex-column fusion-flex-align-self-flex-start\" style=\"--awb-bg-size:cover;--awb-width-large:33.333333333333%;--awb-margin-top-large:0px;--awb-spacing-right-large:5.76%;--awb-margin-bottom-large:20px;--awb-spacing-left-large:5.76%;--awb-width-medium:100%;--awb-order-medium:0;--awb-spacing-right-medium:1.92%;--awb-spacing-left-medium:1.92%;--awb-width-small:100%;--awb-order-small:0;--awb-spacing-right-small:1.92%;--awb-spacing-left-small:1.92%;\"><div class=\"fusion-column-wrapper fusion-column-has-shadow fusion-flex-justify-content-center fusion-content-layout-column\"><div class=\"fusion-image-element \" style=\"text-align:center;--awb-margin-bottom:30px;--awb-max-width:300px;--awb-caption-title-font-family:var(--h2_typography-font-family);--awb-caption-title-font-weight:var(--h2_typography-font-weight);--awb-caption-title-font-style:var(--h2_typography-font-style);--awb-caption-title-size:var(--h2_typography-font-size);--awb-caption-title-transform:var(--h2_typography-text-transform);--awb-caption-title-line-height:var(--h2_typography-line-height);--awb-caption-title-letter-spacing:var(--h2_typography-letter-spacing);\"><span class=\" fusion-imageframe imageframe-none imageframe-13 hover-type-none\"><img decoding=\"async\" width=\"600\" height=\"600\" title=\"jose_600px\" src=\"https:\/\/www.vivacquaadvogados.com\/wp-content\/uploads\/2026\/01\/jose_600px.png\" alt class=\"img-responsive wp-image-137483\" srcset=\"https:\/\/www.vivacquaadvogados.com\/wp-content\/uploads\/2026\/01\/jose_600px-200x200.png 200w, https:\/\/www.vivacquaadvogados.com\/wp-content\/uploads\/2026\/01\/jose_600px-400x400.png 400w, https:\/\/www.vivacquaadvogados.com\/wp-content\/uploads\/2026\/01\/jose_600px.png 600w\" sizes=\"(max-width: 1024px) 100vw, (max-width: 640px) 100vw, 400px\" \/><\/span><\/div><a class=\"fusion-modal-text-link\" data-toggle=\"modal\" data-target=\".fusion-modal.jose\" href=\"#\">\n<p class=\"meu-texto\">Jos\u00e9 Torres<br \/>\nConsultor<\/p>\n<\/a><\/div><\/div><div class=\"fusion-layout-column fusion_builder_column_inner fusion-builder-nested-column-13 fusion_builder_column_inner_1_3 1_3 fusion-flex-column fusion-flex-align-self-flex-start\" style=\"--awb-bg-size:cover;--awb-width-large:33.333333333333%;--awb-margin-top-large:0px;--awb-spacing-right-large:5.76%;--awb-margin-bottom-large:20px;--awb-spacing-left-large:5.76%;--awb-width-medium:100%;--awb-order-medium:0;--awb-spacing-right-medium:1.92%;--awb-spacing-left-medium:1.92%;--awb-width-small:100%;--awb-order-small:0;--awb-spacing-right-small:1.92%;--awb-spacing-left-small:1.92%;\"><div class=\"fusion-column-wrapper fusion-column-has-shadow fusion-flex-justify-content-center fusion-content-layout-column\"><div class=\"fusion-image-element \" style=\"text-align:center;--awb-margin-bottom:30px;--awb-max-width:300px;--awb-caption-title-font-family:var(--h2_typography-font-family);--awb-caption-title-font-weight:var(--h2_typography-font-weight);--awb-caption-title-font-style:var(--h2_typography-font-style);--awb-caption-title-size:var(--h2_typography-font-size);--awb-caption-title-transform:var(--h2_typography-text-transform);--awb-caption-title-line-height:var(--h2_typography-line-height);--awb-caption-title-letter-spacing:var(--h2_typography-letter-spacing);\"><span class=\" fusion-imageframe imageframe-none imageframe-14 hover-type-none\"><img decoding=\"async\" width=\"600\" height=\"600\" title=\"andressa_600px\" src=\"https:\/\/www.vivacquaadvogados.com\/wp-content\/uploads\/2026\/01\/andressa_600px.png\" alt class=\"img-responsive wp-image-137486\" srcset=\"https:\/\/www.vivacquaadvogados.com\/wp-content\/uploads\/2026\/01\/andressa_600px-200x200.png 200w, https:\/\/www.vivacquaadvogados.com\/wp-content\/uploads\/2026\/01\/andressa_600px-400x400.png 400w, https:\/\/www.vivacquaadvogados.com\/wp-content\/uploads\/2026\/01\/andressa_600px.png 600w\" sizes=\"(max-width: 1024px) 100vw, (max-width: 640px) 100vw, 400px\" \/><\/span><\/div><a class=\"fusion-modal-text-link\" data-toggle=\"modal\" data-target=\".fusion-modal.andressa_cristina\" href=\"#\">\n<p class=\"meu-texto\">Andressa Cristina Palomino Santana<br \/>\nSocia<\/p>\n<\/a><\/div><\/div><div class=\"fusion-layout-column fusion_builder_column_inner fusion-builder-nested-column-14 fusion_builder_column_inner_1_3 1_3 fusion-flex-column fusion-flex-align-self-flex-start\" style=\"--awb-bg-size:cover;--awb-width-large:33.333333333333%;--awb-margin-top-large:0px;--awb-spacing-right-large:5.76%;--awb-margin-bottom-large:20px;--awb-spacing-left-large:5.76%;--awb-width-medium:100%;--awb-order-medium:0;--awb-spacing-right-medium:1.92%;--awb-spacing-left-medium:1.92%;--awb-width-small:100%;--awb-order-small:0;--awb-spacing-right-small:1.92%;--awb-spacing-left-small:1.92%;\"><div class=\"fusion-column-wrapper fusion-column-has-shadow fusion-flex-justify-content-center fusion-content-layout-column\"><div class=\"fusion-image-element \" style=\"text-align:center;--awb-margin-bottom:30px;--awb-max-width:300px;--awb-caption-title-font-family:var(--h2_typography-font-family);--awb-caption-title-font-weight:var(--h2_typography-font-weight);--awb-caption-title-font-style:var(--h2_typography-font-style);--awb-caption-title-size:var(--h2_typography-font-size);--awb-caption-title-transform:var(--h2_typography-text-transform);--awb-caption-title-line-height:var(--h2_typography-line-height);--awb-caption-title-letter-spacing:var(--h2_typography-letter-spacing);\"><span class=\" fusion-imageframe imageframe-none imageframe-15 hover-type-none\"><img decoding=\"async\" width=\"600\" height=\"600\" title=\"camille_600px\" src=\"https:\/\/www.vivacquaadvogados.com\/wp-content\/uploads\/2026\/01\/camille_600px.png\" alt class=\"img-responsive wp-image-137489\" srcset=\"https:\/\/www.vivacquaadvogados.com\/wp-content\/uploads\/2026\/01\/camille_600px-200x200.png 200w, https:\/\/www.vivacquaadvogados.com\/wp-content\/uploads\/2026\/01\/camille_600px-400x400.png 400w, https:\/\/www.vivacquaadvogados.com\/wp-content\/uploads\/2026\/01\/camille_600px.png 600w\" sizes=\"(max-width: 1024px) 100vw, (max-width: 640px) 100vw, 400px\" \/><\/span><\/div><a class=\"fusion-modal-text-link\" data-toggle=\"modal\" data-target=\".fusion-modal.camille\" href=\"#\">\n<p class=\"meu-texto\">Camille Fadel<br \/>\nSocia<\/p>\n<\/a><\/div><\/div><div class=\"fusion-layout-column fusion_builder_column_inner fusion-builder-nested-column-15 fusion_builder_column_inner_1_3 1_3 fusion-flex-column fusion-flex-align-self-flex-start\" style=\"--awb-bg-size:cover;--awb-width-large:33.333333333333%;--awb-margin-top-large:0px;--awb-spacing-right-large:5.76%;--awb-margin-bottom-large:20px;--awb-spacing-left-large:5.76%;--awb-width-medium:100%;--awb-order-medium:0;--awb-spacing-right-medium:1.92%;--awb-spacing-left-medium:1.92%;--awb-width-small:100%;--awb-order-small:0;--awb-spacing-right-small:1.92%;--awb-spacing-left-small:1.92%;\"><div class=\"fusion-column-wrapper fusion-column-has-shadow fusion-flex-justify-content-center fusion-content-layout-column\"><div class=\"fusion-image-element \" style=\"text-align:center;--awb-margin-bottom:30px;--awb-max-width:300px;--awb-caption-title-font-family:var(--h2_typography-font-family);--awb-caption-title-font-weight:var(--h2_typography-font-weight);--awb-caption-title-font-style:var(--h2_typography-font-style);--awb-caption-title-size:var(--h2_typography-font-size);--awb-caption-title-transform:var(--h2_typography-text-transform);--awb-caption-title-line-height:var(--h2_typography-line-height);--awb-caption-title-letter-spacing:var(--h2_typography-letter-spacing);\"><span class=\" fusion-imageframe imageframe-none imageframe-16 hover-type-none\"><img decoding=\"async\" width=\"600\" height=\"600\" title=\"luiz_600px\" src=\"https:\/\/www.vivacquaadvogados.com\/wp-content\/uploads\/2026\/01\/luiz_600px.png\" alt class=\"img-responsive wp-image-137495\" srcset=\"https:\/\/www.vivacquaadvogados.com\/wp-content\/uploads\/2026\/01\/luiz_600px-200x200.png 200w, https:\/\/www.vivacquaadvogados.com\/wp-content\/uploads\/2026\/01\/luiz_600px-400x400.png 400w, https:\/\/www.vivacquaadvogados.com\/wp-content\/uploads\/2026\/01\/luiz_600px.png 600w\" sizes=\"(max-width: 1024px) 100vw, (max-width: 640px) 100vw, 400px\" \/><\/span><\/div><a class=\"fusion-modal-text-link\" data-toggle=\"modal\" data-target=\".fusion-modal.luiz_lima\" href=\"#\">\n<p class=\"meu-texto\">Luiz Marcelo Pinto Lima<br \/>\nSocio<\/p>\n<\/a><\/div><\/div><div class=\"fusion-layout-column fusion_builder_column_inner fusion-builder-nested-column-16 fusion_builder_column_inner_1_3 1_3 fusion-flex-column fusion-flex-align-self-flex-start\" style=\"--awb-bg-size:cover;--awb-width-large:33.333333333333%;--awb-margin-top-large:0px;--awb-spacing-right-large:5.76%;--awb-margin-bottom-large:20px;--awb-spacing-left-large:5.76%;--awb-width-medium:100%;--awb-order-medium:0;--awb-spacing-right-medium:1.92%;--awb-spacing-left-medium:1.92%;--awb-width-small:100%;--awb-order-small:0;--awb-spacing-right-small:1.92%;--awb-spacing-left-small:1.92%;\"><div class=\"fusion-column-wrapper fusion-column-has-shadow fusion-flex-justify-content-center fusion-content-layout-column\"><div class=\"fusion-image-element \" style=\"text-align:center;--awb-margin-bottom:30px;--awb-max-width:300px;--awb-caption-title-font-family:var(--h2_typography-font-family);--awb-caption-title-font-weight:var(--h2_typography-font-weight);--awb-caption-title-font-style:var(--h2_typography-font-style);--awb-caption-title-size:var(--h2_typography-font-size);--awb-caption-title-transform:var(--h2_typography-text-transform);--awb-caption-title-line-height:var(--h2_typography-line-height);--awb-caption-title-letter-spacing:var(--h2_typography-letter-spacing);\"><span class=\" fusion-imageframe imageframe-none imageframe-17 hover-type-none\"><img decoding=\"async\" width=\"600\" height=\"600\" title=\"mayara_600px\" src=\"https:\/\/www.vivacquaadvogados.com\/wp-content\/uploads\/2026\/04\/mayara_600px.png\" alt class=\"img-responsive wp-image-137755\" srcset=\"https:\/\/www.vivacquaadvogados.com\/wp-content\/uploads\/2026\/04\/mayara_600px-200x200.png 200w, https:\/\/www.vivacquaadvogados.com\/wp-content\/uploads\/2026\/04\/mayara_600px-400x400.png 400w, https:\/\/www.vivacquaadvogados.com\/wp-content\/uploads\/2026\/04\/mayara_600px.png 600w\" sizes=\"(max-width: 1024px) 100vw, (max-width: 640px) 100vw, 400px\" \/><\/span><\/div><a class=\"fusion-modal-text-link\" data-toggle=\"modal\" data-target=\".fusion-modal.mayara_pessoa\" href=\"#\">\n<p class=\"meu-texto\">Mayara Pess\u00f4a<br \/>\nSocia<\/p>\n<\/a><\/div><\/div><div class=\"fusion-layout-column fusion_builder_column_inner fusion-builder-nested-column-17 fusion_builder_column_inner_1_3 1_3 fusion-flex-column fusion-flex-align-self-flex-start\" style=\"--awb-bg-size:cover;--awb-width-large:33.333333333333%;--awb-margin-top-large:0px;--awb-spacing-right-large:5.76%;--awb-margin-bottom-large:20px;--awb-spacing-left-large:5.76%;--awb-width-medium:100%;--awb-order-medium:0;--awb-spacing-right-medium:1.92%;--awb-spacing-left-medium:1.92%;--awb-width-small:100%;--awb-order-small:0;--awb-spacing-right-small:1.92%;--awb-spacing-left-small:1.92%;\"><div class=\"fusion-column-wrapper fusion-column-has-shadow fusion-flex-justify-content-center fusion-content-layout-column\"><div class=\"fusion-image-element \" style=\"text-align:center;--awb-margin-bottom:30px;--awb-max-width:300px;--awb-caption-title-font-family:var(--h2_typography-font-family);--awb-caption-title-font-weight:var(--h2_typography-font-weight);--awb-caption-title-font-style:var(--h2_typography-font-style);--awb-caption-title-size:var(--h2_typography-font-size);--awb-caption-title-transform:var(--h2_typography-text-transform);--awb-caption-title-line-height:var(--h2_typography-line-height);--awb-caption-title-letter-spacing:var(--h2_typography-letter-spacing);\"><span class=\" fusion-imageframe imageframe-none imageframe-18 hover-type-none\"><img decoding=\"async\" width=\"600\" height=\"600\" title=\"nathan_600px\" src=\"https:\/\/www.vivacquaadvogados.com\/wp-content\/uploads\/2026\/04\/nathan_600px.png\" alt class=\"img-responsive wp-image-137758\" srcset=\"https:\/\/www.vivacquaadvogados.com\/wp-content\/uploads\/2026\/04\/nathan_600px-200x200.png 200w, https:\/\/www.vivacquaadvogados.com\/wp-content\/uploads\/2026\/04\/nathan_600px-400x400.png 400w, https:\/\/www.vivacquaadvogados.com\/wp-content\/uploads\/2026\/04\/nathan_600px.png 600w\" sizes=\"(max-width: 1024px) 100vw, (max-width: 640px) 100vw, 400px\" \/><\/span><\/div><a class=\"fusion-modal-text-link\" data-toggle=\"modal\" data-target=\".fusion-modal.nathan_oliveira\" href=\"#\">\n<p class=\"meu-texto\">Nathan Gon\u00e7alves de Oliveira<br \/>\nSocio<\/p>\n<\/a><\/div><\/div><div class=\"fusion-layout-column fusion_builder_column_inner fusion-builder-nested-column-18 fusion_builder_column_inner_1_3 1_3 fusion-flex-column fusion-flex-align-self-flex-start\" style=\"--awb-bg-size:cover;--awb-width-large:33.333333333333%;--awb-margin-top-large:0px;--awb-spacing-right-large:5.76%;--awb-margin-bottom-large:20px;--awb-spacing-left-large:5.76%;--awb-width-medium:100%;--awb-order-medium:0;--awb-spacing-right-medium:1.92%;--awb-spacing-left-medium:1.92%;--awb-width-small:100%;--awb-order-small:0;--awb-spacing-right-small:1.92%;--awb-spacing-left-small:1.92%;\"><div class=\"fusion-column-wrapper fusion-column-has-shadow fusion-flex-justify-content-center fusion-content-layout-column\"><div class=\"fusion-image-element \" style=\"text-align:center;--awb-margin-bottom:30px;--awb-max-width:300px;--awb-caption-title-font-family:var(--h2_typography-font-family);--awb-caption-title-font-weight:var(--h2_typography-font-weight);--awb-caption-title-font-style:var(--h2_typography-font-style);--awb-caption-title-size:var(--h2_typography-font-size);--awb-caption-title-transform:var(--h2_typography-text-transform);--awb-caption-title-line-height:var(--h2_typography-line-height);--awb-caption-title-letter-spacing:var(--h2_typography-letter-spacing);\"><span class=\" fusion-imageframe imageframe-none imageframe-19 hover-type-none\"><img decoding=\"async\" width=\"600\" height=\"600\" title=\"rafael_600px\" src=\"https:\/\/www.vivacquaadvogados.com\/wp-content\/uploads\/2026\/04\/rafael_600px.png\" alt class=\"img-responsive wp-image-137761\" srcset=\"https:\/\/www.vivacquaadvogados.com\/wp-content\/uploads\/2026\/04\/rafael_600px-200x200.png 200w, https:\/\/www.vivacquaadvogados.com\/wp-content\/uploads\/2026\/04\/rafael_600px-400x400.png 400w, https:\/\/www.vivacquaadvogados.com\/wp-content\/uploads\/2026\/04\/rafael_600px.png 600w\" sizes=\"(max-width: 1024px) 100vw, (max-width: 640px) 100vw, 400px\" \/><\/span><\/div><a class=\"fusion-modal-text-link\" data-toggle=\"modal\" data-target=\".fusion-modal.rafael_abreu\" href=\"#\">\n<p class=\"meu-texto\">Rafael Guimar\u00e3es de Abreu<br \/>\nSocio<\/p>\n<\/a><\/div><\/div><div class=\"fusion-layout-column fusion_builder_column_inner fusion-builder-nested-column-19 fusion_builder_column_inner_1_3 1_3 fusion-flex-column fusion-flex-align-self-flex-start\" style=\"--awb-bg-size:cover;--awb-width-large:33.333333333333%;--awb-margin-top-large:0px;--awb-spacing-right-large:5.76%;--awb-margin-bottom-large:20px;--awb-spacing-left-large:5.76%;--awb-width-medium:100%;--awb-order-medium:0;--awb-spacing-right-medium:1.92%;--awb-spacing-left-medium:1.92%;--awb-width-small:100%;--awb-order-small:0;--awb-spacing-right-small:1.92%;--awb-spacing-left-small:1.92%;\"><div class=\"fusion-column-wrapper fusion-column-has-shadow fusion-flex-justify-content-center fusion-content-layout-column\"><div class=\"fusion-image-element \" style=\"text-align:center;--awb-margin-bottom:30px;--awb-max-width:300px;--awb-caption-title-font-family:var(--h2_typography-font-family);--awb-caption-title-font-weight:var(--h2_typography-font-weight);--awb-caption-title-font-style:var(--h2_typography-font-style);--awb-caption-title-size:var(--h2_typography-font-size);--awb-caption-title-transform:var(--h2_typography-text-transform);--awb-caption-title-line-height:var(--h2_typography-line-height);--awb-caption-title-letter-spacing:var(--h2_typography-letter-spacing);\"><span class=\" fusion-imageframe imageframe-none imageframe-20 hover-type-none\"><img decoding=\"async\" width=\"600\" height=\"600\" title=\"vitorlima_600px\" src=\"https:\/\/www.vivacquaadvogados.com\/wp-content\/uploads\/2026\/02\/vitorlima_600px.png\" alt class=\"img-responsive wp-image-137672\" srcset=\"https:\/\/www.vivacquaadvogados.com\/wp-content\/uploads\/2026\/02\/vitorlima_600px-200x200.png 200w, https:\/\/www.vivacquaadvogados.com\/wp-content\/uploads\/2026\/02\/vitorlima_600px-400x400.png 400w, https:\/\/www.vivacquaadvogados.com\/wp-content\/uploads\/2026\/02\/vitorlima_600px.png 600w\" sizes=\"(max-width: 1024px) 100vw, (max-width: 640px) 100vw, 400px\" \/><\/span><\/div><a class=\"fusion-modal-text-link\" data-toggle=\"modal\" data-target=\".fusion-modal.vitor_lima\" href=\"#\">\n<p class=\"meu-texto\">V\u00edtor Lima<br \/>\nSocio<\/p>\n<\/a><\/div><\/div><div class=\"fusion-layout-column fusion_builder_column_inner fusion-builder-nested-column-20 fusion_builder_column_inner_1_3 1_3 fusion-flex-column fusion-flex-align-self-flex-start\" style=\"--awb-bg-size:cover;--awb-width-large:33.333333333333%;--awb-margin-top-large:0px;--awb-spacing-right-large:5.76%;--awb-margin-bottom-large:20px;--awb-spacing-left-large:5.76%;--awb-width-medium:100%;--awb-order-medium:0;--awb-spacing-right-medium:1.92%;--awb-spacing-left-medium:1.92%;--awb-width-small:100%;--awb-order-small:0;--awb-spacing-right-small:1.92%;--awb-spacing-left-small:1.92%;\"><div class=\"fusion-column-wrapper fusion-column-has-shadow fusion-flex-justify-content-center fusion-content-layout-column\"><div class=\"fusion-image-element \" style=\"text-align:center;--awb-margin-bottom:30px;--awb-max-width:300px;--awb-caption-title-font-family:var(--h2_typography-font-family);--awb-caption-title-font-weight:var(--h2_typography-font-weight);--awb-caption-title-font-style:var(--h2_typography-font-style);--awb-caption-title-size:var(--h2_typography-font-size);--awb-caption-title-transform:var(--h2_typography-text-transform);--awb-caption-title-line-height:var(--h2_typography-line-height);--awb-caption-title-letter-spacing:var(--h2_typography-letter-spacing);\"><span class=\" fusion-imageframe imageframe-none imageframe-21 hover-type-none\"><img decoding=\"async\" width=\"600\" height=\"600\" title=\"avatar\" src=\"https:\/\/www.vivacquaadvogados.com\/wp-content\/uploads\/2026\/01\/avatar.png\" alt class=\"img-responsive wp-image-137477\" srcset=\"https:\/\/www.vivacquaadvogados.com\/wp-content\/uploads\/2026\/01\/avatar-200x200.png 200w, https:\/\/www.vivacquaadvogados.com\/wp-content\/uploads\/2026\/01\/avatar-400x400.png 400w, https:\/\/www.vivacquaadvogados.com\/wp-content\/uploads\/2026\/01\/avatar.png 600w\" sizes=\"(max-width: 1024px) 100vw, (max-width: 640px) 100vw, 400px\" \/><\/span><\/div><a class=\"fusion-modal-text-link\" data-toggle=\"modal\" data-target=\".fusion-modal.natalia_n\" href=\"#\">\n<p class=\"meu-texto\">Natalia Nunes<br \/>\nSocia<\/p>\n<\/a><\/div><\/div><div class=\"fusion-layout-column fusion_builder_column_inner fusion-builder-nested-column-21 fusion_builder_column_inner_1_3 1_3 fusion-flex-column fusion-flex-align-self-flex-start\" style=\"--awb-bg-size:cover;--awb-width-large:33.333333333333%;--awb-margin-top-large:0px;--awb-spacing-right-large:5.76%;--awb-margin-bottom-large:20px;--awb-spacing-left-large:5.76%;--awb-width-medium:100%;--awb-order-medium:0;--awb-spacing-right-medium:1.92%;--awb-spacing-left-medium:1.92%;--awb-width-small:100%;--awb-order-small:0;--awb-spacing-right-small:1.92%;--awb-spacing-left-small:1.92%;\"><div class=\"fusion-column-wrapper fusion-column-has-shadow fusion-flex-justify-content-center fusion-content-layout-column\"><div class=\"fusion-image-element \" style=\"text-align:center;--awb-margin-bottom:30px;--awb-max-width:300px;--awb-caption-title-font-family:var(--h2_typography-font-family);--awb-caption-title-font-weight:var(--h2_typography-font-weight);--awb-caption-title-font-style:var(--h2_typography-font-style);--awb-caption-title-size:var(--h2_typography-font-size);--awb-caption-title-transform:var(--h2_typography-text-transform);--awb-caption-title-line-height:var(--h2_typography-line-height);--awb-caption-title-letter-spacing:var(--h2_typography-letter-spacing);\"><span class=\" fusion-imageframe imageframe-none imageframe-22 hover-type-none\"><img decoding=\"async\" width=\"522\" height=\"522\" title=\"rodrigo_600px\" src=\"https:\/\/www.vivacquaadvogados.com\/wp-content\/uploads\/2026\/01\/rodrigo_600px.png\" alt class=\"img-responsive wp-image-137658\" srcset=\"https:\/\/www.vivacquaadvogados.com\/wp-content\/uploads\/2026\/01\/rodrigo_600px-200x200.png 200w, https:\/\/www.vivacquaadvogados.com\/wp-content\/uploads\/2026\/01\/rodrigo_600px-400x400.png 400w, https:\/\/www.vivacquaadvogados.com\/wp-content\/uploads\/2026\/01\/rodrigo_600px.png 522w\" sizes=\"(max-width: 1024px) 100vw, (max-width: 640px) 100vw, 400px\" \/><\/span><\/div><a class=\"fusion-modal-text-link\" data-toggle=\"modal\" data-target=\".fusion-modal.rodrigo_r\" href=\"#\">\n<p class=\"meu-texto\">Rodrigo Ramalho<br \/>\nSocio<\/p>\n<\/a><\/div><\/div><div class=\"fusion-layout-column fusion_builder_column_inner fusion-builder-nested-column-22 fusion_builder_column_inner_1_3 1_3 fusion-flex-column fusion-flex-align-self-flex-start\" style=\"--awb-bg-size:cover;--awb-width-large:33.333333333333%;--awb-margin-top-large:0px;--awb-spacing-right-large:5.76%;--awb-margin-bottom-large:20px;--awb-spacing-left-large:5.76%;--awb-width-medium:100%;--awb-order-medium:0;--awb-spacing-right-medium:1.92%;--awb-spacing-left-medium:1.92%;--awb-width-small:100%;--awb-order-small:0;--awb-spacing-right-small:1.92%;--awb-spacing-left-small:1.92%;\"><div class=\"fusion-column-wrapper fusion-column-has-shadow fusion-flex-justify-content-center fusion-content-layout-column\"><div class=\"fusion-image-element \" style=\"text-align:center;--awb-margin-bottom:30px;--awb-max-width:300px;--awb-caption-title-font-family:var(--h2_typography-font-family);--awb-caption-title-font-weight:var(--h2_typography-font-weight);--awb-caption-title-font-style:var(--h2_typography-font-style);--awb-caption-title-size:var(--h2_typography-font-size);--awb-caption-title-transform:var(--h2_typography-text-transform);--awb-caption-title-line-height:var(--h2_typography-line-height);--awb-caption-title-letter-spacing:var(--h2_typography-letter-spacing);\"><span class=\" fusion-imageframe imageframe-none imageframe-23 hover-type-none\"><img decoding=\"async\" width=\"600\" height=\"600\" title=\"paulo_600px\" src=\"https:\/\/www.vivacquaadvogados.com\/wp-content\/uploads\/2026\/01\/paulo_600px.png\" alt class=\"img-responsive wp-image-137509\" srcset=\"https:\/\/www.vivacquaadvogados.com\/wp-content\/uploads\/2026\/01\/paulo_600px-200x200.png 200w, https:\/\/www.vivacquaadvogados.com\/wp-content\/uploads\/2026\/01\/paulo_600px-400x400.png 400w, https:\/\/www.vivacquaadvogados.com\/wp-content\/uploads\/2026\/01\/paulo_600px.png 600w\" sizes=\"(max-width: 1024px) 100vw, (max-width: 640px) 100vw, 400px\" \/><\/span><\/div><a class=\"fusion-modal-text-link\" data-toggle=\"modal\" data-target=\".fusion-modal.paulo_conduru\" href=\"#\">\n<p class=\"meu-texto\">Paulo Henrique da S. Conduru<br \/>\nConsultor<\/p>\n<\/a><\/div><\/div><div class=\"fusion-layout-column fusion_builder_column_inner fusion-builder-nested-column-23 fusion_builder_column_inner_1_3 1_3 fusion-flex-column fusion-flex-align-self-flex-start\" style=\"--awb-bg-size:cover;--awb-width-large:33.333333333333%;--awb-margin-top-large:0px;--awb-spacing-right-large:5.76%;--awb-margin-bottom-large:20px;--awb-spacing-left-large:5.76%;--awb-width-medium:100%;--awb-order-medium:0;--awb-spacing-right-medium:1.92%;--awb-spacing-left-medium:1.92%;--awb-width-small:100%;--awb-order-small:0;--awb-spacing-right-small:1.92%;--awb-spacing-left-small:1.92%;\"><div class=\"fusion-column-wrapper fusion-column-has-shadow fusion-flex-justify-content-center fusion-content-layout-column\"><div class=\"fusion-image-element \" style=\"text-align:center;--awb-margin-bottom:30px;--awb-max-width:300px;--awb-caption-title-font-family:var(--h2_typography-font-family);--awb-caption-title-font-weight:var(--h2_typography-font-weight);--awb-caption-title-font-style:var(--h2_typography-font-style);--awb-caption-title-size:var(--h2_typography-font-size);--awb-caption-title-transform:var(--h2_typography-text-transform);--awb-caption-title-line-height:var(--h2_typography-line-height);--awb-caption-title-letter-spacing:var(--h2_typography-letter-spacing);\"><span class=\" fusion-imageframe imageframe-none imageframe-24 hover-type-none\"><img decoding=\"async\" width=\"600\" height=\"600\" title=\"luiza_600px\" src=\"https:\/\/www.vivacquaadvogados.com\/wp-content\/uploads\/2026\/01\/luiza_600px.png\" alt class=\"img-responsive wp-image-137504\" srcset=\"https:\/\/www.vivacquaadvogados.com\/wp-content\/uploads\/2026\/01\/luiza_600px-200x200.png 200w, https:\/\/www.vivacquaadvogados.com\/wp-content\/uploads\/2026\/01\/luiza_600px-400x400.png 400w, https:\/\/www.vivacquaadvogados.com\/wp-content\/uploads\/2026\/01\/luiza_600px.png 600w\" sizes=\"(max-width: 1024px) 100vw, (max-width: 640px) 100vw, 400px\" \/><\/span><\/div><a class=\"fusion-modal-text-link\" data-toggle=\"modal\" data-target=\".fusion-modal.luiza_vivacqua\" href=\"#\">\n<p class=\"meu-texto\">Luiza Pincelli Tavares Vivacqua<br \/>\nPara-Legal<\/p>\n<\/a><\/div><\/div><div class=\"fusion-layout-column fusion_builder_column_inner fusion-builder-nested-column-24 fusion_builder_column_inner_1_3 1_3 fusion-flex-column fusion-flex-align-self-flex-start\" style=\"--awb-bg-size:cover;--awb-width-large:33.333333333333%;--awb-margin-top-large:0px;--awb-spacing-right-large:5.76%;--awb-margin-bottom-large:20px;--awb-spacing-left-large:5.76%;--awb-width-medium:100%;--awb-order-medium:0;--awb-spacing-right-medium:1.92%;--awb-spacing-left-medium:1.92%;--awb-width-small:100%;--awb-order-small:0;--awb-spacing-right-small:1.92%;--awb-spacing-left-small:1.92%;\"><div class=\"fusion-column-wrapper fusion-column-has-shadow fusion-flex-justify-content-center fusion-content-layout-column\"><div class=\"fusion-image-element \" style=\"text-align:center;--awb-margin-bottom:30px;--awb-max-width:300px;--awb-caption-title-font-family:var(--h2_typography-font-family);--awb-caption-title-font-weight:var(--h2_typography-font-weight);--awb-caption-title-font-style:var(--h2_typography-font-style);--awb-caption-title-size:var(--h2_typography-font-size);--awb-caption-title-transform:var(--h2_typography-text-transform);--awb-caption-title-line-height:var(--h2_typography-line-height);--awb-caption-title-letter-spacing:var(--h2_typography-letter-spacing);\"><span class=\" fusion-imageframe imageframe-none imageframe-25 hover-type-none\"><img decoding=\"async\" width=\"600\" height=\"600\" title=\"anizia _600px\" src=\"https:\/\/www.vivacquaadvogados.com\/wp-content\/uploads\/2026\/01\/anizia-_600px.png\" alt class=\"img-responsive wp-image-137501\" srcset=\"https:\/\/www.vivacquaadvogados.com\/wp-content\/uploads\/2026\/01\/anizia-_600px-200x200.png 200w, https:\/\/www.vivacquaadvogados.com\/wp-content\/uploads\/2026\/01\/anizia-_600px-400x400.png 400w, https:\/\/www.vivacquaadvogados.com\/wp-content\/uploads\/2026\/01\/anizia-_600px.png 600w\" sizes=\"(max-width: 1024px) 100vw, (max-width: 640px) 100vw, 400px\" \/><\/span><\/div><a class=\"fusion-modal-text-link\" data-toggle=\"modal\" data-target=\".fusion-modal.anizia\" href=\"#\">\n<p class=\"meu-texto\">Anizia da Silva Pereira Andrade<br \/>\nPara-Legal<\/p>\n<\/a><\/div><\/div><\/div><\/div><\/div><\/div><\/div><div class=\"fusion-fullwidth fullwidth-box fusion-builder-row-2 nonhundred-percent-fullwidth non-hundred-percent-height-scrolling gradient-container-2\" style=\"--awb-border-radius-top-left:0px;--awb-border-radius-top-right:0px;--awb-border-radius-bottom-right:0px;--awb-border-radius-bottom-left:0px;--awb-flex-wrap:wrap;\" ><div class=\"fusion-builder-row fusion-row\"><div class=\"fusion-layout-column fusion_builder_column fusion-builder-column-1 fusion_builder_column_1_1 1_1 fusion-one-full fusion-column-first fusion-column-last\" style=\"--awb-bg-blend:overlay;--awb-bg-size:cover;\"><div class=\"fusion-column-wrapper fusion-flex-column-wrapper-legacy\"><div class=\"fusion-modal modal fade modal-1 juliana\" tabindex=\"-1\" role=\"dialog\" aria-labelledby=\"modal-heading-1\" aria-hidden=\"true\" style=\"--awb-border-color:#ebebeb;--awb-background:#f6f6f6;\"><div class=\"modal-dialog modal-lg\" role=\"document\"><div class=\"modal-content fusion-modal-content\"><div class=\"modal-header\"><button class=\"close\" type=\"button\" data-dismiss=\"modal\" aria-hidden=\"true\" aria-label=\"Close\">&times;<\/button><h3 class=\"modal-title\" id=\"modal-heading-1\" data-dismiss=\"modal\" aria-hidden=\"true\"><\/h3><\/div><div class=\"modal-body fusion-clearfix\">\n<p style=\"text-align: justify;\"><div class=\"fusion-person person fusion-person-left fusion-person-1 fusion-person-icon-bottom\" style=\"--awb-pic-style-color:#000000;--awb-pic-borderradius:0px;--awb-margin-top:0px;--awb-margin-right:0px;--awb-margin-bottom:0px;--awb-margin-left:0px;--awb-social-box-border-top:0px;--awb-social-box-border-right:0px;--awb-social-box-border-bottom:0px;--awb-social-box-border-left:0px;--awb-social-box-border-color:var(--awb-color3);--awb-social-box-border-color-hover:var(--awb-color4);--awb-social-box-colors-hover:rgba(232,232,232,0.8);--awb-social-icon-boxed-colors:#e8e8e8;--awb-social-icon-colors:#004830;--awb-social-icon-colors-hover:rgba(190,189,189,0.8);\"><div class=\"person-shortcode-image-wrapper\"><div class=\"person-image-container hover-type-none\" style=\"border:0px solid #f6f6f6;-webkit-border-radius:0px;-moz-border-radius:0px;border-radius:0px;\"><img decoding=\"async\" class=\"person-img img-responsive wp-image-136561\" width=\"180\" height=\"180\" src=\"https:\/\/www.vivacquaadvogados.com\/wp-content\/uploads\/2024\/02\/juliana_monteiro_180px.png\" alt=\"Professora Juliana Monteiro\" srcset=\"https:\/\/www.vivacquaadvogados.com\/wp-content\/uploads\/2024\/02\/juliana_monteiro_180px-66x66.png 66w, https:\/\/www.vivacquaadvogados.com\/wp-content\/uploads\/2024\/02\/juliana_monteiro_180px-150x150.png 150w, https:\/\/www.vivacquaadvogados.com\/wp-content\/uploads\/2024\/02\/juliana_monteiro_180px.png 180w\" sizes=\"(max-width: 180px) 100vw, 180px\" \/><\/div><\/div><div class=\"person-desc\"><div class=\"person-author\"><div class=\"person-author-wrapper\"><span class=\"person-name\">Professora Juliana Monteiro<\/span><span class=\"person-title\"><\/span><\/div><\/div><div class=\"person-content fusion-clearfix\">\n<p style=\"text-align: justify;\">Ponente, autora de obras y art\u00edculos jur\u00eddicos. Profesora de derecho laboral, proceso laboral y pr\u00e1ctica jur\u00eddica laboral, en la Universidade Est\u00e1cio de S\u00e1 de 2003 a 2021. Profesora de varios cursos preparatorios para el examen de la abogac\u00eda y concursos p\u00fablicos en el \u00e1rea laboral. Actualmente imparte clases en cursos de Postgrado y Maestr\u00eda.<\/p>\n<p style=\"text-align: justify;\">Es licenciada en Ciencias Jur\u00eddicas y Sociales por la Universidade Federal do Rio de Janeiro -UFRJ. Postgrado de la Universidade Estadual do Rio de Janeiro -UERJ, en la modalidad de Residencia Jur\u00eddica. M\u00e1ster en Derecho P\u00fablico y Evoluci\u00f3n Social (Derechos Fundamentales y Nuevos Derechos) por UNESA -Universidade Est\u00e1cio de S\u00e1. Actualmente cursa doctorado en Sociolog\u00eda por el CES\/FEUC da Universidade de Coimbra, en el Programa de Relaciones Laborales, Desigualdades Sociales y Sindicalismo.<\/p>\n<p style=\"text-align: justify;\">Opera en \u00e1mbitos consultivos y contenciosos en las \u00e1reas de derecho laboral y derecho migratorio.<\/p>\n<\/div><div class=\"fusion-social-networks\"><div class=\"fusion-social-networks-wrapper\"><a class=\"fusion-social-network-icon fusion-tooltip fusion-linkedin awb-icon-linkedin custom\" aria-label=\"fusion-linkedin\" href=\"https:\/\/www.linkedin.com\/in\/juliana-monteiro-3435a0190\/\/\" target=\"_blank\" rel=\"noopener noreferrer\" style=\"color:#004830;font-size:16px;\" data-placement=\"top\" data-title=\"LinkedIn\" title=\"LinkedIn\" data-toggle=\"tooltip\"><\/a><a class=\"fusion-social-network-icon fusion-tooltip fusion-mail awb-icon-mail custom\" aria-label=\"fusion-mail\" href=\"mailto:&#106;ul&#105;an&#097;m&#111;n&#116;e&#105;&#114;&#111;&#064;&#118;ivacqu&#097;&#046;a&#100;v&#046;b&#114;\" target=\"_self\" style=\"color:#004830;font-size:16px;\" data-placement=\"top\" data-title=\"Mail\" title=\"Mail\" data-toggle=\"tooltip\"><\/a><\/div><\/div><\/div><\/div><\/div><\/div><\/div><\/div><div class=\"fusion-modal modal fade modal-2 aquiles\" tabindex=\"-1\" role=\"dialog\" aria-labelledby=\"modal-heading-2\" aria-hidden=\"true\" style=\"--awb-border-color:#ebebeb;--awb-background:#f6f6f6;\"><div class=\"modal-dialog modal-lg\" role=\"document\"><div class=\"modal-content fusion-modal-content\"><div class=\"modal-header\"><button class=\"close\" type=\"button\" data-dismiss=\"modal\" aria-hidden=\"true\" aria-label=\"Close\">&times;<\/button><h3 class=\"modal-title\" id=\"modal-heading-2\" data-dismiss=\"modal\" aria-hidden=\"true\"><\/h3><\/div><div class=\"modal-body fusion-clearfix\">\n<p style=\"text-align: justify;\"><div class=\"fusion-person person fusion-person-left fusion-person-2 fusion-person-icon-bottom\" style=\"--awb-pic-style-color:#000000;--awb-pic-borderradius:0px;--awb-margin-top:0px;--awb-margin-right:0px;--awb-margin-bottom:0px;--awb-margin-left:0px;--awb-social-box-border-top:0px;--awb-social-box-border-right:0px;--awb-social-box-border-bottom:0px;--awb-social-box-border-left:0px;--awb-social-box-border-color:var(--awb-color3);--awb-social-box-border-color-hover:var(--awb-color4);--awb-social-box-colors-hover:rgba(232,232,232,0.8);--awb-social-icon-boxed-colors:#e8e8e8;--awb-social-icon-colors:#004830;--awb-social-icon-colors-hover:rgba(190,189,189,0.8);\"><div class=\"person-shortcode-image-wrapper\"><div class=\"person-image-container hover-type-none\" style=\"border:0px solid #f6f6f6;-webkit-border-radius:0px;-moz-border-radius:0px;border-radius:0px;\"><img decoding=\"async\" class=\"person-img img-responsive wp-image-136567\" width=\"180\" height=\"180\" src=\"https:\/\/www.vivacquaadvogados.com\/wp-content\/uploads\/2024\/02\/aquiles_180px.png\" alt=\"Aquiles Castro Junior\" srcset=\"https:\/\/www.vivacquaadvogados.com\/wp-content\/uploads\/2024\/02\/aquiles_180px-66x66.png 66w, https:\/\/www.vivacquaadvogados.com\/wp-content\/uploads\/2024\/02\/aquiles_180px-150x150.png 150w, https:\/\/www.vivacquaadvogados.com\/wp-content\/uploads\/2024\/02\/aquiles_180px.png 180w\" sizes=\"(max-width: 180px) 100vw, 180px\" \/><\/div><\/div><div class=\"person-desc\"><div class=\"person-author\"><div class=\"person-author-wrapper\"><span class=\"person-name\">Aquiles Castro Junior<\/span><span class=\"person-title\"><\/span><\/div><\/div><div class=\"person-content fusion-clearfix\">\n<p style=\"text-align: justify;\">Abogado en Brasil y Portugal, con m\u00e1s de 24 a\u00f1os de experiencia.<\/p>\n<p style=\"text-align: justify;\">Ponente, investigador y profesor de sociolog\u00eda del derecho y metodolog\u00eda de la investigaci\u00f3n. Actualmente imparte cursos de posgrado, maestr\u00eda y doctorado.<\/p>\n<p style=\"text-align: justify;\">Licenciado en derecho por la Universidade Federal Fluminense, con posgrado en Derechos Humanos por el IGC\/Faculdade de Direito da Universidade de Coimbra y maestr\u00eda en sociolog\u00eda por la Faculdade de Economia da Universidade de Coimbra. Actualmente cursa doctorado en Sociolog\u00eda del CES\/FEUC da Universidade de Coimbra, en el Programa de Relaciones Laborales, Desigualdades Sociales y Sindicalismo. Es miembro del Consejo Editorial del International Journal of Education and Research.<\/p>\n<p style=\"text-align: justify;\">Opera en \u00e1mbitos consultivos y contenciosos en las \u00e1reas de salud, derecho internacional p\u00fablico y privado y rerecho migratorio.<\/p>\n<\/div><div class=\"fusion-social-networks\"><div class=\"fusion-social-networks-wrapper\"><a class=\"fusion-social-network-icon fusion-tooltip fusion-linkedin awb-icon-linkedin custom\" aria-label=\"fusion-linkedin\" href=\"https:\/\/www.linkedin.com\/in\/aquiles-castro-junior-34b1b783\/\" target=\"_blank\" rel=\"noopener noreferrer\" style=\"color:#004830;font-size:16px;\" data-placement=\"top\" data-title=\"LinkedIn\" title=\"LinkedIn\" data-toggle=\"tooltip\"><\/a><a class=\"fusion-social-network-icon fusion-tooltip fusion-mail awb-icon-mail custom\" aria-label=\"fusion-mail\" href=\"mailto:a&#113;ui&#108;&#101;s&#064;vi&#118;acqu&#097;.&#097;&#100;&#118;.&#098;r\" target=\"_self\" style=\"color:#004830;font-size:16px;\" data-placement=\"top\" data-title=\"Mail\" title=\"Mail\" data-toggle=\"tooltip\"><\/a><\/div><\/div><\/div><\/div><\/div><\/div><\/div><\/div><div class=\"fusion-modal modal fade modal-3 paula\" tabindex=\"-1\" role=\"dialog\" aria-labelledby=\"modal-heading-3\" aria-hidden=\"true\" style=\"--awb-border-color:#ebebeb;--awb-background:#f6f6f6;\"><div class=\"modal-dialog modal-lg\" role=\"document\"><div class=\"modal-content fusion-modal-content\"><div class=\"modal-header\"><button class=\"close\" type=\"button\" data-dismiss=\"modal\" aria-hidden=\"true\" aria-label=\"Close\">&times;<\/button><h3 class=\"modal-title\" id=\"modal-heading-3\" data-dismiss=\"modal\" aria-hidden=\"true\"><\/h3><\/div><div class=\"modal-body fusion-clearfix\"><div class=\"fusion-person person fusion-person-left fusion-person-3 fusion-person-icon-bottom\" style=\"--awb-pic-style-color:#000000;--awb-pic-borderradius:0px;--awb-margin-top:0px;--awb-margin-right:0px;--awb-margin-bottom:0px;--awb-margin-left:0px;--awb-social-box-border-top:0px;--awb-social-box-border-right:0px;--awb-social-box-border-bottom:0px;--awb-social-box-border-left:0px;--awb-social-box-border-color:var(--awb-color3);--awb-social-box-border-color-hover:var(--awb-color4);--awb-social-box-colors-hover:rgba(232,232,232,0.8);--awb-social-icon-boxed-colors:#e8e8e8;--awb-social-icon-colors:#004830;--awb-social-icon-colors-hover:rgba(190,189,189,0.8);\"><div class=\"person-shortcode-image-wrapper\"><div class=\"person-image-container hover-type-none\" style=\"border:0px solid #f6f6f6;-webkit-border-radius:0px;-moz-border-radius:0px;border-radius:0px;\"><img decoding=\"async\" class=\"person-img img-responsive wp-image-137529\" width=\"180\" height=\"180\" src=\"https:\/\/www.vivacquaadvogados.com\/wp-content\/uploads\/2026\/01\/paula_180px.png\" alt=\"Paula Pincelli Tavares Vivacqua\" srcset=\"https:\/\/www.vivacquaadvogados.com\/wp-content\/uploads\/2026\/01\/paula_180px-66x66.png 66w, https:\/\/www.vivacquaadvogados.com\/wp-content\/uploads\/2026\/01\/paula_180px-150x150.png 150w, https:\/\/www.vivacquaadvogados.com\/wp-content\/uploads\/2026\/01\/paula_180px.png 180w\" sizes=\"(max-width: 180px) 100vw, 180px\" \/><\/div><\/div><div class=\"person-desc\"><div class=\"person-author\"><div class=\"person-author-wrapper\"><span class=\"person-name\">Paula Pincelli Tavares Vivacqua<\/span><span class=\"person-title\"><\/span><\/div><\/div><div class=\"person-content fusion-clearfix\">\n<p style=\"text-align: justify;\">Fue consultora in-company de \u00c1guas do Rio, empresa del Grupo Aegea, Directora Jur\u00eddica de la Funda\u00e7\u00e3o Instituto das \u00c1guas do Munic\u00edpio do Rio de Janeiro \u2013 RIO \u00c1GUAS (organismo vinculado a la Secretar\u00eda Municipal de Medio Ambiente del Municipio de RJ) y actu\u00f3 en despachos de abogados tradicionales siempre en los segmentos tributario, ambiental y administrativo del derecho.<\/p>\n<p style=\"text-align: justify;\">Tambi\u00e9n se desempe\u00f1\u00f3 como Presidenta de la Comisi\u00f3n Especial de Licitaciones y Contratos Administrativos \u2013 CELCA del Orden de Abogados de Brasil (OAB\/RJ) de 2012 a 2022 y fue Miembro del Consejo Asesor del Observatorio Social de R\u00edo de Janeiro.<\/p>\n<p style=\"text-align: justify;\">Licenciada en Ciencias Jur\u00eddicas por la Facultades Integradas C\u00e2ndido Mendes, con especializaci\u00f3n en Derecho de la Administraci\u00f3n P\u00fablica por la Universidad Federal Fluminense \u2013 UFF.<\/p>\n<p style=\"text-align: justify;\">Autora de art\u00edculos jur\u00eddicos, actualmente trabaja en los \u00e1mbitos de asesor\u00eda y litigio, en las \u00e1reas ambiental y administrativa, y en litigios tributarios.<\/p>\n<\/div><div class=\"fusion-social-networks\"><div class=\"fusion-social-networks-wrapper\"><a class=\"fusion-social-network-icon fusion-tooltip fusion-linkedin awb-icon-linkedin custom\" aria-label=\"fusion-linkedin\" href=\"https:\/\/www.linkedin.com\/in\/paula-pincelli-tavares-vivacqua-6412324b\/\" target=\"_blank\" rel=\"noopener noreferrer\" style=\"color:#004830;font-size:16px;\" data-placement=\"top\" data-title=\"LinkedIn\" title=\"LinkedIn\" data-toggle=\"tooltip\"><\/a><a class=\"fusion-social-network-icon fusion-tooltip fusion-mail awb-icon-mail custom\" aria-label=\"fusion-mail\" href=\"mailto:pa&#117;la&#064;vi&#118;acqua&#046;&#097;&#100;&#118;&#046;&#098;r\" target=\"_self\" style=\"color:#004830;font-size:16px;\" data-placement=\"top\" data-title=\"Mail\" title=\"Mail\" data-toggle=\"tooltip\"><\/a><\/div><\/div><\/div><\/div><\/div><\/div><\/div><\/div><div class=\"fusion-modal modal fade modal-4 fernando_perestrelo\" tabindex=\"-1\" role=\"dialog\" aria-labelledby=\"modal-heading-4\" aria-hidden=\"true\" style=\"--awb-border-color:#ebebeb;--awb-background:#f6f6f6;\"><div class=\"modal-dialog modal-lg\" role=\"document\"><div class=\"modal-content fusion-modal-content\"><div class=\"modal-header\"><button class=\"close\" type=\"button\" data-dismiss=\"modal\" aria-hidden=\"true\" aria-label=\"Close\">&times;<\/button><h3 class=\"modal-title\" id=\"modal-heading-4\" data-dismiss=\"modal\" aria-hidden=\"true\"><\/h3><\/div><div class=\"modal-body fusion-clearfix\"><div class=\"fusion-person person fusion-person-left fusion-person-4 fusion-person-icon-bottom\" style=\"--awb-pic-style-color:#000000;--awb-pic-borderradius:0px;--awb-margin-top:0px;--awb-margin-right:0px;--awb-margin-bottom:0px;--awb-margin-left:0px;--awb-social-box-border-top:0px;--awb-social-box-border-right:0px;--awb-social-box-border-bottom:0px;--awb-social-box-border-left:0px;--awb-social-box-border-color:var(--awb-color3);--awb-social-box-border-color-hover:var(--awb-color4);--awb-social-box-colors-hover:rgba(232,232,232,0.8);--awb-social-icon-boxed-colors:#e8e8e8;--awb-social-icon-colors:#004830;--awb-social-icon-colors-hover:rgba(190,189,189,0.8);\"><div class=\"person-shortcode-image-wrapper\"><div class=\"person-image-container hover-type-none\" style=\"border:0px solid #f6f6f6;-webkit-border-radius:0px;-moz-border-radius:0px;border-radius:0px;\"><img decoding=\"async\" class=\"person-img img-responsive wp-image-137521\" width=\"180\" height=\"180\" src=\"https:\/\/www.vivacquaadvogados.com\/wp-content\/uploads\/2026\/01\/avatar_180px.png\" alt=\"Fernando Ribeiro Perestrelo\" srcset=\"https:\/\/www.vivacquaadvogados.com\/wp-content\/uploads\/2026\/01\/avatar_180px-66x66.png 66w, https:\/\/www.vivacquaadvogados.com\/wp-content\/uploads\/2026\/01\/avatar_180px-150x150.png 150w, https:\/\/www.vivacquaadvogados.com\/wp-content\/uploads\/2026\/01\/avatar_180px.png 180w\" sizes=\"(max-width: 180px) 100vw, 180px\" \/><\/div><\/div><div class=\"person-desc\"><div class=\"person-author\"><div class=\"person-author-wrapper\"><span class=\"person-name\">Fernando Ribeiro Perestrelo<\/span><span class=\"person-title\"><\/span><\/div><\/div><div class=\"person-content fusion-clearfix\">\n<p style=\"text-align: justify;\">Ex Auditor Fiscal de la Receita Federal do Brasil, con s\u00f3lida experiencia en administraci\u00f3n tributaria, fiscalizaci\u00f3n y gesti\u00f3n p\u00fablica, habiendo desempe\u00f1ado funciones de liderazgo en el \u00e1mbito de la administraci\u00f3n tributaria federal en R\u00edo de Janeiro.<\/p>\n<p style=\"text-align: justify;\">A lo largo de su trayectoria en la administraci\u00f3n p\u00fablica, estuvo directamente involucrado en la aplicaci\u00f3n e interpretaci\u00f3n de la legislaci\u00f3n tributaria federal, con actuaci\u00f3n en actividades de fiscalizaci\u00f3n, supervisi\u00f3n de procedimientos fiscales y coordinaci\u00f3n de equipos, lo que le proporcion\u00f3 un profundo conocimiento de la din\u00e1mica operativa de la administraci\u00f3n tributaria y de los criterios utilizados en los procesos de an\u00e1lisis y toma de decisiones.<\/p>\n<p style=\"text-align: justify;\">Su experiencia incluye el ejercicio de atribuciones propias de direcci\u00f3n dentro de la administraci\u00f3n tributaria federal, compatibles con funciones de liderazgo en unidades administrativas, lo que refuerza su experiencia pr\u00e1ctica en gesti\u00f3n institucional y en la conducci\u00f3n de temas sensibles en la relaci\u00f3n entre la administraci\u00f3n tributaria y los contribuyentes.<\/p>\n<p style=\"text-align: justify;\">Actualmente asesora a empresas en materias estrat\u00e9gicas relacionadas con la tributaci\u00f3n federal, la gesti\u00f3n de riesgos fiscales y la estructuraci\u00f3n empresarial, combinando un profundo conocimiento t\u00e9cnico de la legislaci\u00f3n tributaria con una visi\u00f3n pr\u00e1ctica del funcionamiento de la administraci\u00f3n fiscal, lo que le permite ofrecer soluciones seguras, estructuradas y alineadas con los criterios efectivamente adoptados por las autoridades fiscales.<\/p>\n<p style=\"text-align: justify;\">Es un profesional con un perfil orientado a la asesor\u00eda estrat\u00e9gica, especialmente en contextos que requieren un alto grado de precisi\u00f3n t\u00e9cnica, interacci\u00f3n con la administraci\u00f3n tributaria y un an\u00e1lisis cualificado de riesgos y contingencias fiscales.<\/p>\n<\/div><div class=\"fusion-social-networks\"><div class=\"fusion-social-networks-wrapper\"><a class=\"fusion-social-network-icon fusion-tooltip fusion-mail awb-icon-mail custom\" aria-label=\"fusion-mail\" href=\"mailto:&#102;.&#112;erestrel&#111;&#064;&#118;&#105;&#118;acq&#117;&#097;.&#097;&#100;v.b&#114;\" target=\"_self\" style=\"color:#004830;font-size:16px;\" data-placement=\"top\" data-title=\"Mail\" title=\"Mail\" data-toggle=\"tooltip\"><\/a><\/div><\/div><\/div><\/div><\/div><\/div><\/div><\/div><div class=\"fusion-modal modal fade modal-5 daniela_marchi\" tabindex=\"-1\" role=\"dialog\" aria-labelledby=\"modal-heading-5\" aria-hidden=\"true\" style=\"--awb-border-color:#ebebeb;--awb-background:#f6f6f6;\"><div class=\"modal-dialog modal-lg\" role=\"document\"><div class=\"modal-content fusion-modal-content\"><div class=\"modal-header\"><button class=\"close\" type=\"button\" data-dismiss=\"modal\" aria-hidden=\"true\" aria-label=\"Close\">&times;<\/button><h3 class=\"modal-title\" id=\"modal-heading-5\" data-dismiss=\"modal\" aria-hidden=\"true\"><\/h3><\/div><div class=\"modal-body fusion-clearfix\"><div class=\"fusion-person person fusion-person-left fusion-person-5 fusion-person-icon-bottom\" style=\"--awb-pic-style-color:#000000;--awb-pic-borderradius:0px;--awb-margin-top:0px;--awb-margin-right:0px;--awb-margin-bottom:0px;--awb-margin-left:0px;--awb-social-box-border-top:0px;--awb-social-box-border-right:0px;--awb-social-box-border-bottom:0px;--awb-social-box-border-left:0px;--awb-social-box-border-color:var(--awb-color3);--awb-social-box-border-color-hover:var(--awb-color4);--awb-social-box-colors-hover:rgba(232,232,232,0.8);--awb-social-icon-boxed-colors:#e8e8e8;--awb-social-icon-colors:#004830;--awb-social-icon-colors-hover:rgba(190,189,189,0.8);\"><div class=\"person-shortcode-image-wrapper\"><div class=\"person-image-container hover-type-none\" style=\"border:0px solid #f6f6f6;-webkit-border-radius:0px;-moz-border-radius:0px;border-radius:0px;\"><img decoding=\"async\" class=\"person-img img-responsive wp-image-137746\" width=\"180\" height=\"180\" src=\"https:\/\/www.vivacquaadvogados.com\/wp-content\/uploads\/2026\/04\/daniela_180px.png\" alt=\"Daniela Marchi Magalh\u00e3es\" srcset=\"https:\/\/www.vivacquaadvogados.com\/wp-content\/uploads\/2026\/04\/daniela_180px-66x66.png 66w, https:\/\/www.vivacquaadvogados.com\/wp-content\/uploads\/2026\/04\/daniela_180px-150x150.png 150w, https:\/\/www.vivacquaadvogados.com\/wp-content\/uploads\/2026\/04\/daniela_180px.png 180w\" sizes=\"(max-width: 180px) 100vw, 180px\" \/><\/div><\/div><div class=\"person-desc\"><div class=\"person-author\"><div class=\"person-author-wrapper\"><span class=\"person-name\">Daniela Marchi Magalh\u00e3es<\/span><span class=\"person-title\"><\/span><\/div><\/div><div class=\"person-content fusion-clearfix\">\n<p style=\"text-align: justify;\">Actualmente, se desempe\u00f1a como Vicepresidenta de la Orden de los Abogados de Brasil \u2013 Secci\u00f3n S\u00e3o Paulo (OAB\/SP) (per\u00edodo 2025\u20132027), integrando la alta direcci\u00f3n de la entidad y participando activamente en la conducci\u00f3n estrat\u00e9gica de la abogac\u00eda paulista, con enfoque en el fortalecimiento de las prerrogativas profesionales, la valorizaci\u00f3n de la clase y la modernizaci\u00f3n institucional.<\/p>\n<p style=\"text-align: justify;\">Su trayectoria en la Orden se caracteriza por una actuaci\u00f3n continua y progresiva en cargos de liderazgo, habiendo ocupado anteriormente las posiciones de Secretaria General de la OAB\/SP (2022\u20132024), Consejera Fiscal de OABPrev-SP (2018\u20132020) y Vicepresidenta de la Subsecci\u00f3n de Jundia\u00ed\/SP (2016\u20132018), consolidando experiencia en gesti\u00f3n, gobernanza y representaci\u00f3n institucional.<\/p>\n<p style=\"text-align: justify;\">Abogada con destacada actuaci\u00f3n en Derecho Empresarial, especialmente en las \u00e1reas de Derecho Societario y Contractual, re\u00fane s\u00f3lida experiencia t\u00e9cnica junto con una relevante trayectoria institucional en la mayor seccional de la abogac\u00eda brasile\u00f1a.<\/p>\n<p style=\"text-align: justify;\">Cuenta con posgrado en Derecho Societario por el IBMEC y en Derecho Procesal Civil por la Pontificia Universidad Cat\u00f3lica (PUC).<\/p>\n<p style=\"text-align: justify;\">Su actuaci\u00f3n combina visi\u00f3n estrat\u00e9gica, conocimiento t\u00e9cnico y experiencia institucional, posicion\u00e1ndola como una de las figuras relevantes de la abogac\u00eda paulista contempor\u00e1nea.<\/p>\n<p style=\"text-align: justify;\">Act\u00faa tanto en el \u00e1mbito consultivo como contencioso en materia empresarial, especialmente en operaciones societarias y estructuraci\u00f3n contractual.<\/p>\n<\/div><div class=\"fusion-social-networks\"><div class=\"fusion-social-networks-wrapper\"><a class=\"fusion-social-network-icon fusion-tooltip fusion-linkedin awb-icon-linkedin custom\" aria-label=\"fusion-linkedin\" href=\"https:\/\/www.linkedin.com\/in\/daniela-magalh%C3%A3es-a0412664\/\" target=\"_blank\" rel=\"noopener noreferrer\" style=\"color:#004830;font-size:16px;\" data-placement=\"top\" data-title=\"LinkedIn\" title=\"LinkedIn\" data-toggle=\"tooltip\"><\/a><a class=\"fusion-social-network-icon fusion-tooltip fusion-mail awb-icon-mail custom\" aria-label=\"fusion-mail\" href=\"mailto:d.ma&#103;al&#104;&#097;es&#064;&#118;&#105;&#118;a&#099;&#113;u&#097;.&#097;d&#118;&#046;b&#114;\" target=\"_self\" style=\"color:#004830;font-size:16px;\" data-placement=\"top\" data-title=\"Mail\" title=\"Mail\" data-toggle=\"tooltip\"><\/a><\/div><\/div><\/div><\/div><\/div><\/div><\/div><\/div><div class=\"fusion-modal modal fade modal-6 ricardo\" tabindex=\"-1\" role=\"dialog\" aria-labelledby=\"modal-heading-6\" aria-hidden=\"true\" style=\"--awb-border-color:#ebebeb;--awb-background:#f6f6f6;\"><div class=\"modal-dialog modal-lg\" role=\"document\"><div class=\"modal-content fusion-modal-content\"><div class=\"modal-header\"><button class=\"close\" type=\"button\" data-dismiss=\"modal\" aria-hidden=\"true\" aria-label=\"Close\">&times;<\/button><h3 class=\"modal-title\" id=\"modal-heading-6\" data-dismiss=\"modal\" aria-hidden=\"true\"><\/h3><\/div><div class=\"modal-body fusion-clearfix\"><div class=\"fusion-person person fusion-person-left fusion-person-6 fusion-person-icon-bottom\" style=\"--awb-pic-style-color:#000000;--awb-pic-borderradius:0px;--awb-margin-top:0px;--awb-margin-right:0px;--awb-margin-bottom:0px;--awb-margin-left:0px;--awb-social-box-border-top:0px;--awb-social-box-border-right:0px;--awb-social-box-border-bottom:0px;--awb-social-box-border-left:0px;--awb-social-box-border-color:var(--awb-color3);--awb-social-box-border-color-hover:var(--awb-color4);--awb-social-box-colors-hover:rgba(232,232,232,0.8);--awb-social-icon-boxed-colors:#e8e8e8;--awb-social-icon-colors:#004830;--awb-social-icon-colors-hover:rgba(190,189,189,0.8);\"><div class=\"person-shortcode-image-wrapper\"><div class=\"person-image-container hover-type-none\" style=\"border:0px solid #f6f6f6;-webkit-border-radius:0px;-moz-border-radius:0px;border-radius:0px;\"><img decoding=\"async\" class=\"person-img img-responsive wp-image-137526\" width=\"180\" height=\"180\" src=\"https:\/\/www.vivacquaadvogados.com\/wp-content\/uploads\/2026\/01\/ricardo_180px.png\" alt=\"Ricardo Pontes Vivacqua\" srcset=\"https:\/\/www.vivacquaadvogados.com\/wp-content\/uploads\/2026\/01\/ricardo_180px-66x66.png 66w, https:\/\/www.vivacquaadvogados.com\/wp-content\/uploads\/2026\/01\/ricardo_180px-150x150.png 150w, https:\/\/www.vivacquaadvogados.com\/wp-content\/uploads\/2026\/01\/ricardo_180px.png 180w\" sizes=\"(max-width: 180px) 100vw, 180px\" \/><\/div><\/div><div class=\"person-desc\"><div class=\"person-author\"><div class=\"person-author-wrapper\"><span class=\"person-name\">Ricardo Pontes Vivacqua<\/span><span class=\"person-title\"><\/span><\/div><\/div><div class=\"person-content fusion-clearfix\">\n<img decoding=\"async\" class=\"aligncenter wp-image-137395\" src=\"https:\/\/www.vivacquaadvogados.com\/wp-content\/uploads\/2025\/11\/reconhecimento_vivacqua_2026.png\" alt=\"\" width=\"600\" height=\"89\" srcset=\"https:\/\/www.vivacquaadvogados.com\/wp-content\/uploads\/2025\/11\/reconhecimento_vivacqua_2026-200x30.png 200w, https:\/\/www.vivacquaadvogados.com\/wp-content\/uploads\/2025\/11\/reconhecimento_vivacqua_2026-300x45.png 300w, https:\/\/www.vivacquaadvogados.com\/wp-content\/uploads\/2025\/11\/reconhecimento_vivacqua_2026-400x59.png 400w, https:\/\/www.vivacquaadvogados.com\/wp-content\/uploads\/2025\/11\/reconhecimento_vivacqua_2026-600x89.png 600w, https:\/\/www.vivacquaadvogados.com\/wp-content\/uploads\/2025\/11\/reconhecimento_vivacqua_2026-768x114.png 768w, https:\/\/www.vivacquaadvogados.com\/wp-content\/uploads\/2025\/11\/reconhecimento_vivacqua_2026-800x119.png 800w, https:\/\/www.vivacquaadvogados.com\/wp-content\/uploads\/2025\/11\/reconhecimento_vivacqua_2026-1024x152.png 1024w, https:\/\/www.vivacquaadvogados.com\/wp-content\/uploads\/2025\/11\/reconhecimento_vivacqua_2026-1200x178.png 1200w, https:\/\/www.vivacquaadvogados.com\/wp-content\/uploads\/2025\/11\/reconhecimento_vivacqua_2026.png 1400w\" sizes=\"(max-width: 600px) 100vw, 600px\" \/><\/p>\n<p style=\"text-align: justify;\">Socio Fundador de Vivacqua Advogados, quien es Miembro Consultor de la Comisi\u00f3n Especial de Derecho Tributario del Consejo Federal de la Orden de Abogados de Brasil. Ha sido Director Jur\u00eddico de NELTUR \u2013 Niter\u00f3i Empresa de Ocio y Turismo S\/A, Subsecretario de Administraci\u00f3n de la Secretar\u00eda Municipal de Vivienda y Participaci\u00f3n Ciudadana del Ayuntamiento del R\u00edo de Janeiro, Presidente de la Comisi\u00f3n Especial de Garant\u00eda de Calidad de la Secretar\u00eda Municipal de Vivienda y Ciudadan\u00eda de R\u00edo de Janeiro, Vicepresidente Legal y Regulatorio de Generali Brasil Seguros S.A., Superintendente Legal del Grupo Leader, un grupo que opera las empresas en los sectores comercial, industrial y financiero y Gerente de Impuesto de Ampla Energia e Servi\u00e7os S.A.<\/p>\n<p style=\"text-align: justify;\">Actu\u00f3 como Miembro de la Comisi\u00f3n Especial de Tributaci\u00f3n \u201cCEAT\u201d de la Orden de Abogados de Brasil \u201cOAB \/ RJ\u201d, Miembro del Consejo de Negocios de Asuntos Jur\u00eddicos de la Asociaci\u00f3n Comercial de R\u00edo de Janeiro y sirvi\u00f3 como abogado y administrador en despachos de abogados tradicionales.<\/p>\n<p style=\"text-align: justify;\">Licenciado en Ciencias Jur\u00eddicas de la Universidad C\u00e2ndido Mendes, con especializaci\u00f3n en Derecho P\u00fablico por la Universidad Federal Fluminense y Contable y Matem\u00e1ticas Financiera por IBMEC.<\/p>\n<p style=\"text-align: justify;\">Autor y profesor de art\u00edculos legales, profesor del curso \u201cAspectos Jur\u00eddicos y Relaciones Contractuales\u201d, en el sector energ\u00e9tico, en el MBA en Gesti\u00f3n de la Energ\u00eda EPGE \/ FGV, \u201cSector Fiscalidad\u201d, en el Programa de Postgrado en Derecho Tributario de Educaci\u00f3n Continuada de la Escuela de Derecho de la Funda\u00e7\u00e3o Get\u00falio Vargas en R\u00edo de Janeiro Vargas y \u201cContabilidad Fiscal\u201d en LLM.05 \u2013 Derecho de los Negocios \u2013 IBMEC.<\/p>\n<p style=\"text-align: justify;\">Tiene experiencia en la conducci\u00f3n de los procesos de reestructuraci\u00f3n empresarial, con especial atenci\u00f3n a la planificaci\u00f3n fiscal y due diligences, as\u00ed como en la formaci\u00f3n de gobierno corporate governance para cumplir con los est\u00e1ndares de IPO.<\/p>\n<p style=\"text-align: justify;\">Opera en esferas consultiva y contenciosa en las \u00e1reas de impuesto, corporativa, administrativa. sobre todo en el segmento de Infraestructura, Infraestructura y Finanzas y Mercado de Capitales.<\/p>\n<\/div><div class=\"fusion-social-networks\"><div class=\"fusion-social-networks-wrapper\"><a class=\"fusion-social-network-icon fusion-tooltip fusion-linkedin awb-icon-linkedin custom\" aria-label=\"fusion-linkedin\" href=\"https:\/\/www.linkedin.com\/in\/ricardo-pontes-vivacqua-226a3316?lipi=urn%3Ali%3Apage%3Ad_flagship3_profile_view_base%3B%2Fjw6i3RRTLOdoIEGz3vIpg%3D%3D\" target=\"_blank\" rel=\"noopener noreferrer\" style=\"color:#004830;font-size:16px;\" data-placement=\"top\" data-title=\"LinkedIn\" title=\"LinkedIn\" data-toggle=\"tooltip\"><\/a><a class=\"fusion-social-network-icon fusion-tooltip fusion-mail awb-icon-mail custom\" aria-label=\"fusion-mail\" href=\"mailto:&#114;ica&#114;&#100;o&#064;vi&#118;&#097;&#099;q&#117;&#097;&#046;&#097;&#100;&#118;.&#098;r\" target=\"_self\" style=\"color:#004830;font-size:16px;\" data-placement=\"top\" data-title=\"Mail\" title=\"Mail\" data-toggle=\"tooltip\"><\/a><\/div><\/div><\/div><\/div><\/div><\/div><\/div><\/div><div class=\"fusion-modal modal fade modal-7 telles_flavio\" tabindex=\"-1\" role=\"dialog\" aria-labelledby=\"modal-heading-7\" aria-hidden=\"true\" style=\"--awb-border-color:#ebebeb;--awb-background:#f6f6f6;\"><div class=\"modal-dialog modal-lg\" role=\"document\"><div class=\"modal-content fusion-modal-content\"><div class=\"modal-header\"><button class=\"close\" type=\"button\" data-dismiss=\"modal\" aria-hidden=\"true\" aria-label=\"Close\">&times;<\/button><h3 class=\"modal-title\" id=\"modal-heading-7\" data-dismiss=\"modal\" aria-hidden=\"true\"><\/h3><\/div><div class=\"modal-body fusion-clearfix\"><div class=\"fusion-person person fusion-person-left fusion-person-7 fusion-person-icon-bottom\" style=\"--awb-pic-style-color:#000000;--awb-pic-borderradius:0px;--awb-margin-top:0px;--awb-margin-right:0px;--awb-margin-bottom:0px;--awb-margin-left:0px;--awb-social-box-border-top:0px;--awb-social-box-border-right:0px;--awb-social-box-border-bottom:0px;--awb-social-box-border-left:0px;--awb-social-box-border-color:var(--awb-color3);--awb-social-box-border-color-hover:var(--awb-color4);--awb-social-box-colors-hover:rgba(232,232,232,0.8);--awb-social-icon-boxed-colors:#e8e8e8;--awb-social-icon-colors:#004830;--awb-social-icon-colors-hover:rgba(190,189,189,0.8);\"><div class=\"person-shortcode-image-wrapper\"><div class=\"person-image-container hover-type-none\" style=\"border:0px solid #f6f6f6;-webkit-border-radius:0px;-moz-border-radius:0px;border-radius:0px;\"><img decoding=\"async\" class=\"person-img img-responsive wp-image-137623\" width=\"180\" height=\"180\" src=\"https:\/\/www.vivacquaadvogados.com\/wp-content\/uploads\/2026\/01\/flavio_180px.png\" alt=\"Flavio Telles de Almeida\" srcset=\"https:\/\/www.vivacquaadvogados.com\/wp-content\/uploads\/2026\/01\/flavio_180px-66x66.png 66w, https:\/\/www.vivacquaadvogados.com\/wp-content\/uploads\/2026\/01\/flavio_180px-150x150.png 150w, https:\/\/www.vivacquaadvogados.com\/wp-content\/uploads\/2026\/01\/flavio_180px.png 180w\" sizes=\"(max-width: 180px) 100vw, 180px\" \/><\/div><\/div><div class=\"person-desc\"><div class=\"person-author\"><div class=\"person-author-wrapper\"><span class=\"person-name\">Flavio Telles de Almeida<\/span><span class=\"person-title\"><\/span><\/div><\/div><div class=\"person-content fusion-clearfix\">\n<p style=\"text-align: justify;\">Consultor en el \u00e1rea de infraestructura en Vivacqua Advogados, es Consejero Consultivo en Human S.A. Ha sido Gerente Jur\u00eddico en Funda\u00e7\u00e3o Renova, Superintendente Jur\u00eddico en Norte Energia S.A. y abogado del Grupo Enel Brasil.<\/p>\n<p style=\"text-align: justify;\">Con m\u00e1s de 20 a\u00f1os de experiencia en consultor\u00eda y gesti\u00f3n jur\u00eddica para grandes empresas de los sectores de energ\u00eda y miner\u00eda, ha trabajado en proyectos estrat\u00e9gicos, con enfoque en contratos complejos, compliance, regulaci\u00f3n, derecho ambiental, societario, M&amp;A y gobernanza corporativa. Tambi\u00e9n actu\u00f3 en negociaciones de alto impacto ante organismos reguladores y stakeholders nacionales e internacionales.<\/p>\n<p style=\"text-align: justify;\">Es licenciado en Ciencias Jur\u00eddicas por la UNIBENNETT y posee MBAs en Derecho y Regulaci\u00f3n del Sector El\u00e9ctrico por el IDP de Brasilia, en Gesti\u00f3n de Negocios con \u00e9nfasis en el Sector El\u00e9ctrico por el IBMEC\/RJ, y en Leadership and Sustainability por la University of Cumbria, Reino Unido. En la PUC-RJ realiz\u00f3 el curso de Derecho Ambiental para Ejecutivos, Gestores y Abogados, y en la FGV cursos en Derecho Societario y Mercado de Capitales.<\/p>\n<p style=\"text-align: justify;\">Act\u00faa en los \u00e1mbitos consultivo y contencioso, en las \u00e1reas Contractual, Societaria y Administrativa, con predominancia en el segmento de Infraestructura y Privatizaci\u00f3n.<\/p>\n<\/div><div class=\"fusion-social-networks\"><div class=\"fusion-social-networks-wrapper\"><a class=\"fusion-social-network-icon fusion-tooltip fusion-linkedin awb-icon-linkedin custom\" aria-label=\"fusion-linkedin\" href=\"https:\/\/www.linkedin.com\/in\/fl%C3%A1vio-telles-de-almeida\/\" target=\"_blank\" rel=\"noopener noreferrer\" style=\"color:#004830;font-size:16px;\" data-placement=\"top\" data-title=\"LinkedIn\" title=\"LinkedIn\" data-toggle=\"tooltip\"><\/a><a class=\"fusion-social-network-icon fusion-tooltip fusion-mail awb-icon-mail custom\" aria-label=\"fusion-mail\" href=\"mailto:f&#108;&#097;v&#105;&#111;&#046;&#116;e&#108;&#108;e&#115;&#064;&#118;&#105;va&#099;q&#117;&#097;.&#097;&#100;v.&#098;&#114;\" target=\"_self\" style=\"color:#004830;font-size:16px;\" data-placement=\"top\" data-title=\"Mail\" title=\"Mail\" data-toggle=\"tooltip\"><\/a><\/div><\/div><\/div><\/div><\/div><\/div><\/div><\/div><div class=\"fusion-modal modal fade modal-8 marllon\" tabindex=\"-1\" role=\"dialog\" aria-labelledby=\"modal-heading-8\" aria-hidden=\"true\" style=\"--awb-border-color:#ebebeb;--awb-background:#f6f6f6;\"><div class=\"modal-dialog modal-lg\" role=\"document\"><div class=\"modal-content fusion-modal-content\"><div class=\"modal-header\"><button class=\"close\" type=\"button\" data-dismiss=\"modal\" aria-hidden=\"true\" aria-label=\"Close\">&times;<\/button><h3 class=\"modal-title\" id=\"modal-heading-8\" data-dismiss=\"modal\" aria-hidden=\"true\"><\/h3><\/div><div class=\"modal-body fusion-clearfix\"><div class=\"fusion-person person fusion-person-left fusion-person-8 fusion-person-icon-bottom\" style=\"--awb-pic-style-color:#000000;--awb-pic-borderradius:0px;--awb-margin-top:0px;--awb-margin-right:0px;--awb-margin-bottom:0px;--awb-margin-left:0px;--awb-social-box-border-top:0px;--awb-social-box-border-right:0px;--awb-social-box-border-bottom:0px;--awb-social-box-border-left:0px;--awb-social-box-border-color:var(--awb-color3);--awb-social-box-border-color-hover:var(--awb-color4);--awb-social-box-colors-hover:rgba(232,232,232,0.8);--awb-social-icon-boxed-colors:#e8e8e8;--awb-social-icon-colors:#004830;--awb-social-icon-colors-hover:rgba(190,189,189,0.8);\"><div class=\"person-shortcode-image-wrapper\"><div class=\"person-image-container hover-type-none\" style=\"border:0px solid #f6f6f6;-webkit-border-radius:0px;-moz-border-radius:0px;border-radius:0px;\"><img decoding=\"async\" class=\"person-img img-responsive wp-image-3374\" width=\"200\" height=\"200\" src=\"https:\/\/www.vivacquaadvogados.com\/wp-content\/uploads\/2018\/05\/MARLLON.png\" alt=\"Marllon Antony Silva Martins\" srcset=\"https:\/\/www.vivacquaadvogados.com\/wp-content\/uploads\/2018\/05\/MARLLON-66x66.png 66w, https:\/\/www.vivacquaadvogados.com\/wp-content\/uploads\/2018\/05\/MARLLON-150x150.png 150w, https:\/\/www.vivacquaadvogados.com\/wp-content\/uploads\/2018\/05\/MARLLON.png 200w\" sizes=\"(max-width: 200px) 100vw, 200px\" \/><\/div><\/div><div class=\"person-desc\"><div class=\"person-author\"><div class=\"person-author-wrapper\"><span class=\"person-name\">Marllon Antony Silva Martins<\/span><span class=\"person-title\"><\/span><\/div><\/div><div class=\"person-content fusion-clearfix\">\n<p style=\"text-align: justify;\">Miembro de la Miembro de la Comisi\u00f3n Especial de Licitaci\u00f3n y Contractos Administrativos \u201cCELCA\u201d de la Orden de Abogados de Brasil \u201cOAB \/ RJ\u201d de 2017 a 2022, y autor de art\u00edculos jur\u00eddicos.<\/p>\n<p style=\"text-align: justify;\">Licenciado en Derecho, con especializaci\u00f3n en Derecho P\u00fablico, tambi\u00e9n tiene curso de extensi\u00f3n en Contratos por \u2013 EMERJ.<\/p>\n<p style=\"text-align: justify;\">Opera en esferas consultiva y contenciosa en las \u00e1reas civil, del consumidor y administrativa.<\/p>\n<\/div><div class=\"fusion-social-networks\"><div class=\"fusion-social-networks-wrapper\"><a class=\"fusion-social-network-icon fusion-tooltip fusion-linkedin awb-icon-linkedin custom\" aria-label=\"fusion-linkedin\" href=\"https:\/\/www.linkedin.com\/in\/marllon-antony-silva-martins-71a37810a?lipi=urn%3Ali%3Apage%3Ad_flagship3_profile_view_base%3B56dtC1XMTZ60bsrE2kXWwQ%3D%3D\" target=\"_blank\" rel=\"noopener noreferrer\" style=\"color:#004830;font-size:16px;\" data-placement=\"top\" data-title=\"LinkedIn\" title=\"LinkedIn\" data-toggle=\"tooltip\"><\/a><a class=\"fusion-social-network-icon fusion-tooltip fusion-mail awb-icon-mail custom\" aria-label=\"fusion-mail\" href=\"mailto:m&#097;&#114;&#108;lon&#064;v&#105;v&#097;cq&#117;a.adv.b&#114;\" target=\"_self\" style=\"color:#004830;font-size:16px;\" data-placement=\"top\" data-title=\"Mail\" title=\"Mail\" data-toggle=\"tooltip\"><\/a><\/div><\/div><\/div><\/div><\/div><\/div><\/div><\/div><div class=\"fusion-modal modal fade modal-9 felipe\" tabindex=\"-1\" role=\"dialog\" aria-labelledby=\"modal-heading-9\" aria-hidden=\"true\" style=\"--awb-border-color:#ebebeb;--awb-background:#f6f6f6;\"><div class=\"modal-dialog modal-lg\" role=\"document\"><div class=\"modal-content fusion-modal-content\"><div class=\"modal-header\"><button class=\"close\" type=\"button\" data-dismiss=\"modal\" aria-hidden=\"true\" aria-label=\"Close\">&times;<\/button><h3 class=\"modal-title\" id=\"modal-heading-9\" data-dismiss=\"modal\" aria-hidden=\"true\"><\/h3><\/div><div class=\"modal-body fusion-clearfix\"><div class=\"fusion-person person fusion-person-left fusion-person-9 fusion-person-icon-bottom\" style=\"--awb-pic-style-color:#000000;--awb-pic-borderradius:0px;--awb-margin-top:0px;--awb-margin-right:0px;--awb-margin-bottom:0px;--awb-margin-left:0px;--awb-social-box-border-top:0px;--awb-social-box-border-right:0px;--awb-social-box-border-bottom:0px;--awb-social-box-border-left:0px;--awb-social-box-border-color:var(--awb-color3);--awb-social-box-border-color-hover:var(--awb-color4);--awb-social-box-colors-hover:rgba(232,232,232,0.8);--awb-social-icon-boxed-colors:#e8e8e8;--awb-social-icon-colors:#004830;--awb-social-icon-colors-hover:rgba(190,189,189,0.8);\"><div class=\"person-shortcode-image-wrapper\"><div class=\"person-image-container hover-type-none\" style=\"border:0px solid #f6f6f6;-webkit-border-radius:0px;-moz-border-radius:0px;border-radius:0px;\"><img decoding=\"async\" class=\"person-img img-responsive wp-image-137643\" width=\"180\" height=\"180\" src=\"https:\/\/www.vivacquaadvogados.com\/wp-content\/uploads\/2026\/01\/felipe_taveira_180px.png\" alt=\"Felipe Taveira\" srcset=\"https:\/\/www.vivacquaadvogados.com\/wp-content\/uploads\/2026\/01\/felipe_taveira_180px-66x66.png 66w, https:\/\/www.vivacquaadvogados.com\/wp-content\/uploads\/2026\/01\/felipe_taveira_180px-150x150.png 150w, https:\/\/www.vivacquaadvogados.com\/wp-content\/uploads\/2026\/01\/felipe_taveira_180px.png 180w\" sizes=\"(max-width: 180px) 100vw, 180px\" \/><\/div><\/div><div class=\"person-desc\"><div class=\"person-author\"><div class=\"person-author-wrapper\"><span class=\"person-name\">Felipe Taveira<\/span><span class=\"person-title\"><\/span><\/div><\/div><div class=\"person-content fusion-clearfix\">\n<p style=\"text-align: justify;\">Con amplia experiencia en derecho p\u00fablico, desde 2002 act\u00faa como Procurador en la Procuradur\u00eda General del Municipio de R\u00edo de Janeiro, cargo en el que ha asumido numerosos desaf\u00edos, entre los cuales destacan:<\/p>\n<p>\u2022 Asesor\u00eda y consultor\u00eda jur\u00eddica en organismos como las Secretar\u00edas Municipales de Salud y de Vivienda, la Oficina del Alcalde y la Procuradur\u00eda General;<br \/>\n\u2022 Director Jur\u00eddico de la Fundaci\u00f3n Rio-\u00c1guas;<br \/>\n\u2022 Miembro del Consejo de Administraci\u00f3n de CDURP \u2013 Compa\u00f1\u00eda de Desarrollo Urbano del Puerto, actual Cia Carioca de Parcerias e Investimentos \u2013 CCPAR;<br \/>\n\u2022 Mediaci\u00f3n en asuntos que involucran a la Hacienda P\u00fablica;<br \/>\n\u2022 Presidencia de la comisi\u00f3n de licitaci\u00f3n para servicios de abogac\u00eda contenciosa, civil, tributaria y laboral para las Empresas P\u00fablicas y Sociedades de Econom\u00eda Mixta del Municipio de R\u00edo de Janeiro; y<br \/>\n\u2022 Actuaci\u00f3n en el contencioso judicial.<\/p>\n<p style=\"text-align: justify;\">Es licenciado en Derecho por la Faculdade Brasileira de Ci\u00eancias Jur\u00eddicas, con posgrado en Derecho del Estado por la Universidad del Estado de R\u00edo de Janeiro \u2013 UERJ, especializaci\u00f3n en Licitaciones y Contratos Administrativos por IBMEC y formaci\u00f3n en Mediaci\u00f3n Empresarial en el Centro Brasile\u00f1o de Mediaci\u00f3n y Arbitraje \u2013 CBMA. Posee capacitaci\u00f3n en Normas de Licitaciones Internacionales y Adquisiciones para Proyectos Financiados por el Banco Mundial \u2013 BIRD, as\u00ed como experiencia en funciones regulatorias relacionadas con la concesi\u00f3n de servicios p\u00fablicos en el \u00e1rea de Saneamiento B\u00e1sico. Integr\u00f3 la Comisi\u00f3n de Licitaciones y Contratos Administrativos de la OAB-RJ.<\/p>\n<\/div><div class=\"fusion-social-networks\"><div class=\"fusion-social-networks-wrapper\"><a class=\"fusion-social-network-icon fusion-tooltip fusion-mail awb-icon-mail custom\" aria-label=\"fusion-mail\" href=\"mailto:felipe&#116;a&#118;&#101;i&#114;&#097;&#064;&#118;&#105;&#118;acq&#117;&#097;.a&#100;v&#046;&#098;&#114;\" target=\"_self\" style=\"color:#004830;font-size:16px;\" data-placement=\"top\" data-title=\"Mail\" title=\"Mail\" data-toggle=\"tooltip\"><\/a><\/div><\/div><\/div><\/div><\/div><\/div><\/div><\/div><div class=\"fusion-modal modal fade modal-10 joao_guerra\" tabindex=\"-1\" role=\"dialog\" aria-labelledby=\"modal-heading-10\" aria-hidden=\"true\" style=\"--awb-border-color:#ebebeb;--awb-background:#f6f6f6;\"><div class=\"modal-dialog modal-lg\" role=\"document\"><div class=\"modal-content fusion-modal-content\"><div class=\"modal-header\"><button class=\"close\" type=\"button\" data-dismiss=\"modal\" aria-hidden=\"true\" aria-label=\"Close\">&times;<\/button><h3 class=\"modal-title\" id=\"modal-heading-10\" data-dismiss=\"modal\" aria-hidden=\"true\"><\/h3><\/div><div class=\"modal-body fusion-clearfix\"><div class=\"fusion-person person fusion-person-left fusion-person-10 fusion-person-icon-bottom\" style=\"--awb-pic-style-color:#000000;--awb-pic-borderradius:0px;--awb-margin-top:0px;--awb-margin-right:0px;--awb-margin-bottom:0px;--awb-margin-left:0px;--awb-social-box-border-top:0px;--awb-social-box-border-right:0px;--awb-social-box-border-bottom:0px;--awb-social-box-border-left:0px;--awb-social-box-border-color:var(--awb-color3);--awb-social-box-border-color-hover:var(--awb-color4);--awb-social-box-colors-hover:rgba(232,232,232,0.8);--awb-social-icon-boxed-colors:#e8e8e8;--awb-social-icon-colors:#004830;--awb-social-icon-colors-hover:rgba(190,189,189,0.8);\"><div class=\"person-shortcode-image-wrapper\"><div class=\"person-image-container hover-type-none\" style=\"border:0px solid #f6f6f6;-webkit-border-radius:0px;-moz-border-radius:0px;border-radius:0px;\"><img decoding=\"async\" class=\"person-img img-responsive wp-image-137559\" width=\"180\" height=\"180\" src=\"https:\/\/www.vivacquaadvogados.com\/wp-content\/uploads\/2026\/01\/joao_180px.png\" alt=\"Jo\u00e3o Paulo Cordeiro Guerra\" srcset=\"https:\/\/www.vivacquaadvogados.com\/wp-content\/uploads\/2026\/01\/joao_180px-66x66.png 66w, https:\/\/www.vivacquaadvogados.com\/wp-content\/uploads\/2026\/01\/joao_180px-150x150.png 150w, https:\/\/www.vivacquaadvogados.com\/wp-content\/uploads\/2026\/01\/joao_180px.png 180w\" sizes=\"(max-width: 180px) 100vw, 180px\" \/><\/div><\/div><div class=\"person-desc\"><div class=\"person-author\"><div class=\"person-author-wrapper\"><span class=\"person-name\">Jo\u00e3o Paulo Cordeiro Guerra<\/span><span class=\"person-title\"><\/span><\/div><\/div><div class=\"person-content fusion-clearfix\">\n<p style=\"text-align: justify;\">Miembro de la Comisi\u00f3n Especial de Licitaci\u00f3n y Contractos Administrativos \u201cCELCA\u201d de la Orden de Abogados de Brasil \u201cOAB \/ RJ\u201d de 2012 a 2022.<\/p>\n<p style=\"text-align: justify;\">Ex miembro del Consejo de Negocios de Asuntos Jur\u00eddicos de la Asociaci\u00f3n Comercial de R\u00edo de Janeiro.<\/p>\n<p style=\"text-align: justify;\">Licenciado en Derecho por la Universidad Candido Mendes, con especializaci\u00f3n en Derecho Americano con \u00e9nfasis en los contratos por la Universidad de Nueva York (NYU), especializado en Derecho Civil y Procesal Civil.<\/p>\n<p style=\"text-align: justify;\">Fue abogado en Sergio Bermudes Oficina Jur\u00eddica de 2008 al 2012, de Bas\u00edlio Oficina Jur\u00eddica de 2012 al 2013 y de 2013 al 2014 abogado de Supergasbr\u00e1s.<\/p>\n<p style=\"text-align: justify;\">Opera en materia Civil, Contenciosa y Consultiva, con \u00e9nfasis en los contratos.<\/p>\n<\/div><div class=\"fusion-social-networks\"><div class=\"fusion-social-networks-wrapper\"><a class=\"fusion-social-network-icon fusion-tooltip fusion-linkedin awb-icon-linkedin custom\" aria-label=\"fusion-linkedin\" href=\"https:\/\/www.linkedin.com\/in\/jo\u00e3o-paulo-cordeiro-guerra-15b312164?lipi=urn%3Ali%3Apage%3Ad_flagship3_profile_view_base%3BdtuiZzJoRKGRBdjHWHzKaA%3D%3D\" target=\"_blank\" rel=\"noopener noreferrer\" style=\"color:#004830;font-size:16px;\" data-placement=\"top\" data-title=\"LinkedIn\" title=\"LinkedIn\" data-toggle=\"tooltip\"><\/a><a class=\"fusion-social-network-icon fusion-tooltip fusion-mail awb-icon-mail custom\" aria-label=\"fusion-mail\" href=\"mailto:joa&#111;&#103;uer&#114;&#097;&#064;vi&#118;&#097;&#099;&#113;&#117;a&#046;&#097;d&#118;&#046;b&#114;\" target=\"_self\" style=\"color:#004830;font-size:16px;\" data-placement=\"top\" data-title=\"Mail\" title=\"Mail\" data-toggle=\"tooltip\"><\/a><\/div><\/div><\/div><\/div><\/div><\/div><\/div><\/div><div class=\"fusion-modal modal fade modal-11 leonardo_m\" tabindex=\"-1\" role=\"dialog\" aria-labelledby=\"modal-heading-11\" aria-hidden=\"true\" style=\"--awb-border-color:#ebebeb;--awb-background:#f6f6f6;\"><div class=\"modal-dialog modal-lg\" role=\"document\"><div class=\"modal-content fusion-modal-content\"><div class=\"modal-header\"><button class=\"close\" type=\"button\" data-dismiss=\"modal\" aria-hidden=\"true\" aria-label=\"Close\">&times;<\/button><h3 class=\"modal-title\" id=\"modal-heading-11\" data-dismiss=\"modal\" aria-hidden=\"true\"><\/h3><\/div><div class=\"modal-body fusion-clearfix\"><div class=\"fusion-person person fusion-person-left fusion-person-11 fusion-person-icon-bottom\" style=\"--awb-pic-style-color:#000000;--awb-pic-borderradius:0px;--awb-margin-top:0px;--awb-margin-right:0px;--awb-margin-bottom:0px;--awb-margin-left:0px;--awb-social-box-border-top:0px;--awb-social-box-border-right:0px;--awb-social-box-border-bottom:0px;--awb-social-box-border-left:0px;--awb-social-box-border-color:var(--awb-color3);--awb-social-box-border-color-hover:var(--awb-color4);--awb-social-box-colors-hover:rgba(232,232,232,0.8);--awb-social-icon-boxed-colors:#e8e8e8;--awb-social-icon-colors:#004830;--awb-social-icon-colors-hover:rgba(190,189,189,0.8);\"><div class=\"person-shortcode-image-wrapper\"><div class=\"person-image-container hover-type-none\" style=\"border:0px solid #f6f6f6;-webkit-border-radius:0px;-moz-border-radius:0px;border-radius:0px;\"><img decoding=\"async\" class=\"person-img img-responsive wp-image-137532\" width=\"180\" height=\"180\" src=\"https:\/\/www.vivacquaadvogados.com\/wp-content\/uploads\/2026\/01\/leonardo_180px.png\" alt=\"Leonardo Mobarak\" srcset=\"https:\/\/www.vivacquaadvogados.com\/wp-content\/uploads\/2026\/01\/leonardo_180px-66x66.png 66w, https:\/\/www.vivacquaadvogados.com\/wp-content\/uploads\/2026\/01\/leonardo_180px-150x150.png 150w, https:\/\/www.vivacquaadvogados.com\/wp-content\/uploads\/2026\/01\/leonardo_180px.png 180w\" sizes=\"(max-width: 180px) 100vw, 180px\" \/><\/div><\/div><div class=\"person-desc\"><div class=\"person-author\"><div class=\"person-author-wrapper\"><span class=\"person-name\">Leonardo Mobarak<\/span><span class=\"person-title\"><\/span><\/div><\/div><div class=\"person-content fusion-clearfix\">\n<p><img decoding=\"async\" class=\"aligncenter wp-image-136862 size-medium\" src=\"https:\/\/www.vivacquaadvogados.com\/wp-content\/uploads\/2025\/07\/Leaders-League-Leonardo-Mobarak.png\" alt=\"\" width=\"300\" height=\"89\" \/><\/p>\n<p style=\"text-align: justify;\">Socio responsable del \u00e1rea de energ\u00eda el\u00e9ctrica, es Miembro de la Comisi\u00f3n Especial de Derecho de la Infraestructura del Consejo Federal de la Orden de Abogados de Brasil (OAB), miembro titular del IAB \u2013 Instituto Brasile\u00f1o de Abogados y miembro de las Comisiones de Energ\u00eda El\u00e9ctrica del IAB y de la Orden de Abogados de Brasil \u201cOAB \/ RJ\u201d.<\/p>\n<p style=\"text-align: justify;\">Tras realizar una pasant\u00eda en Ampla Energia e Servi\u00e7os S.A. (actual Enel Distribuci\u00f3n Rio), fue contratado como abogado por un reconocido despacho de abogados, con m\u00e1s de cien a\u00f1os de trayectoria, para actuar en la defensa de los intereses de empresas del sector de energ\u00eda el\u00e9ctrica, donde permaneci\u00f3 durante diecinueve a\u00f1os, llegando a ocupar el cargo de socio. Fue reconocido en 2024 por el directorio Leaders League, en la categor\u00eda Large-Scale Consumer Litigation, y en 2025 en la categor\u00eda Consumer Law.<\/p>\n<p style=\"text-align: justify;\">Licenciado en Derecho por la Universidad Candido Mendes, tiene un posgrado en Derecho Procesal Civil por la Universidad Federal Fluminense y una maestr\u00eda en Derecho P\u00fablico por la Universidad Est\u00e1cio de S\u00e1.<\/p>\n<p style=\"text-align: justify;\">Act\u00faa en el \u00e1mbito consultivo y contencioso con temas de alta complejidad en las \u00e1reas de derecho civil, administrativo y constitucional.<\/p>\n<\/div><div class=\"fusion-social-networks\"><div class=\"fusion-social-networks-wrapper\"><a class=\"fusion-social-network-icon fusion-tooltip fusion-linkedin awb-icon-linkedin custom\" aria-label=\"fusion-linkedin\" href=\"https:\/\/www.linkedin.com\/in\/leonardo-mobarak\/\" target=\"_blank\" rel=\"noopener noreferrer\" style=\"color:#004830;font-size:16px;\" data-placement=\"top\" data-title=\"LinkedIn\" title=\"LinkedIn\" data-toggle=\"tooltip\"><\/a><a class=\"fusion-social-network-icon fusion-tooltip fusion-mail awb-icon-mail custom\" aria-label=\"fusion-mail\" href=\"mailto:&#108;m&#111;&#098;&#097;&#114;ak&#064;v&#105;v&#097;&#099;&#113;ua.a&#100;v&#046;b&#114;\" target=\"_self\" style=\"color:#004830;font-size:16px;\" data-placement=\"top\" data-title=\"Mail\" title=\"Mail\" data-toggle=\"tooltip\"><\/a><\/div><\/div><\/div><\/div><\/div><\/div><\/div><\/div><div class=\"fusion-modal modal fade modal-12 rodney\" tabindex=\"-1\" role=\"dialog\" aria-labelledby=\"modal-heading-12\" aria-hidden=\"true\" style=\"--awb-border-color:#ebebeb;--awb-background:#f6f6f6;\"><div class=\"modal-dialog modal-lg\" role=\"document\"><div class=\"modal-content fusion-modal-content\"><div class=\"modal-header\"><button class=\"close\" type=\"button\" data-dismiss=\"modal\" aria-hidden=\"true\" aria-label=\"Close\">&times;<\/button><h3 class=\"modal-title\" id=\"modal-heading-12\" data-dismiss=\"modal\" aria-hidden=\"true\"><\/h3><\/div><div class=\"modal-body fusion-clearfix\"><div class=\"fusion-person person fusion-person-left fusion-person-12 fusion-person-icon-bottom\" style=\"--awb-pic-style-color:#000000;--awb-pic-borderradius:0px;--awb-margin-top:0px;--awb-margin-right:0px;--awb-margin-bottom:0px;--awb-margin-left:0px;--awb-social-box-border-top:0px;--awb-social-box-border-right:0px;--awb-social-box-border-bottom:0px;--awb-social-box-border-left:0px;--awb-social-box-border-color:var(--awb-color3);--awb-social-box-border-color-hover:var(--awb-color4);--awb-social-box-colors-hover:rgba(232,232,232,0.8);--awb-social-icon-boxed-colors:#e8e8e8;--awb-social-icon-colors:#004830;--awb-social-icon-colors-hover:rgba(190,189,189,0.8);\"><div class=\"person-desc\"><div class=\"person-author\"><div class=\"person-author-wrapper\"><span class=\"person-name\">Rodney Gomes de Melo<\/span><span class=\"person-title\"><\/span><\/div><\/div><div class=\"person-content fusion-clearfix\">\n<p style=\"text-align: justify;\">Licenciado en Derecho por la Universidade Est\u00e1cio de S\u00e1, con especializaci\u00f3n en Derecho del Consumidor, por la Universidade do Estado do Rio de Janeiro \u2013 UERJ y en Derecho Privado, por la Universidade Federal Fluminense \u2013 UFF.<\/p>\n<p style=\"text-align: justify;\">Trabaj\u00f3 como abogado en grandes empresas del sector petrolero y el\u00e9ctrico.<\/p>\n<p style=\"text-align: justify;\">Act\u00faa en las esferas de asesor\u00eda y litigio en las \u00e1reas civil y comercial.<\/p>\n<\/div><div class=\"fusion-social-networks\"><div class=\"fusion-social-networks-wrapper\"><a class=\"fusion-social-network-icon fusion-tooltip fusion-linkedin awb-icon-linkedin custom\" aria-label=\"fusion-linkedin\" href=\"https:\/\/www.linkedin.com\/company\/11470649\/admin\/\" target=\"_blank\" rel=\"noopener noreferrer\" style=\"color:#004830;font-size:16px;\" data-placement=\"top\" data-title=\"LinkedIn\" title=\"LinkedIn\" data-toggle=\"tooltip\"><\/a><a class=\"fusion-social-network-icon fusion-tooltip fusion-mail awb-icon-mail custom\" aria-label=\"fusion-mail\" href=\"mailto:r&#111;dney&#064;vi&#118;&#097;&#099;&#113;ua&#046;&#097;dv.&#098;&#114;\" target=\"_self\" style=\"color:#004830;font-size:16px;\" data-placement=\"top\" data-title=\"Mail\" title=\"Mail\" data-toggle=\"tooltip\"><\/a><\/div><\/div><\/div><\/div><\/div><\/div><\/div><\/div><div class=\"fusion-modal modal fade modal-13 helio\" tabindex=\"-1\" role=\"dialog\" aria-labelledby=\"modal-heading-13\" aria-hidden=\"true\" style=\"--awb-border-color:#ebebeb;--awb-background:#f6f6f6;\"><div class=\"modal-dialog modal-lg\" role=\"document\"><div class=\"modal-content fusion-modal-content\"><div class=\"modal-header\"><button class=\"close\" type=\"button\" data-dismiss=\"modal\" aria-hidden=\"true\" aria-label=\"Close\">&times;<\/button><h3 class=\"modal-title\" id=\"modal-heading-13\" data-dismiss=\"modal\" aria-hidden=\"true\"><\/h3><\/div><div class=\"modal-body fusion-clearfix\"><div class=\"fusion-person person fusion-person-left fusion-person-13 fusion-person-icon-bottom\" style=\"--awb-pic-style-color:#000000;--awb-pic-borderradius:0px;--awb-margin-top:0px;--awb-margin-right:0px;--awb-margin-bottom:0px;--awb-margin-left:0px;--awb-social-box-border-top:0px;--awb-social-box-border-right:0px;--awb-social-box-border-bottom:0px;--awb-social-box-border-left:0px;--awb-social-box-border-color:var(--awb-color3);--awb-social-box-border-color-hover:var(--awb-color4);--awb-social-box-colors-hover:rgba(232,232,232,0.8);--awb-social-icon-boxed-colors:#e8e8e8;--awb-social-icon-colors:#004830;--awb-social-icon-colors-hover:rgba(190,189,189,0.8);\"><div class=\"person-shortcode-image-wrapper\"><div class=\"person-image-container hover-type-none\" style=\"border:0px solid #f6f6f6;-webkit-border-radius:0px;-moz-border-radius:0px;border-radius:0px;\"><img decoding=\"async\" class=\"person-img img-responsive wp-image-137544\" width=\"180\" height=\"180\" src=\"https:\/\/www.vivacquaadvogados.com\/wp-content\/uploads\/2026\/01\/helio_180px.png\" alt=\"H\u00e9lio Rubens Batista Ribeiro Costa\" srcset=\"https:\/\/www.vivacquaadvogados.com\/wp-content\/uploads\/2026\/01\/helio_180px-66x66.png 66w, https:\/\/www.vivacquaadvogados.com\/wp-content\/uploads\/2026\/01\/helio_180px-150x150.png 150w, https:\/\/www.vivacquaadvogados.com\/wp-content\/uploads\/2026\/01\/helio_180px.png 180w\" sizes=\"(max-width: 180px) 100vw, 180px\" \/><\/div><\/div><div class=\"person-desc\"><div class=\"person-author\"><div class=\"person-author-wrapper\"><span class=\"person-name\">H\u00e9lio Rubens Batista Ribeiro Costa<\/span><span class=\"person-title\"><\/span><\/div><\/div><div class=\"person-content fusion-clearfix\">\nConsejero Federal de la Orden de Abogados de Brasil (OAB) por el estado de S\u00e3o Paulo en los mandatos de 2022 a 2024 y de 2025 a 2027.<\/p>\n<p>Procurador Constitucional Adjunto del Consejo Federal de la OAB.<\/p>\n<p>Miembro de la Comisi\u00f3n de Estudios Constitucionales del Consejo Federal de la OAB.<\/p>\n<p>Mag\u00edster en Derecho por la Pontificia Universidad Cat\u00f3lica de S\u00e3o Paulo (PUC\/SP).<\/p>\n<p>Secretario Nacional del Colegio de Presidentes de los Institutos de Abogados de Brasil.<\/p>\n<p>Fue Director del Instituto de Abogados de S\u00e3o Paulo, donde actualmente ejerce como Consejero.<\/p>\n<p>Miembro de las Comisiones de Defensa de la Ciudadan\u00eda y de Honorarios de Sucumbencia de la OAB\/S\u00e3o Paulo.<\/p>\n<p>Amplia experiencia ante el Superior Tribunal de Justicia (STJ) y el Supremo Tribunal Federal (STF).<\/p>\n<p>Autor de diversos art\u00edculos y coordinador de publicaciones en el \u00e1mbito jur\u00eddico.<\/p>\n<p>Colabora con varios suplementos y revistas jur\u00eddicas de S\u00e3o Paulo y de otros Estados.<\/p>\n<p>Miembro de la Uni\u00f3n Brasile\u00f1a de Escritores y exdirector del Instituto Brasile\u00f1o de Cultura.<\/div><div class=\"fusion-social-networks\"><div class=\"fusion-social-networks-wrapper\"><a class=\"fusion-social-network-icon fusion-tooltip fusion-linkedin awb-icon-linkedin custom\" aria-label=\"fusion-linkedin\" href=\"https:\/\/www.linkedin.com\/in\/h%C3%A9lio-rubens-batista-ribeiro-costa-19b724177\/\" target=\"_blank\" rel=\"noopener noreferrer\" style=\"color:#004830;font-size:16px;\" data-placement=\"top\" data-title=\"LinkedIn\" title=\"LinkedIn\" data-toggle=\"tooltip\"><\/a><a class=\"fusion-social-network-icon fusion-tooltip fusion-mail awb-icon-mail custom\" aria-label=\"fusion-mail\" href=\"mailto:h&#101;&#108;&#105;o&#064;viva&#099;&#113;&#117;a&#046;ad&#118;.&#098;r\" target=\"_self\" style=\"color:#004830;font-size:16px;\" data-placement=\"top\" data-title=\"Mail\" title=\"Mail\" data-toggle=\"tooltip\"><\/a><\/div><\/div><\/div><\/div><\/div><\/div><\/div><\/div><div class=\"fusion-modal modal fade modal-14 rodrigo_r\" tabindex=\"-1\" role=\"dialog\" aria-labelledby=\"modal-heading-14\" aria-hidden=\"true\" style=\"--awb-border-color:#ebebeb;--awb-background:#f6f6f6;\"><div class=\"modal-dialog modal-lg\" role=\"document\"><div class=\"modal-content fusion-modal-content\"><div class=\"modal-header\"><button class=\"close\" type=\"button\" data-dismiss=\"modal\" aria-hidden=\"true\" aria-label=\"Close\">&times;<\/button><h3 class=\"modal-title\" id=\"modal-heading-14\" data-dismiss=\"modal\" aria-hidden=\"true\"><\/h3><\/div><div class=\"modal-body fusion-clearfix\"><div class=\"fusion-person person fusion-person-left fusion-person-14 fusion-person-icon-bottom\" style=\"--awb-pic-style-color:#000000;--awb-pic-borderradius:0px;--awb-margin-top:0px;--awb-margin-right:0px;--awb-margin-bottom:0px;--awb-margin-left:0px;--awb-social-box-border-top:0px;--awb-social-box-border-right:0px;--awb-social-box-border-bottom:0px;--awb-social-box-border-left:0px;--awb-social-box-border-color:var(--awb-color3);--awb-social-box-border-color-hover:var(--awb-color4);--awb-social-box-colors-hover:rgba(232,232,232,0.8);--awb-social-icon-boxed-colors:#e8e8e8;--awb-social-icon-colors:#004830;--awb-social-icon-colors-hover:rgba(190,189,189,0.8);\"><div class=\"person-shortcode-image-wrapper\"><div class=\"person-image-container hover-type-none\" style=\"border:0px solid #f6f6f6;-webkit-border-radius:0px;-moz-border-radius:0px;border-radius:0px;\"><img decoding=\"async\" class=\"person-img img-responsive wp-image-137655\" width=\"180\" height=\"180\" src=\"https:\/\/www.vivacquaadvogados.com\/wp-content\/uploads\/2026\/01\/rodrigo_180px.png\" alt=\"Rodrigo Ramalho\" srcset=\"https:\/\/www.vivacquaadvogados.com\/wp-content\/uploads\/2026\/01\/rodrigo_180px-66x66.png 66w, https:\/\/www.vivacquaadvogados.com\/wp-content\/uploads\/2026\/01\/rodrigo_180px-150x150.png 150w, https:\/\/www.vivacquaadvogados.com\/wp-content\/uploads\/2026\/01\/rodrigo_180px.png 180w\" sizes=\"(max-width: 180px) 100vw, 180px\" \/><\/div><\/div><div class=\"person-desc\"><div class=\"person-author\"><div class=\"person-author-wrapper\"><span class=\"person-name\">Rodrigo Ramalho<\/span><span class=\"person-title\"><\/span><\/div><\/div><div class=\"person-content fusion-clearfix\">\n<p style=\"text-align: justify;\">Ex Asesor Especial de la Secretar\u00eda Municipal de Vivienda y Participaci\u00f3n Ciudadana del Ayuntamiento del R\u00edo de Janeiro.<\/p>\n<p style=\"text-align: justify;\">Miembro de la Miembro de la Comisi\u00f3n Especial de Licitaci\u00f3n y Contractos Administrativos \u201cCELCA\u201d de la Orden de Abogados de Brasil \u201cOAB \/ RJ\u201d de 2016 a 2022.<\/p>\n<p style=\"text-align: justify;\">Licenciado en Derecho y con especializaci\u00f3n en Derecho de la Tributaci\u00f3n por la Universidad Candido Mendes.<\/p>\n<p style=\"text-align: justify;\">Opera en esferas consultiva y contenciosa en las \u00e1reas civil, de impuesto y administrativa.<\/p>\n<\/div><div class=\"fusion-social-networks\"><div class=\"fusion-social-networks-wrapper\"><a class=\"fusion-social-network-icon fusion-tooltip fusion-linkedin awb-icon-linkedin custom\" aria-label=\"fusion-linkedin\" href=\"https:\/\/www.linkedin.com\/company\/vivacqua-advogados\/\" target=\"_blank\" rel=\"noopener noreferrer\" style=\"color:#004830;font-size:16px;\" data-placement=\"top\" data-title=\"LinkedIn\" title=\"LinkedIn\" data-toggle=\"tooltip\"><\/a><a class=\"fusion-social-network-icon fusion-tooltip fusion-mail awb-icon-mail custom\" aria-label=\"fusion-mail\" href=\"mailto:&#114;&#111;d&#114;&#105;&#103;&#111;&#064;vivac&#113;ua.&#097;&#100;v.br\" target=\"_self\" style=\"color:#004830;font-size:16px;\" data-placement=\"top\" data-title=\"Mail\" title=\"Mail\" data-toggle=\"tooltip\"><\/a><\/div><\/div><\/div><\/div><\/div><\/div><\/div><\/div><div class=\"fusion-modal modal fade modal-15 ludmila\" tabindex=\"-1\" role=\"dialog\" aria-labelledby=\"modal-heading-15\" aria-hidden=\"true\" style=\"--awb-border-color:#ebebeb;--awb-background:#f6f6f6;\"><div class=\"modal-dialog modal-lg\" role=\"document\"><div class=\"modal-content fusion-modal-content\"><div class=\"modal-header\"><button class=\"close\" type=\"button\" data-dismiss=\"modal\" aria-hidden=\"true\" aria-label=\"Close\">&times;<\/button><h3 class=\"modal-title\" id=\"modal-heading-15\" data-dismiss=\"modal\" aria-hidden=\"true\"><\/h3><\/div><div class=\"modal-body fusion-clearfix\"><div class=\"fusion-person person fusion-person-left fusion-person-15 fusion-person-icon-bottom\" style=\"--awb-pic-style-color:#000000;--awb-pic-borderradius:0px;--awb-margin-top:0px;--awb-margin-right:0px;--awb-margin-bottom:0px;--awb-margin-left:0px;--awb-social-box-border-top:0px;--awb-social-box-border-right:0px;--awb-social-box-border-bottom:0px;--awb-social-box-border-left:0px;--awb-social-box-border-color:var(--awb-color3);--awb-social-box-border-color-hover:var(--awb-color4);--awb-social-box-colors-hover:rgba(232,232,232,0.8);--awb-social-icon-boxed-colors:#e8e8e8;--awb-social-icon-colors:#004830;--awb-social-icon-colors-hover:rgba(190,189,189,0.8);\"><div class=\"person-desc\"><div class=\"person-author\"><div class=\"person-author-wrapper\"><span class=\"person-name\">Ludimila Bravin Lobo<\/span><span class=\"person-title\"><\/span><\/div><\/div><div class=\"person-content fusion-clearfix\">\n<p style=\"text-align: justify;\">Licenciada en Derecho y con especializaci\u00f3n en Derecho Procesal Civil y asistiendo especializaci\u00f3n en Derecho del Trabajo y Proceso de Trabajo.<\/p>\n<p style=\"text-align: justify;\">Opera en esferas consultiva y contenciosa en las \u00e1reas civil y del trabajo.<\/p>\n<\/div><div class=\"fusion-social-networks\"><div class=\"fusion-social-networks-wrapper\"><a class=\"fusion-social-network-icon fusion-tooltip fusion-linkedin awb-icon-linkedin custom\" aria-label=\"fusion-linkedin\" href=\"https:\/\/www.linkedin.com\/company\/vivacqua-advogados\/\" target=\"_blank\" rel=\"noopener noreferrer\" style=\"color:#004830;font-size:16px;\" data-placement=\"top\" data-title=\"LinkedIn\" title=\"LinkedIn\" data-toggle=\"tooltip\"><\/a><a class=\"fusion-social-network-icon fusion-tooltip fusion-mail awb-icon-mail custom\" aria-label=\"fusion-mail\" href=\"mailto:&#108;&#117;&#100;&#105;mi&#108;&#097;&#064;&#118;i&#118;a&#099;q&#117;&#097;&#046;&#097;d&#118;&#046;&#098;r\" target=\"_self\" style=\"color:#004830;font-size:16px;\" data-placement=\"top\" data-title=\"Mail\" title=\"Mail\" data-toggle=\"tooltip\"><\/a><\/div><\/div><\/div><\/div><\/div><\/div><\/div><\/div><div class=\"fusion-modal modal fade modal-16 jose\" tabindex=\"-1\" role=\"dialog\" aria-labelledby=\"modal-heading-16\" aria-hidden=\"true\" style=\"--awb-border-color:#ebebeb;--awb-background:#f6f6f6;\"><div class=\"modal-dialog modal-lg\" role=\"document\"><div class=\"modal-content fusion-modal-content\"><div class=\"modal-header\"><button class=\"close\" type=\"button\" data-dismiss=\"modal\" aria-hidden=\"true\" aria-label=\"Close\">&times;<\/button><h3 class=\"modal-title\" id=\"modal-heading-16\" data-dismiss=\"modal\" aria-hidden=\"true\"><\/h3><\/div><div class=\"modal-body fusion-clearfix\"><div class=\"fusion-person person fusion-person-left fusion-person-16 fusion-person-icon-bottom\" style=\"--awb-pic-style-color:#000000;--awb-pic-borderradius:0px;--awb-margin-top:0px;--awb-margin-right:0px;--awb-margin-bottom:0px;--awb-margin-left:0px;--awb-social-box-border-top:0px;--awb-social-box-border-right:0px;--awb-social-box-border-bottom:0px;--awb-social-box-border-left:0px;--awb-social-box-border-color:var(--awb-color3);--awb-social-box-border-color-hover:var(--awb-color4);--awb-social-box-colors-hover:rgba(232,232,232,0.8);--awb-social-icon-boxed-colors:#e8e8e8;--awb-social-icon-colors:#004830;--awb-social-icon-colors-hover:rgba(190,189,189,0.8);\"><div class=\"person-shortcode-image-wrapper\"><div class=\"person-image-container hover-type-none\" style=\"border:0px solid #f6f6f6;-webkit-border-radius:0px;-moz-border-radius:0px;border-radius:0px;\"><img decoding=\"async\" class=\"person-img img-responsive wp-image-137550\" width=\"180\" height=\"180\" src=\"https:\/\/www.vivacquaadvogados.com\/wp-content\/uploads\/2026\/01\/jose_180px.png\" alt=\"Jos\u00e9 Torres\" srcset=\"https:\/\/www.vivacquaadvogados.com\/wp-content\/uploads\/2026\/01\/jose_180px-66x66.png 66w, https:\/\/www.vivacquaadvogados.com\/wp-content\/uploads\/2026\/01\/jose_180px-150x150.png 150w, https:\/\/www.vivacquaadvogados.com\/wp-content\/uploads\/2026\/01\/jose_180px.png 180w\" sizes=\"(max-width: 180px) 100vw, 180px\" \/><\/div><\/div><div class=\"person-desc\"><div class=\"person-author\"><div class=\"person-author-wrapper\"><span class=\"person-name\">Jos\u00e9 Torres<\/span><span class=\"person-title\"><\/span><\/div><\/div><div class=\"person-content fusion-clearfix\">\n<p style=\"text-align: justify;\">Miembro de la Comisi\u00f3n Especial de Derecho Empresarial de la Orden de Abogados de Brasil \u201cOAB \/ RJ\u201d de 2016 a 2022.<\/p>\n<p style=\"text-align: justify;\">Graduado en Ciencias Jur\u00eddicas y Postgrado en Derecho Procesal Civil por la Escuela Superior de Abogac\u00eda \u2013 ESA \/ RJ.<\/p>\n<p style=\"text-align: justify;\">Actu\u00f3 en renombradas oficinas de abogados de R\u00edo de Janeiro.<\/p>\n<p style=\"text-align: justify;\">Opera en esferas consultiva y contenciosa en las \u00e1reas corporativa, mar\u00edtima, civil, laboral y consumo.<\/p>\n<\/div><div class=\"fusion-social-networks\"><div class=\"fusion-social-networks-wrapper\"><a class=\"fusion-social-network-icon fusion-tooltip fusion-linkedin awb-icon-linkedin custom\" aria-label=\"fusion-linkedin\" href=\"https:\/\/www.linkedin.com\/in\/jose-campello-429551a4?lipi=urn%3Ali%3Apage%3Ad_flagship3_profile_view_base%3BMdIkCl7BSsir8o3BJer6EA%3D%3D\" target=\"_blank\" rel=\"noopener noreferrer\" style=\"color:#004830;font-size:16px;\" data-placement=\"top\" data-title=\"LinkedIn\" title=\"LinkedIn\" data-toggle=\"tooltip\"><\/a><a class=\"fusion-social-network-icon fusion-tooltip fusion-mail awb-icon-mail custom\" aria-label=\"fusion-mail\" href=\"mailto:n&#101;t&#111;&#064;vi&#118;&#097;cq&#117;&#097;.&#097;dv.&#098;r\" target=\"_self\" style=\"color:#004830;font-size:16px;\" data-placement=\"top\" data-title=\"Mail\" title=\"Mail\" data-toggle=\"tooltip\"><\/a><\/div><\/div><\/div><\/div><\/div><\/div><\/div><\/div><div class=\"fusion-modal modal fade modal-17 fernanda\" tabindex=\"-1\" role=\"dialog\" aria-labelledby=\"modal-heading-17\" aria-hidden=\"true\" style=\"--awb-border-color:#ebebeb;--awb-background:#f6f6f6;\"><div class=\"modal-dialog modal-lg\" role=\"document\"><div class=\"modal-content fusion-modal-content\"><div class=\"modal-header\"><button class=\"close\" type=\"button\" data-dismiss=\"modal\" aria-hidden=\"true\" aria-label=\"Close\">&times;<\/button><h3 class=\"modal-title\" id=\"modal-heading-17\" data-dismiss=\"modal\" aria-hidden=\"true\"><\/h3><\/div><div class=\"modal-body fusion-clearfix\"><div class=\"fusion-person person fusion-person-left fusion-person-17 fusion-person-icon-bottom\" style=\"--awb-pic-style-color:#000000;--awb-pic-borderradius:0px;--awb-margin-top:0px;--awb-margin-right:0px;--awb-margin-bottom:0px;--awb-margin-left:0px;--awb-social-box-border-top:0px;--awb-social-box-border-right:0px;--awb-social-box-border-bottom:0px;--awb-social-box-border-left:0px;--awb-social-box-border-color:var(--awb-color3);--awb-social-box-border-color-hover:var(--awb-color4);--awb-social-box-colors-hover:rgba(232,232,232,0.8);--awb-social-icon-boxed-colors:#e8e8e8;--awb-social-icon-colors:#004830;--awb-social-icon-colors-hover:rgba(190,189,189,0.8);\"><div class=\"person-shortcode-image-wrapper\"><div class=\"person-image-container hover-type-none\" style=\"border:0px solid #f6f6f6;-webkit-border-radius:0px;-moz-border-radius:0px;border-radius:0px;\"><img decoding=\"async\" class=\"person-img img-responsive wp-image-137556\" width=\"180\" height=\"180\" src=\"https:\/\/www.vivacquaadvogados.com\/wp-content\/uploads\/2026\/01\/fernanda_180px.png\" alt=\"Fernanda C. Sena\" srcset=\"https:\/\/www.vivacquaadvogados.com\/wp-content\/uploads\/2026\/01\/fernanda_180px-66x66.png 66w, https:\/\/www.vivacquaadvogados.com\/wp-content\/uploads\/2026\/01\/fernanda_180px-150x150.png 150w, https:\/\/www.vivacquaadvogados.com\/wp-content\/uploads\/2026\/01\/fernanda_180px.png 180w\" sizes=\"(max-width: 180px) 100vw, 180px\" \/><\/div><\/div><div class=\"person-desc\"><div class=\"person-author\"><div class=\"person-author-wrapper\"><span class=\"person-name\">Fernanda C. Sena<\/span><span class=\"person-title\"><\/span><\/div><\/div><div class=\"person-content fusion-clearfix\">Licenciada en Ciencias Jur\u00eddicas, trabaj\u00f3 en despachos de abogados de reconocido prestigio en R\u00edo de Janeiro.<\/p>\n<p>Opera en esferas consultiva y contenciosa en las \u00e1reas corporativa, civil, laboral y consumo.<\/div><div class=\"fusion-social-networks\"><div class=\"fusion-social-networks-wrapper\"><a class=\"fusion-social-network-icon fusion-tooltip fusion-linkedin awb-icon-linkedin custom\" aria-label=\"fusion-linkedin\" href=\"https:\/\/www.linkedin.com\/company\/vivacqua-advogados\/\" target=\"_blank\" rel=\"noopener noreferrer\" style=\"color:#004830;font-size:16px;\" data-placement=\"top\" data-title=\"LinkedIn\" title=\"LinkedIn\" data-toggle=\"tooltip\"><\/a><a class=\"fusion-social-network-icon fusion-tooltip fusion-mail awb-icon-mail custom\" aria-label=\"fusion-mail\" href=\"mailto:f&#101;&#114;n&#097;&#110;&#100;&#097;&#064;&#118;&#105;v&#097;&#099;qu&#097;.&#097;d&#118;&#046;br\" target=\"_self\" style=\"color:#004830;font-size:16px;\" data-placement=\"top\" data-title=\"Mail\" title=\"Mail\" data-toggle=\"tooltip\"><\/a><\/div><\/div><\/div><\/div><\/div><\/div><\/div><\/div><div class=\"fusion-modal modal fade modal-18 luiz\" tabindex=\"-1\" role=\"dialog\" aria-labelledby=\"modal-heading-18\" aria-hidden=\"true\" style=\"--awb-border-color:#ebebeb;--awb-background:#f6f6f6;\"><div class=\"modal-dialog modal-lg\" role=\"document\"><div class=\"modal-content fusion-modal-content\"><div class=\"modal-header\"><button class=\"close\" type=\"button\" data-dismiss=\"modal\" aria-hidden=\"true\" aria-label=\"Close\">&times;<\/button><h3 class=\"modal-title\" id=\"modal-heading-18\" data-dismiss=\"modal\" aria-hidden=\"true\"><\/h3><\/div><div class=\"modal-body fusion-clearfix\"><div class=\"fusion-person person fusion-person-left fusion-person-18 fusion-person-icon-bottom\" style=\"--awb-pic-style-color:#000000;--awb-pic-borderradius:0px;--awb-margin-top:0px;--awb-margin-right:0px;--awb-margin-bottom:0px;--awb-margin-left:0px;--awb-social-box-border-top:0px;--awb-social-box-border-right:0px;--awb-social-box-border-bottom:0px;--awb-social-box-border-left:0px;--awb-social-box-border-color:var(--awb-color3);--awb-social-box-border-color-hover:var(--awb-color4);--awb-social-box-colors-hover:rgba(232,232,232,0.8);--awb-social-icon-boxed-colors:#e8e8e8;--awb-social-icon-colors:#004830;--awb-social-icon-colors-hover:rgba(190,189,189,0.8);\"><div class=\"person-shortcode-image-wrapper\"><div class=\"person-image-container hover-type-none\" style=\"border:0px solid #f6f6f6;-webkit-border-radius:0px;-moz-border-radius:0px;border-radius:0px;\"><img decoding=\"async\" class=\"person-img img-responsive wp-image-137030\" width=\"180\" height=\"180\" src=\"https:\/\/www.vivacquaadvogados.com\/wp-content\/uploads\/2025\/06\/luiz_marcelo_180px.png\" alt=\"Luiz Marcelo P. Lima\" srcset=\"https:\/\/www.vivacquaadvogados.com\/wp-content\/uploads\/2025\/06\/luiz_marcelo_180px-66x66.png 66w, https:\/\/www.vivacquaadvogados.com\/wp-content\/uploads\/2025\/06\/luiz_marcelo_180px-150x150.png 150w, https:\/\/www.vivacquaadvogados.com\/wp-content\/uploads\/2025\/06\/luiz_marcelo_180px.png 180w\" sizes=\"(max-width: 180px) 100vw, 180px\" \/><\/div><\/div><div class=\"person-desc\"><div class=\"person-author\"><div class=\"person-author-wrapper\"><span class=\"person-name\">Luiz Marcelo P. Lima<\/span><span class=\"person-title\"><\/span><\/div><\/div><div class=\"person-content fusion-clearfix\"><div class=\"fusion-image-element fusion-image-align-center in-legacy-container\" style=\"text-align:center;--awb-caption-title-font-family:var(--h2_typography-font-family);--awb-caption-title-font-weight:var(--h2_typography-font-weight);--awb-caption-title-font-style:var(--h2_typography-font-style);--awb-caption-title-size:var(--h2_typography-font-size);--awb-caption-title-transform:var(--h2_typography-text-transform);--awb-caption-title-line-height:var(--h2_typography-line-height);--awb-caption-title-letter-spacing:var(--h2_typography-letter-spacing);\"><div class=\"imageframe-align-center\"><span class=\" fusion-imageframe imageframe-none imageframe-26 hover-type-none\"><img decoding=\"async\" width=\"300\" height=\"94\" src=\"http:\/\/www.vivacquaadvogados.com\/wp-content\/uploads\/2018\/04\/logocampelo2-300x94.jpg\" alt class=\"img-responsive wp-image-2727\" srcset=\"https:\/\/www.vivacquaadvogados.com\/wp-content\/uploads\/2018\/04\/logocampelo2-200x63.jpg 200w, https:\/\/www.vivacquaadvogados.com\/wp-content\/uploads\/2018\/04\/logocampelo2-400x126.jpg 400w, https:\/\/www.vivacquaadvogados.com\/wp-content\/uploads\/2018\/04\/logocampelo2-600x188.jpg 600w, https:\/\/www.vivacquaadvogados.com\/wp-content\/uploads\/2018\/04\/logocampelo2.jpg 656w\" sizes=\"(max-width: 800px) 100vw, 300px\" \/><\/span><\/div><\/div>\n<p>Opera en esferas comercial y civil.<\/p>\n<p>OAB\/RJ 135.239<\/div><div class=\"fusion-social-networks\"><div class=\"fusion-social-networks-wrapper\"><a class=\"fusion-social-network-icon fusion-tooltip fusion-linkedin awb-icon-linkedin custom\" aria-label=\"fusion-linkedin\" href=\"https:\/\/www.linkedin.com\/company\/vivacqua-advogados\/\" target=\"_blank\" rel=\"noopener noreferrer\" style=\"color:#004830;font-size:16px;\" data-placement=\"top\" data-title=\"LinkedIn\" title=\"LinkedIn\" data-toggle=\"tooltip\"><\/a><a class=\"fusion-social-network-icon fusion-tooltip fusion-mail awb-icon-mail custom\" aria-label=\"fusion-mail\" href=\"mailto:&#108;&#117;&#105;&#122;&#064;ca&#109;&#112;e&#108;&#111;e&#116;&#111;r&#114;&#101;s.&#099;o&#109;&#046;&#098;&#114;\" target=\"_self\" style=\"color:#004830;font-size:16px;\" data-placement=\"top\" data-title=\"Mail\" title=\"Mail\" data-toggle=\"tooltip\"><\/a><\/div><\/div><\/div><\/div><\/div><\/div><\/div><\/div><div class=\"fusion-modal modal fade modal-19 ana\" tabindex=\"-1\" role=\"dialog\" aria-labelledby=\"modal-heading-19\" aria-hidden=\"true\" style=\"--awb-border-color:#ebebeb;--awb-background:#f6f6f6;\"><div class=\"modal-dialog modal-lg\" role=\"document\"><div class=\"modal-content fusion-modal-content\"><div class=\"modal-header\"><button class=\"close\" type=\"button\" data-dismiss=\"modal\" aria-hidden=\"true\" aria-label=\"Close\">&times;<\/button><h3 class=\"modal-title\" id=\"modal-heading-19\" data-dismiss=\"modal\" aria-hidden=\"true\"><\/h3><\/div><div class=\"modal-body fusion-clearfix\"><div class=\"fusion-person person fusion-person-left fusion-person-19 fusion-person-icon-bottom\" style=\"--awb-pic-style-color:#000000;--awb-pic-borderradius:0px;--awb-margin-top:0px;--awb-margin-right:0px;--awb-margin-bottom:0px;--awb-margin-left:0px;--awb-social-box-border-top:0px;--awb-social-box-border-right:0px;--awb-social-box-border-bottom:0px;--awb-social-box-border-left:0px;--awb-social-box-border-color:var(--awb-color3);--awb-social-box-border-color-hover:var(--awb-color4);--awb-social-box-colors-hover:rgba(232,232,232,0.8);--awb-social-icon-boxed-colors:#e8e8e8;--awb-social-icon-colors:#004830;--awb-social-icon-colors-hover:rgba(190,189,189,0.8);\"><div class=\"person-desc\"><div class=\"person-author\"><div class=\"person-author-wrapper\"><span class=\"person-name\">Ana Carolina Gon\u00e7alves Moreno<\/span><span class=\"person-title\"><\/span><\/div><\/div><div class=\"person-content fusion-clearfix\"><div class=\"fusion-image-element fusion-image-align-center in-legacy-container\" style=\"text-align:center;--awb-caption-title-font-family:var(--h2_typography-font-family);--awb-caption-title-font-weight:var(--h2_typography-font-weight);--awb-caption-title-font-style:var(--h2_typography-font-style);--awb-caption-title-size:var(--h2_typography-font-size);--awb-caption-title-transform:var(--h2_typography-text-transform);--awb-caption-title-line-height:var(--h2_typography-line-height);--awb-caption-title-letter-spacing:var(--h2_typography-letter-spacing);\"><div class=\"imageframe-align-center\"><span class=\" fusion-imageframe imageframe-none imageframe-27 hover-type-none\"><img decoding=\"async\" width=\"300\" height=\"94\" src=\"http:\/\/www.vivacquaadvogados.com\/wp-content\/uploads\/2018\/04\/logocampelo2-300x94.jpg\" alt class=\"img-responsive wp-image-2727\" srcset=\"https:\/\/www.vivacquaadvogados.com\/wp-content\/uploads\/2018\/04\/logocampelo2-200x63.jpg 200w, https:\/\/www.vivacquaadvogados.com\/wp-content\/uploads\/2018\/04\/logocampelo2-400x126.jpg 400w, https:\/\/www.vivacquaadvogados.com\/wp-content\/uploads\/2018\/04\/logocampelo2-600x188.jpg 600w, https:\/\/www.vivacquaadvogados.com\/wp-content\/uploads\/2018\/04\/logocampelo2.jpg 656w\" sizes=\"(max-width: 800px) 100vw, 300px\" \/><\/span><\/div><\/div>\n<p>Opera en esferas comercial y civil.<\/p>\n<p>OAB\/RJ 135.325<\/div><div class=\"fusion-social-networks\"><div class=\"fusion-social-networks-wrapper\"><a class=\"fusion-social-network-icon fusion-tooltip fusion-linkedin awb-icon-linkedin custom\" aria-label=\"fusion-linkedin\" href=\"https:\/\/www.linkedin.com\/company\/vivacqua-advogados\/\" target=\"_blank\" rel=\"noopener noreferrer\" style=\"color:#004830;font-size:16px;\" data-placement=\"top\" data-title=\"LinkedIn\" title=\"LinkedIn\" data-toggle=\"tooltip\"><\/a><a class=\"fusion-social-network-icon fusion-tooltip fusion-mail awb-icon-mail custom\" aria-label=\"fusion-mail\" href=\"mailto:&#097;&#110;&#097;ca&#114;olin&#097;&#064;viv&#097;&#099;&#113;u&#097;.&#097;&#100;&#118;.&#098;&#114;\" target=\"_self\" style=\"color:#004830;font-size:16px;\" data-placement=\"top\" data-title=\"Mail\" title=\"Mail\" data-toggle=\"tooltip\"><\/a><\/div><\/div><\/div><\/div><\/div><\/div><\/div><\/div><div class=\"fusion-modal modal fade modal-20 patricia\" tabindex=\"-1\" role=\"dialog\" aria-labelledby=\"modal-heading-20\" aria-hidden=\"true\" style=\"--awb-border-color:#ebebeb;--awb-background:#f6f6f6;\"><div class=\"modal-dialog modal-lg\" role=\"document\"><div class=\"modal-content fusion-modal-content\"><div class=\"modal-header\"><button class=\"close\" type=\"button\" data-dismiss=\"modal\" aria-hidden=\"true\" aria-label=\"Close\">&times;<\/button><h3 class=\"modal-title\" id=\"modal-heading-20\" data-dismiss=\"modal\" aria-hidden=\"true\"><\/h3><\/div><div class=\"modal-body fusion-clearfix\"><div class=\"fusion-person person fusion-person-left fusion-person-20 fusion-person-icon-bottom\" style=\"--awb-pic-style-color:#000000;--awb-pic-borderradius:0px;--awb-margin-top:0px;--awb-margin-right:0px;--awb-margin-bottom:0px;--awb-margin-left:0px;--awb-social-box-border-top:0px;--awb-social-box-border-right:0px;--awb-social-box-border-bottom:0px;--awb-social-box-border-left:0px;--awb-social-box-border-color:var(--awb-color3);--awb-social-box-border-color-hover:var(--awb-color4);--awb-social-box-colors-hover:rgba(232,232,232,0.8);--awb-social-icon-boxed-colors:#e8e8e8;--awb-social-icon-colors:#004830;--awb-social-icon-colors-hover:rgba(190,189,189,0.8);\"><div class=\"person-desc\"><div class=\"person-author\"><div class=\"person-author-wrapper\"><span class=\"person-name\">Patr\u00edcia Gama Chuquer<\/span><span class=\"person-title\"><\/span><\/div><\/div><div class=\"person-content fusion-clearfix\"><div class=\"fusion-image-element fusion-image-align-center in-legacy-container\" style=\"text-align:center;--awb-caption-title-font-family:var(--h2_typography-font-family);--awb-caption-title-font-weight:var(--h2_typography-font-weight);--awb-caption-title-font-style:var(--h2_typography-font-style);--awb-caption-title-size:var(--h2_typography-font-size);--awb-caption-title-transform:var(--h2_typography-text-transform);--awb-caption-title-line-height:var(--h2_typography-line-height);--awb-caption-title-letter-spacing:var(--h2_typography-letter-spacing);\"><div class=\"imageframe-align-center\"><span class=\" fusion-imageframe imageframe-none imageframe-28 hover-type-none\"><img decoding=\"async\" width=\"300\" height=\"94\" src=\"http:\/\/www.vivacquaadvogados.com\/wp-content\/uploads\/2018\/04\/logocampelo2-300x94.jpg\" alt class=\"img-responsive wp-image-2727\" srcset=\"https:\/\/www.vivacquaadvogados.com\/wp-content\/uploads\/2018\/04\/logocampelo2-200x63.jpg 200w, https:\/\/www.vivacquaadvogados.com\/wp-content\/uploads\/2018\/04\/logocampelo2-400x126.jpg 400w, https:\/\/www.vivacquaadvogados.com\/wp-content\/uploads\/2018\/04\/logocampelo2-600x188.jpg 600w, https:\/\/www.vivacquaadvogados.com\/wp-content\/uploads\/2018\/04\/logocampelo2.jpg 656w\" sizes=\"(max-width: 800px) 100vw, 300px\" \/><\/span><\/div><\/div>\n<p>Opera en esferas comercial y civil.<\/p>\n<p>OAB\/RJ 118.737<\/div><div class=\"fusion-social-networks\"><div class=\"fusion-social-networks-wrapper\"><a class=\"fusion-social-network-icon fusion-tooltip fusion-linkedin awb-icon-linkedin custom\" aria-label=\"fusion-linkedin\" href=\"https:\/\/www.linkedin.com\/company\/vivacqua-advogados\/\" target=\"_blank\" rel=\"noopener noreferrer\" style=\"color:#004830;font-size:16px;\" data-placement=\"top\" data-title=\"LinkedIn\" title=\"LinkedIn\" data-toggle=\"tooltip\"><\/a><a class=\"fusion-social-network-icon fusion-tooltip fusion-mail awb-icon-mail custom\" aria-label=\"fusion-mail\" href=\"mailto:p&#097;&#116;ri&#099;&#105;a&#064;&#118;&#105;&#118;ac&#113;&#117;a&#046;adv.b&#114;\" target=\"_self\" style=\"color:#004830;font-size:16px;\" data-placement=\"top\" data-title=\"Mail\" title=\"Mail\" data-toggle=\"tooltip\"><\/a><\/div><\/div><\/div><\/div><\/div><\/div><\/div><\/div><div class=\"fusion-modal modal fade modal-21 luiz_lima\" tabindex=\"-1\" role=\"dialog\" aria-labelledby=\"modal-heading-21\" aria-hidden=\"true\" style=\"--awb-border-color:#ebebeb;--awb-background:#f6f6f6;\"><div class=\"modal-dialog modal-lg\" role=\"document\"><div class=\"modal-content fusion-modal-content\"><div class=\"modal-header\"><button class=\"close\" type=\"button\" data-dismiss=\"modal\" aria-hidden=\"true\" aria-label=\"Close\">&times;<\/button><h3 class=\"modal-title\" id=\"modal-heading-21\" data-dismiss=\"modal\" aria-hidden=\"true\"><\/h3><\/div><div class=\"modal-body fusion-clearfix\"><div class=\"fusion-person person fusion-person-left fusion-person-21 fusion-person-icon-bottom\" style=\"--awb-pic-style-color:#000000;--awb-pic-borderradius:0px;--awb-margin-top:0px;--awb-margin-right:0px;--awb-margin-bottom:0px;--awb-margin-left:0px;--awb-social-box-border-top:0px;--awb-social-box-border-right:0px;--awb-social-box-border-bottom:0px;--awb-social-box-border-left:0px;--awb-social-box-border-color:var(--awb-color3);--awb-social-box-border-color-hover:var(--awb-color4);--awb-social-box-colors-hover:rgba(232,232,232,0.8);--awb-social-icon-boxed-colors:#e8e8e8;--awb-social-icon-colors:#004830;--awb-social-icon-colors-hover:rgba(190,189,189,0.8);\"><div class=\"person-shortcode-image-wrapper\"><div class=\"person-image-container hover-type-none\" style=\"border:0px solid #f6f6f6;-webkit-border-radius:0px;-moz-border-radius:0px;border-radius:0px;\"><img decoding=\"async\" class=\"person-img img-responsive wp-image-137553\" width=\"180\" height=\"180\" src=\"https:\/\/www.vivacquaadvogados.com\/wp-content\/uploads\/2026\/01\/luiz_180px.png\" alt=\"Luiz Marcelo Pinto Lima\" srcset=\"https:\/\/www.vivacquaadvogados.com\/wp-content\/uploads\/2026\/01\/luiz_180px-66x66.png 66w, https:\/\/www.vivacquaadvogados.com\/wp-content\/uploads\/2026\/01\/luiz_180px-150x150.png 150w, https:\/\/www.vivacquaadvogados.com\/wp-content\/uploads\/2026\/01\/luiz_180px.png 180w\" sizes=\"(max-width: 180px) 100vw, 180px\" \/><\/div><\/div><div class=\"person-desc\"><div class=\"person-author\"><div class=\"person-author-wrapper\"><span class=\"person-name\">Luiz Marcelo Pinto Lima<\/span><span class=\"person-title\"><\/span><\/div><\/div><div class=\"person-content fusion-clearfix\">\nOpera en esferas comercial y civil.<\/p>\n<p>OAB\/RJ 135.239<\/div><div class=\"fusion-social-networks\"><div class=\"fusion-social-networks-wrapper\"><a class=\"fusion-social-network-icon fusion-tooltip fusion-mail awb-icon-mail custom\" aria-label=\"fusion-mail\" href=\"mailto:&#108;ui&#122;m&#097;r&#099;elo&#064;&#118;&#105;va&#099;&#113;&#117;&#097;&#046;ad&#118;.b&#114;\" target=\"_self\" style=\"color:#004830;font-size:16px;\" data-placement=\"top\" data-title=\"Mail\" title=\"Mail\" data-toggle=\"tooltip\"><\/a><\/div><\/div><\/div><\/div><\/div><\/div><\/div><\/div><div class=\"fusion-modal modal fade modal-22 yngrid\" tabindex=\"-1\" role=\"dialog\" aria-labelledby=\"modal-heading-22\" aria-hidden=\"true\" style=\"--awb-border-color:#ebebeb;--awb-background:#f6f6f6;\"><div class=\"modal-dialog modal-lg\" role=\"document\"><div class=\"modal-content fusion-modal-content\"><div class=\"modal-header\"><button class=\"close\" type=\"button\" data-dismiss=\"modal\" aria-hidden=\"true\" aria-label=\"Close\">&times;<\/button><h3 class=\"modal-title\" id=\"modal-heading-22\" data-dismiss=\"modal\" aria-hidden=\"true\"><\/h3><\/div><div class=\"modal-body fusion-clearfix\"><div class=\"fusion-person person fusion-person-left fusion-person-22 fusion-person-icon-bottom\" style=\"--awb-pic-style-color:#000000;--awb-pic-borderradius:0px;--awb-margin-top:0px;--awb-margin-right:0px;--awb-margin-bottom:0px;--awb-margin-left:0px;--awb-social-box-border-top:0px;--awb-social-box-border-right:0px;--awb-social-box-border-bottom:0px;--awb-social-box-border-left:0px;--awb-social-box-border-color:var(--awb-color3);--awb-social-box-border-color-hover:var(--awb-color4);--awb-social-box-colors-hover:rgba(232,232,232,0.8);--awb-social-icon-boxed-colors:#e8e8e8;--awb-social-icon-colors:#004830;--awb-social-icon-colors-hover:rgba(190,189,189,0.8);\"><div class=\"person-desc\"><div class=\"person-author\"><div class=\"person-author-wrapper\"><span class=\"person-name\">Yngrid Pereira Magalh\u00e3es<\/span><span class=\"person-title\"><\/span><\/div><\/div><div class=\"person-content fusion-clearfix\">\nOpera en esferas comercial y civil.<\/p>\n<p>OAB\/RJ 228.317<\/div><div class=\"fusion-social-networks\"><div class=\"fusion-social-networks-wrapper\"><a class=\"fusion-social-network-icon fusion-tooltip fusion-linkedin awb-icon-linkedin custom\" aria-label=\"fusion-linkedin\" href=\"https:\/\/www.linkedin.com\/in\/yngridmagalh%C3%A3es\/\" target=\"_blank\" rel=\"noopener noreferrer\" style=\"color:#004830;font-size:16px;\" data-placement=\"top\" data-title=\"LinkedIn\" title=\"LinkedIn\" data-toggle=\"tooltip\"><\/a><a class=\"fusion-social-network-icon fusion-tooltip fusion-mail awb-icon-mail custom\" aria-label=\"fusion-mail\" href=\"mailto:y&#110;&#103;&#114;&#105;dp&#101;re&#105;ra&#064;v&#105;&#118;&#097;&#099;&#113;&#117;a.&#097;d&#118;&#046;b&#114;\" target=\"_self\" style=\"color:#004830;font-size:16px;\" data-placement=\"top\" data-title=\"Mail\" title=\"Mail\" data-toggle=\"tooltip\"><\/a><\/div><\/div><\/div><\/div><\/div><\/div><\/div><\/div><div class=\"fusion-modal modal fade modal-23 roberta_r\" tabindex=\"-1\" role=\"dialog\" aria-labelledby=\"modal-heading-23\" aria-hidden=\"true\" style=\"--awb-border-color:#ebebeb;--awb-background:#f6f6f6;\"><div class=\"modal-dialog modal-lg\" role=\"document\"><div class=\"modal-content fusion-modal-content\"><div class=\"modal-header\"><button class=\"close\" type=\"button\" data-dismiss=\"modal\" aria-hidden=\"true\" aria-label=\"Close\">&times;<\/button><h3 class=\"modal-title\" id=\"modal-heading-23\" data-dismiss=\"modal\" aria-hidden=\"true\"><\/h3><\/div><div class=\"modal-body fusion-clearfix\"><div class=\"fusion-person person fusion-person-left fusion-person-23 fusion-person-icon-bottom\" style=\"--awb-pic-style-color:#000000;--awb-pic-borderradius:0px;--awb-margin-top:0px;--awb-margin-right:0px;--awb-margin-bottom:0px;--awb-margin-left:0px;--awb-social-box-border-top:0px;--awb-social-box-border-right:0px;--awb-social-box-border-bottom:0px;--awb-social-box-border-left:0px;--awb-social-box-border-color:var(--awb-color3);--awb-social-box-border-color-hover:var(--awb-color4);--awb-social-box-colors-hover:rgba(232,232,232,0.8);--awb-social-icon-boxed-colors:#e8e8e8;--awb-social-icon-colors:#004830;--awb-social-icon-colors-hover:rgba(190,189,189,0.8);\"><div class=\"person-desc\"><div class=\"person-author\"><div class=\"person-author-wrapper\"><span class=\"person-name\">Roberta Gomes Balthazar<\/span><span class=\"person-title\"><\/span><\/div><\/div><div class=\"person-content fusion-clearfix\"><div class=\"fusion-image-element fusion-image-align-center in-legacy-container\" style=\"text-align:center;--awb-caption-title-font-family:var(--h2_typography-font-family);--awb-caption-title-font-weight:var(--h2_typography-font-weight);--awb-caption-title-font-style:var(--h2_typography-font-style);--awb-caption-title-size:var(--h2_typography-font-size);--awb-caption-title-transform:var(--h2_typography-text-transform);--awb-caption-title-line-height:var(--h2_typography-line-height);--awb-caption-title-letter-spacing:var(--h2_typography-letter-spacing);\"><div class=\"imageframe-align-center\"><span class=\" fusion-imageframe imageframe-none imageframe-29 hover-type-none\"><img decoding=\"async\" width=\"300\" height=\"94\" src=\"http:\/\/www.vivacquaadvogados.com\/wp-content\/uploads\/2018\/04\/logocampelo2-300x94.jpg\" alt class=\"img-responsive wp-image-2727\" srcset=\"https:\/\/www.vivacquaadvogados.com\/wp-content\/uploads\/2018\/04\/logocampelo2-200x63.jpg 200w, https:\/\/www.vivacquaadvogados.com\/wp-content\/uploads\/2018\/04\/logocampelo2-400x126.jpg 400w, https:\/\/www.vivacquaadvogados.com\/wp-content\/uploads\/2018\/04\/logocampelo2-600x188.jpg 600w, https:\/\/www.vivacquaadvogados.com\/wp-content\/uploads\/2018\/04\/logocampelo2.jpg 656w\" sizes=\"(max-width: 800px) 100vw, 300px\" \/><\/span><\/div><\/div>\n<p>Opera en esferas comercial y civil.<\/p>\n<p>OAB\/RJ 210.410<\/div><div class=\"fusion-social-networks\"><div class=\"fusion-social-networks-wrapper\"><a class=\"fusion-social-network-icon fusion-tooltip fusion-linkedin awb-icon-linkedin custom\" aria-label=\"fusion-linkedin\" href=\"https:\/\/www.linkedin.com\/company\/vivacqua-advogados\/\" target=\"_blank\" rel=\"noopener noreferrer\" style=\"color:#004830;font-size:16px;\" data-placement=\"top\" data-title=\"LinkedIn\" title=\"LinkedIn\" data-toggle=\"tooltip\"><\/a><a class=\"fusion-social-network-icon fusion-tooltip fusion-mail awb-icon-mail custom\" aria-label=\"fusion-mail\" href=\"mailto:&#114;&#111;&#098;&#101;r&#116;a&#064;v&#105;v&#097;c&#113;ua.ad&#118;&#046;b&#114;\" target=\"_self\" style=\"color:#004830;font-size:16px;\" data-placement=\"top\" data-title=\"Mail\" title=\"Mail\" data-toggle=\"tooltip\"><\/a><\/div><\/div><\/div><\/div><\/div><\/div><\/div><\/div><div class=\"fusion-modal modal fade modal-24 rodrigo\" tabindex=\"-1\" role=\"dialog\" aria-labelledby=\"modal-heading-24\" aria-hidden=\"true\" style=\"--awb-border-color:#ebebeb;--awb-background:#f6f6f6;\"><div class=\"modal-dialog modal-lg\" role=\"document\"><div class=\"modal-content fusion-modal-content\"><div class=\"modal-header\"><button class=\"close\" type=\"button\" data-dismiss=\"modal\" aria-hidden=\"true\" aria-label=\"Close\">&times;<\/button><h3 class=\"modal-title\" id=\"modal-heading-24\" data-dismiss=\"modal\" aria-hidden=\"true\"><\/h3><\/div><div class=\"modal-body fusion-clearfix\"><div class=\"fusion-person person fusion-person-left fusion-person-24 fusion-person-icon-bottom\" style=\"--awb-pic-style-color:#000000;--awb-pic-borderradius:0px;--awb-margin-top:0px;--awb-margin-right:0px;--awb-margin-bottom:0px;--awb-margin-left:0px;--awb-social-box-border-top:0px;--awb-social-box-border-right:0px;--awb-social-box-border-bottom:0px;--awb-social-box-border-left:0px;--awb-social-box-border-color:var(--awb-color3);--awb-social-box-border-color-hover:var(--awb-color4);--awb-social-box-colors-hover:rgba(232,232,232,0.8);--awb-social-icon-boxed-colors:#e8e8e8;--awb-social-icon-colors:#004830;--awb-social-icon-colors-hover:rgba(190,189,189,0.8);\"><div class=\"person-desc\"><div class=\"person-author\"><div class=\"person-author-wrapper\"><span class=\"person-name\">Rodrigo Emiliano da Silva<\/span><span class=\"person-title\"><\/span><\/div><\/div><div class=\"person-content fusion-clearfix\"><div class=\"fusion-image-element fusion-image-align-center in-legacy-container\" style=\"text-align:center;--awb-caption-title-font-family:var(--h2_typography-font-family);--awb-caption-title-font-weight:var(--h2_typography-font-weight);--awb-caption-title-font-style:var(--h2_typography-font-style);--awb-caption-title-size:var(--h2_typography-font-size);--awb-caption-title-transform:var(--h2_typography-text-transform);--awb-caption-title-line-height:var(--h2_typography-line-height);--awb-caption-title-letter-spacing:var(--h2_typography-letter-spacing);\"><div class=\"imageframe-align-center\"><span class=\" fusion-imageframe imageframe-none imageframe-30 hover-type-none\"><img decoding=\"async\" width=\"300\" height=\"94\" src=\"http:\/\/www.vivacquaadvogados.com\/wp-content\/uploads\/2018\/04\/logocampelo2-300x94.jpg\" alt class=\"img-responsive wp-image-2727\" srcset=\"https:\/\/www.vivacquaadvogados.com\/wp-content\/uploads\/2018\/04\/logocampelo2-200x63.jpg 200w, https:\/\/www.vivacquaadvogados.com\/wp-content\/uploads\/2018\/04\/logocampelo2-400x126.jpg 400w, https:\/\/www.vivacquaadvogados.com\/wp-content\/uploads\/2018\/04\/logocampelo2-600x188.jpg 600w, https:\/\/www.vivacquaadvogados.com\/wp-content\/uploads\/2018\/04\/logocampelo2.jpg 656w\" sizes=\"(max-width: 800px) 100vw, 300px\" \/><\/span><\/div><\/div>\n<p>Opera en esferas comercial y civil.<\/p>\n<p>OAB\/RJ 172.309<\/div><div class=\"fusion-social-networks\"><div class=\"fusion-social-networks-wrapper\"><a class=\"fusion-social-network-icon fusion-tooltip fusion-linkedin awb-icon-linkedin custom\" aria-label=\"fusion-linkedin\" href=\"https:\/\/www.linkedin.com\/company\/vivacqua-advogados\/\" target=\"_blank\" rel=\"noopener noreferrer\" style=\"color:#004830;font-size:16px;\" data-placement=\"top\" data-title=\"LinkedIn\" title=\"LinkedIn\" data-toggle=\"tooltip\"><\/a><a class=\"fusion-social-network-icon fusion-tooltip fusion-mail awb-icon-mail custom\" aria-label=\"fusion-mail\" href=\"mailto:rodrigo&#064;cam&#112;el&#111;et&#111;r&#114;es&#046;&#099;om&#046;&#098;r\" target=\"_self\" style=\"color:#004830;font-size:16px;\" data-placement=\"top\" data-title=\"Mail\" title=\"Mail\" data-toggle=\"tooltip\"><\/a><\/div><\/div><\/div><\/div><\/div><\/div><\/div><\/div><div class=\"fusion-modal modal fade modal-25 claudio_evangelista\" tabindex=\"-1\" role=\"dialog\" aria-labelledby=\"modal-heading-25\" aria-hidden=\"true\" style=\"--awb-border-color:#ebebeb;--awb-background:#f6f6f6;\"><div class=\"modal-dialog modal-lg\" role=\"document\"><div class=\"modal-content fusion-modal-content\"><div class=\"modal-header\"><button class=\"close\" type=\"button\" data-dismiss=\"modal\" aria-hidden=\"true\" aria-label=\"Close\">&times;<\/button><h3 class=\"modal-title\" id=\"modal-heading-25\" data-dismiss=\"modal\" aria-hidden=\"true\"><\/h3><\/div><div class=\"modal-body fusion-clearfix\"><div class=\"fusion-person person fusion-person-left fusion-person-25 fusion-person-icon-bottom\" style=\"--awb-pic-style-color:#000000;--awb-pic-borderradius:0px;--awb-margin-top:0px;--awb-margin-right:0px;--awb-margin-bottom:0px;--awb-margin-left:0px;--awb-social-box-border-top:0px;--awb-social-box-border-right:0px;--awb-social-box-border-bottom:0px;--awb-social-box-border-left:0px;--awb-social-box-border-color:var(--awb-color3);--awb-social-box-border-color-hover:var(--awb-color4);--awb-social-box-colors-hover:rgba(232,232,232,0.8);--awb-social-icon-boxed-colors:#e8e8e8;--awb-social-icon-colors:#004830;--awb-social-icon-colors-hover:rgba(190,189,189,0.8);\"><div class=\"person-desc\"><div class=\"person-author\"><div class=\"person-author-wrapper\"><span class=\"person-name\">Cl\u00e1udio Evangelista Carneiro de Souza<\/span><span class=\"person-title\"><\/span><\/div><\/div><div class=\"person-content fusion-clearfix\"><div class=\"fusion-image-element fusion-image-align-center in-legacy-container\" style=\"text-align:center;--awb-caption-title-font-family:var(--h2_typography-font-family);--awb-caption-title-font-weight:var(--h2_typography-font-weight);--awb-caption-title-font-style:var(--h2_typography-font-style);--awb-caption-title-size:var(--h2_typography-font-size);--awb-caption-title-transform:var(--h2_typography-text-transform);--awb-caption-title-line-height:var(--h2_typography-line-height);--awb-caption-title-letter-spacing:var(--h2_typography-letter-spacing);\"><div class=\"imageframe-align-center\"><span class=\" fusion-imageframe imageframe-none imageframe-31 hover-type-none\"><img decoding=\"async\" width=\"300\" height=\"94\" src=\"http:\/\/www.vivacquaadvogados.com\/wp-content\/uploads\/2018\/04\/logocampelo2-300x94.jpg\" alt class=\"img-responsive wp-image-2727\" srcset=\"https:\/\/www.vivacquaadvogados.com\/wp-content\/uploads\/2018\/04\/logocampelo2-200x63.jpg 200w, https:\/\/www.vivacquaadvogados.com\/wp-content\/uploads\/2018\/04\/logocampelo2-400x126.jpg 400w, https:\/\/www.vivacquaadvogados.com\/wp-content\/uploads\/2018\/04\/logocampelo2-600x188.jpg 600w, https:\/\/www.vivacquaadvogados.com\/wp-content\/uploads\/2018\/04\/logocampelo2.jpg 656w\" sizes=\"(max-width: 800px) 100vw, 300px\" \/><\/span><\/div><\/div>\n<p>Opera en esferas comercial y civil.<\/p>\n<p>OAB\/RJ 219.389<\/div><div class=\"fusion-social-networks\"><div class=\"fusion-social-networks-wrapper\"><a class=\"fusion-social-network-icon fusion-tooltip fusion-linkedin awb-icon-linkedin custom\" aria-label=\"fusion-linkedin\" href=\"https:\/\/www.linkedin.com\/company\/vivacqua-advogados\/\" target=\"_blank\" rel=\"noopener noreferrer\" style=\"color:#004830;font-size:16px;\" data-placement=\"top\" data-title=\"LinkedIn\" title=\"LinkedIn\" data-toggle=\"tooltip\"><\/a><a class=\"fusion-social-network-icon fusion-tooltip fusion-mail awb-icon-mail custom\" aria-label=\"fusion-mail\" href=\"mailto:c&#108;&#097;udi&#111;&#064;&#099;&#097;&#109;&#112;&#101;&#108;o&#101;torre&#115;&#046;c&#111;m&#046;br\" target=\"_self\" style=\"color:#004830;font-size:16px;\" data-placement=\"top\" data-title=\"Mail\" title=\"Mail\" data-toggle=\"tooltip\"><\/a><\/div><\/div><\/div><\/div><\/div><\/div><\/div><\/div><div class=\"fusion-modal modal fade modal-26 victor\" tabindex=\"-1\" role=\"dialog\" aria-labelledby=\"modal-heading-26\" aria-hidden=\"true\" style=\"--awb-border-color:#ebebeb;--awb-background:#f6f6f6;\"><div class=\"modal-dialog modal-lg\" role=\"document\"><div class=\"modal-content fusion-modal-content\"><div class=\"modal-header\"><button class=\"close\" type=\"button\" data-dismiss=\"modal\" aria-hidden=\"true\" aria-label=\"Close\">&times;<\/button><h3 class=\"modal-title\" id=\"modal-heading-26\" data-dismiss=\"modal\" aria-hidden=\"true\"><\/h3><\/div><div class=\"modal-body fusion-clearfix\"><div class=\"fusion-person person fusion-person-left fusion-person-26 fusion-person-icon-bottom\" style=\"--awb-pic-style-color:#000000;--awb-pic-borderradius:0px;--awb-margin-top:0px;--awb-margin-right:0px;--awb-margin-bottom:0px;--awb-margin-left:0px;--awb-social-box-border-top:0px;--awb-social-box-border-right:0px;--awb-social-box-border-bottom:0px;--awb-social-box-border-left:0px;--awb-social-box-border-color:var(--awb-color3);--awb-social-box-border-color-hover:var(--awb-color4);--awb-social-box-colors-hover:rgba(232,232,232,0.8);--awb-social-icon-boxed-colors:#e8e8e8;--awb-social-icon-colors:#004830;--awb-social-icon-colors-hover:rgba(190,189,189,0.8);\"><div class=\"person-desc\"><div class=\"person-author\"><div class=\"person-author-wrapper\"><span class=\"person-name\">Victor Jos\u00e9 Alves<\/span><span class=\"person-title\"><\/span><\/div><\/div><div class=\"person-content fusion-clearfix\"><div class=\"fusion-image-element fusion-image-align-center in-legacy-container\" style=\"text-align:center;--awb-caption-title-font-family:var(--h2_typography-font-family);--awb-caption-title-font-weight:var(--h2_typography-font-weight);--awb-caption-title-font-style:var(--h2_typography-font-style);--awb-caption-title-size:var(--h2_typography-font-size);--awb-caption-title-transform:var(--h2_typography-text-transform);--awb-caption-title-line-height:var(--h2_typography-line-height);--awb-caption-title-letter-spacing:var(--h2_typography-letter-spacing);\"><div class=\"imageframe-align-center\"><span class=\" fusion-imageframe imageframe-none imageframe-32 hover-type-none\"><img decoding=\"async\" width=\"300\" height=\"94\" src=\"http:\/\/www.vivacquaadvogados.com\/wp-content\/uploads\/2018\/04\/logocampelo2-300x94.jpg\" alt class=\"img-responsive wp-image-2727\" srcset=\"https:\/\/www.vivacquaadvogados.com\/wp-content\/uploads\/2018\/04\/logocampelo2-200x63.jpg 200w, https:\/\/www.vivacquaadvogados.com\/wp-content\/uploads\/2018\/04\/logocampelo2-400x126.jpg 400w, https:\/\/www.vivacquaadvogados.com\/wp-content\/uploads\/2018\/04\/logocampelo2-600x188.jpg 600w, https:\/\/www.vivacquaadvogados.com\/wp-content\/uploads\/2018\/04\/logocampelo2.jpg 656w\" sizes=\"(max-width: 800px) 100vw, 300px\" \/><\/span><\/div><\/div>\n<p>Opera en esferas comercial y civil.<\/p>\n<p>OAB\/RJ 207.832<\/div><div class=\"fusion-social-networks\"><div class=\"fusion-social-networks-wrapper\"><a class=\"fusion-social-network-icon fusion-tooltip fusion-linkedin awb-icon-linkedin custom\" aria-label=\"fusion-linkedin\" href=\"https:\/\/www.linkedin.com\/company\/vivacqua-advogados\/\" target=\"_blank\" rel=\"noopener noreferrer\" style=\"color:#004830;font-size:16px;\" data-placement=\"top\" data-title=\"LinkedIn\" title=\"LinkedIn\" data-toggle=\"tooltip\"><\/a><a class=\"fusion-social-network-icon fusion-tooltip fusion-mail awb-icon-mail custom\" aria-label=\"fusion-mail\" href=\"mailto:vic&#116;or&#064;c&#097;&#109;pe&#108;&#111;e&#116;&#111;&#114;re&#115;&#046;&#099;om.b&#114;\" target=\"_self\" style=\"color:#004830;font-size:16px;\" data-placement=\"top\" data-title=\"Mail\" title=\"Mail\" data-toggle=\"tooltip\"><\/a><\/div><\/div><\/div><\/div><\/div><\/div><\/div><\/div><div class=\"fusion-modal modal fade modal-27 marcelo\" tabindex=\"-1\" role=\"dialog\" aria-labelledby=\"modal-heading-27\" aria-hidden=\"true\" style=\"--awb-border-color:#ebebeb;--awb-background:#f6f6f6;\"><div class=\"modal-dialog modal-lg\" role=\"document\"><div class=\"modal-content fusion-modal-content\"><div class=\"modal-header\"><button class=\"close\" type=\"button\" data-dismiss=\"modal\" aria-hidden=\"true\" aria-label=\"Close\">&times;<\/button><h3 class=\"modal-title\" id=\"modal-heading-27\" data-dismiss=\"modal\" aria-hidden=\"true\"><\/h3><\/div><div class=\"modal-body fusion-clearfix\"><div class=\"fusion-person person fusion-person-left fusion-person-27 fusion-person-icon-bottom\" style=\"--awb-pic-style-color:#000000;--awb-pic-borderradius:0px;--awb-margin-top:0px;--awb-margin-right:0px;--awb-margin-bottom:0px;--awb-margin-left:0px;--awb-social-box-border-top:0px;--awb-social-box-border-right:0px;--awb-social-box-border-bottom:0px;--awb-social-box-border-left:0px;--awb-social-box-border-color:var(--awb-color3);--awb-social-box-border-color-hover:var(--awb-color4);--awb-social-box-colors-hover:rgba(232,232,232,0.8);--awb-social-icon-boxed-colors:#e8e8e8;--awb-social-icon-colors:#004830;--awb-social-icon-colors-hover:rgba(190,189,189,0.8);\"><div class=\"person-desc\"><div class=\"person-author\"><div class=\"person-author-wrapper\"><span class=\"person-name\">Marcelo Vital Albuquerque<\/span><span class=\"person-title\"><\/span><\/div><\/div><div class=\"person-content fusion-clearfix\">\n<p style=\"text-align: center;\">email: marcelo@vivacqua.adv.br<\/p>\n<\/div><div class=\"fusion-social-networks\"><div class=\"fusion-social-networks-wrapper\"><a class=\"fusion-social-network-icon fusion-tooltip fusion-linkedin awb-icon-linkedin custom\" aria-label=\"fusion-linkedin\" href=\"https:\/\/www.linkedin.com\/company\/vivacqua-advogados\/\" target=\"_blank\" rel=\"noopener noreferrer\" style=\"color:#004830;font-size:16px;\" data-placement=\"top\" data-title=\"LinkedIn\" title=\"LinkedIn\" data-toggle=\"tooltip\"><\/a><a class=\"fusion-social-network-icon fusion-tooltip fusion-mail awb-icon-mail custom\" aria-label=\"fusion-mail\" href=\"mailto:&#109;&#097;&#114;&#099;&#101;lo&#064;&#118;iva&#099;&#113;u&#097;.&#097;&#100;v&#046;&#098;r\" target=\"_self\" style=\"color:#004830;font-size:16px;\" data-placement=\"top\" data-title=\"Mail\" title=\"Mail\" data-toggle=\"tooltip\"><\/a><\/div><\/div><\/div><\/div><\/div><\/div><\/div><\/div><div class=\"fusion-modal modal fade modal-28 luiz_cristo\" tabindex=\"-1\" role=\"dialog\" aria-labelledby=\"modal-heading-28\" aria-hidden=\"true\" style=\"--awb-border-color:#ebebeb;--awb-background:#f6f6f6;\"><div class=\"modal-dialog modal-lg\" role=\"document\"><div class=\"modal-content fusion-modal-content\"><div class=\"modal-header\"><button class=\"close\" type=\"button\" data-dismiss=\"modal\" aria-hidden=\"true\" aria-label=\"Close\">&times;<\/button><h3 class=\"modal-title\" id=\"modal-heading-28\" data-dismiss=\"modal\" aria-hidden=\"true\"><\/h3><\/div><div class=\"modal-body fusion-clearfix\"><div class=\"fusion-person person fusion-person-left fusion-person-28 fusion-person-icon-bottom\" style=\"--awb-pic-style-color:#000000;--awb-pic-borderradius:0px;--awb-margin-top:0px;--awb-margin-right:0px;--awb-margin-bottom:0px;--awb-margin-left:0px;--awb-social-box-border-top:0px;--awb-social-box-border-right:0px;--awb-social-box-border-bottom:0px;--awb-social-box-border-left:0px;--awb-social-box-border-color:var(--awb-color3);--awb-social-box-border-color-hover:var(--awb-color4);--awb-social-box-colors-hover:rgba(232,232,232,0.8);--awb-social-icon-boxed-colors:#e8e8e8;--awb-social-icon-colors:#004830;--awb-social-icon-colors-hover:rgba(190,189,189,0.8);\"><div class=\"person-shortcode-image-wrapper\"><div class=\"person-image-container hover-type-none\" style=\"border:0px solid #f6f6f6;-webkit-border-radius:0px;-moz-border-radius:0px;border-radius:0px;\"><img decoding=\"async\" class=\"person-img img-responsive wp-image-137649\" width=\"180\" height=\"180\" src=\"https:\/\/www.vivacquaadvogados.com\/wp-content\/uploads\/2026\/01\/luiz_cristo_180px.png\" alt=\"Luiz Henrique de Cristo\" srcset=\"https:\/\/www.vivacquaadvogados.com\/wp-content\/uploads\/2026\/01\/luiz_cristo_180px-66x66.png 66w, https:\/\/www.vivacquaadvogados.com\/wp-content\/uploads\/2026\/01\/luiz_cristo_180px-150x150.png 150w, https:\/\/www.vivacquaadvogados.com\/wp-content\/uploads\/2026\/01\/luiz_cristo_180px.png 180w\" sizes=\"(max-width: 180px) 100vw, 180px\" \/><\/div><\/div><div class=\"person-desc\"><div class=\"person-author\"><div class=\"person-author-wrapper\"><span class=\"person-name\">Luiz Henrique de Cristo<\/span><span class=\"person-title\"><\/span><\/div><\/div><div class=\"person-content fusion-clearfix\">\n<p><img decoding=\"async\" class=\"aligncenter wp-image-137398 size-full\" src=\"https:\/\/www.vivacquaadvogados.com\/wp-content\/uploads\/2025\/11\/Ones-to-Watch-2026-Luiz-Henrique-de-Cristo.png\" alt=\"\" width=\"421\" height=\"150\" srcset=\"https:\/\/www.vivacquaadvogados.com\/wp-content\/uploads\/2025\/11\/Ones-to-Watch-2026-Luiz-Henrique-de-Cristo-200x71.png 200w, https:\/\/www.vivacquaadvogados.com\/wp-content\/uploads\/2025\/11\/Ones-to-Watch-2026-Luiz-Henrique-de-Cristo-300x107.png 300w, https:\/\/www.vivacquaadvogados.com\/wp-content\/uploads\/2025\/11\/Ones-to-Watch-2026-Luiz-Henrique-de-Cristo-400x143.png 400w, https:\/\/www.vivacquaadvogados.com\/wp-content\/uploads\/2025\/11\/Ones-to-Watch-2026-Luiz-Henrique-de-Cristo.png 421w\" sizes=\"(max-width: 421px) 100vw, 421px\" \/><\/p>\n<p>Procurador en la Procuradur\u00eda General del Municipio de Uruguaiana.<\/p>\n<p>Miembro efectivo de la ANADD \u2013 Asociaci\u00f3n Nacional de Abogadas(os) de Derecho Digital, desde 2024.<\/p>\n<p>Presidente de la Comisi\u00f3n de Abogac\u00eda P\u00fablica \u2013 CAP del Colegio de Abogados de Brasil (Ordem dos Advogados do Brasil \u2013 OAB), Subsecci\u00f3n de Uruguaiana \u2013 RS, desde 2024.<\/p>\n<p>Miembro de la Comisi\u00f3n de Derecho, Tecnolog\u00eda de la Informaci\u00f3n e Innovaci\u00f3n \u2013 CDTII desde 2024.<\/p>\n<p>Miembro del Consejo Fiscal de NELTUR \u2013 Niter\u00f3i Empresa de Ocio y Turismo S\/A, de 2021 a 2024.<\/p>\n<p>Residente Jur\u00eddico en la Procuradur\u00eda General del Estado de R\u00edo de Janeiro, de 2023 a 2024.<\/p>\n<p>Conciliador del Tribunal de Justicia del Estado de R\u00edo de Janeiro, de 2015 a 2017<\/p>\n<p>Graduado en Ciencias Jur\u00eddicas por la Universidad Est\u00e1cio de S\u00e1 y posgraduado en Conciliaci\u00f3n, Mediaci\u00f3n y Arbitraje por la Universidad Cruzeiro do Sul.<\/p>\n<p>Act\u00faa en el \u00e1mbito contencioso en las \u00e1reas empresarial y civil.<\/p>\n<\/div><div class=\"fusion-social-networks\"><div class=\"fusion-social-networks-wrapper\"><a class=\"fusion-social-network-icon fusion-tooltip fusion-linkedin awb-icon-linkedin custom\" aria-label=\"fusion-linkedin\" href=\"http:\/\/www.linkedin.com\/in\/luizhcristo\" target=\"_blank\" rel=\"noopener noreferrer\" style=\"color:#004830;font-size:16px;\" data-placement=\"top\" data-title=\"LinkedIn\" title=\"LinkedIn\" data-toggle=\"tooltip\"><\/a><a class=\"fusion-social-network-icon fusion-tooltip fusion-mail awb-icon-mail custom\" aria-label=\"fusion-mail\" href=\"mailto:&#108;&#117;izh&#101;&#110;ri&#113;&#117;&#101;&#064;&#118;i&#118;&#097;&#099;&#113;&#117;a.adv.b&#114;\" target=\"_self\" style=\"color:#004830;font-size:16px;\" data-placement=\"top\" data-title=\"Mail\" title=\"Mail\" data-toggle=\"tooltip\"><\/a><\/div><\/div><\/div><\/div><\/div><\/div><\/div><\/div><div class=\"fusion-modal modal fade modal-29 natasha\" tabindex=\"-1\" role=\"dialog\" aria-labelledby=\"modal-heading-29\" aria-hidden=\"true\" style=\"--awb-border-color:#ebebeb;--awb-background:#f6f6f6;\"><div class=\"modal-dialog modal-lg\" role=\"document\"><div class=\"modal-content fusion-modal-content\"><div class=\"modal-header\"><button class=\"close\" type=\"button\" data-dismiss=\"modal\" aria-hidden=\"true\" aria-label=\"Close\">&times;<\/button><h3 class=\"modal-title\" id=\"modal-heading-29\" data-dismiss=\"modal\" aria-hidden=\"true\"><\/h3><\/div><div class=\"modal-body fusion-clearfix\"><div class=\"fusion-person person fusion-person-left fusion-person-29 fusion-person-icon-bottom\" style=\"--awb-pic-style-color:#000000;--awb-pic-borderradius:0px;--awb-margin-top:0px;--awb-margin-right:0px;--awb-margin-bottom:0px;--awb-margin-left:0px;--awb-social-box-border-top:0px;--awb-social-box-border-right:0px;--awb-social-box-border-bottom:0px;--awb-social-box-border-left:0px;--awb-social-box-border-color:var(--awb-color3);--awb-social-box-border-color-hover:var(--awb-color4);--awb-social-box-colors-hover:rgba(232,232,232,0.8);--awb-social-icon-boxed-colors:#e8e8e8;--awb-social-icon-colors:#004830;--awb-social-icon-colors-hover:rgba(190,189,189,0.8);\"><div class=\"person-desc\"><div class=\"person-author\"><div class=\"person-author-wrapper\"><span class=\"person-name\">Natasha Alana S. Lopes da Rocha<\/span><span class=\"person-title\"><\/span><\/div><\/div><div class=\"person-content fusion-clearfix\">\n<p style=\"text-align: center;\">email: natasha@vivacqua.adv.br<\/p>\n<\/div><div class=\"fusion-social-networks\"><div class=\"fusion-social-networks-wrapper\"><a class=\"fusion-social-network-icon fusion-tooltip fusion-linkedin awb-icon-linkedin custom\" aria-label=\"fusion-linkedin\" href=\"https:\/\/www.linkedin.com\/company\/vivacqua-advogados\/\" target=\"_blank\" rel=\"noopener noreferrer\" style=\"color:#004830;font-size:16px;\" data-placement=\"top\" data-title=\"LinkedIn\" title=\"LinkedIn\" data-toggle=\"tooltip\"><\/a><a class=\"fusion-social-network-icon fusion-tooltip fusion-mail awb-icon-mail custom\" aria-label=\"fusion-mail\" href=\"mailto:n&#097;t&#097;&#115;&#104;a&#064;&#118;&#105;vacq&#117;a.ad&#118;.br\" target=\"_self\" style=\"color:#004830;font-size:16px;\" data-placement=\"top\" data-title=\"Mail\" title=\"Mail\" data-toggle=\"tooltip\"><\/a><\/div><\/div><\/div><\/div><\/div><\/div><\/div><\/div><div class=\"fusion-modal modal fade modal-30 maria_govea\" tabindex=\"-1\" role=\"dialog\" aria-labelledby=\"modal-heading-30\" aria-hidden=\"true\" style=\"--awb-border-color:#ebebeb;--awb-background:#f6f6f6;\"><div class=\"modal-dialog modal-lg\" role=\"document\"><div class=\"modal-content fusion-modal-content\"><div class=\"modal-header\"><button class=\"close\" type=\"button\" data-dismiss=\"modal\" aria-hidden=\"true\" aria-label=\"Close\">&times;<\/button><h3 class=\"modal-title\" id=\"modal-heading-30\" data-dismiss=\"modal\" aria-hidden=\"true\"><\/h3><\/div><div class=\"modal-body fusion-clearfix\"><div class=\"fusion-person person fusion-person-left fusion-person-30 fusion-person-icon-bottom\" style=\"--awb-pic-style-color:#000000;--awb-pic-borderradius:0px;--awb-margin-top:0px;--awb-margin-right:0px;--awb-margin-bottom:0px;--awb-margin-left:0px;--awb-social-box-border-top:0px;--awb-social-box-border-right:0px;--awb-social-box-border-bottom:0px;--awb-social-box-border-left:0px;--awb-social-box-border-color:var(--awb-color3);--awb-social-box-border-color-hover:var(--awb-color4);--awb-social-box-colors-hover:rgba(232,232,232,0.8);--awb-social-icon-boxed-colors:#e8e8e8;--awb-social-icon-colors:#004830;--awb-social-icon-colors-hover:rgba(190,189,189,0.8);\"><div class=\"person-shortcode-image-wrapper\"><div class=\"person-image-container hover-type-none\" style=\"border:0px solid #f6f6f6;-webkit-border-radius:0px;-moz-border-radius:0px;border-radius:0px;\"><img decoding=\"async\" class=\"person-img img-responsive wp-image-137565\" width=\"180\" height=\"180\" src=\"https:\/\/www.vivacquaadvogados.com\/wp-content\/uploads\/2026\/01\/maria_180px.png\" alt=\"Maria Eduarda Martins de Gov\u00eaa\" srcset=\"https:\/\/www.vivacquaadvogados.com\/wp-content\/uploads\/2026\/01\/maria_180px-66x66.png 66w, https:\/\/www.vivacquaadvogados.com\/wp-content\/uploads\/2026\/01\/maria_180px-150x150.png 150w, https:\/\/www.vivacquaadvogados.com\/wp-content\/uploads\/2026\/01\/maria_180px.png 180w\" sizes=\"(max-width: 180px) 100vw, 180px\" \/><\/div><\/div><div class=\"person-desc\"><div class=\"person-author\"><div class=\"person-author-wrapper\"><span class=\"person-name\">Maria Eduarda Martins de Gov\u00eaa<\/span><span class=\"person-title\"><\/span><\/div><\/div><div class=\"person-content fusion-clearfix\">\n<p style=\"text-align: left;\">Opera en esferas comercial y civil.<\/p>\n<p>OAB\/RJ 241.826<\/p>\n<\/div><div class=\"fusion-social-networks\"><div class=\"fusion-social-networks-wrapper\"><a class=\"fusion-social-network-icon fusion-tooltip fusion-linkedin awb-icon-linkedin custom\" aria-label=\"fusion-linkedin\" href=\"https:\/\/www.linkedin.com\/company\/vivacqua-advogados\/\" target=\"_blank\" rel=\"noopener noreferrer\" style=\"color:#004830;font-size:16px;\" data-placement=\"top\" data-title=\"LinkedIn\" title=\"LinkedIn\" data-toggle=\"tooltip\"><\/a><a class=\"fusion-social-network-icon fusion-tooltip fusion-mail awb-icon-mail custom\" aria-label=\"fusion-mail\" href=\"mailto:mar&#105;&#097;.edua&#114;&#100;&#097;&#064;v&#105;&#118;a&#099;&#113;&#117;&#097;.ad&#118;.b&#114;\" target=\"_self\" style=\"color:#004830;font-size:16px;\" data-placement=\"top\" data-title=\"Mail\" title=\"Mail\" data-toggle=\"tooltip\"><\/a><\/div><\/div><\/div><\/div><\/div><\/div><\/div><\/div><div class=\"fusion-modal modal fade modal-31 arthur\" tabindex=\"-1\" role=\"dialog\" aria-labelledby=\"modal-heading-31\" aria-hidden=\"true\" style=\"--awb-border-color:#ebebeb;--awb-background:#f6f6f6;\"><div class=\"modal-dialog modal-lg\" role=\"document\"><div class=\"modal-content fusion-modal-content\"><div class=\"modal-header\"><button class=\"close\" type=\"button\" data-dismiss=\"modal\" aria-hidden=\"true\" aria-label=\"Close\">&times;<\/button><h3 class=\"modal-title\" id=\"modal-heading-31\" data-dismiss=\"modal\" aria-hidden=\"true\"><\/h3><\/div><div class=\"modal-body fusion-clearfix\"><div class=\"fusion-person person fusion-person-left fusion-person-31 fusion-person-icon-bottom\" style=\"--awb-pic-style-color:#000000;--awb-pic-borderradius:0px;--awb-margin-top:0px;--awb-margin-right:0px;--awb-margin-bottom:0px;--awb-margin-left:0px;--awb-social-box-border-top:0px;--awb-social-box-border-right:0px;--awb-social-box-border-bottom:0px;--awb-social-box-border-left:0px;--awb-social-box-border-color:var(--awb-color3);--awb-social-box-border-color-hover:var(--awb-color4);--awb-social-box-colors-hover:rgba(232,232,232,0.8);--awb-social-icon-boxed-colors:#e8e8e8;--awb-social-icon-colors:#004830;--awb-social-icon-colors-hover:rgba(190,189,189,0.8);\"><div class=\"person-desc\"><div class=\"person-author\"><div class=\"person-author-wrapper\"><span class=\"person-name\">Arthur Lorenzo Aguiar Amaral<\/span><span class=\"person-title\"><\/span><\/div><\/div><div class=\"person-content fusion-clearfix\">\n<p style=\"text-align: center;\">email: arthur@vivacqua.adv.br<\/p>\n<\/div><div class=\"fusion-social-networks\"><div class=\"fusion-social-networks-wrapper\"><a class=\"fusion-social-network-icon fusion-tooltip fusion-linkedin awb-icon-linkedin custom\" aria-label=\"fusion-linkedin\" href=\"https:\/\/www.linkedin.com\/company\/vivacqua-advogados\/\" target=\"_blank\" rel=\"noopener noreferrer\" style=\"color:#004830;font-size:16px;\" data-placement=\"top\" data-title=\"LinkedIn\" title=\"LinkedIn\" data-toggle=\"tooltip\"><\/a><a class=\"fusion-social-network-icon fusion-tooltip fusion-mail awb-icon-mail custom\" aria-label=\"fusion-mail\" href=\"mailto:a&#114;&#116;&#104;&#117;r&#064;&#118;iv&#097;&#099;&#113;ua.a&#100;&#118;.br\" target=\"_self\" style=\"color:#004830;font-size:16px;\" data-placement=\"top\" data-title=\"Mail\" title=\"Mail\" data-toggle=\"tooltip\"><\/a><\/div><\/div><\/div><\/div><\/div><\/div><\/div><\/div><div class=\"fusion-modal modal fade modal-32 eduarda_pedrosa\" tabindex=\"-1\" role=\"dialog\" aria-labelledby=\"modal-heading-32\" aria-hidden=\"true\" style=\"--awb-border-color:#ebebeb;--awb-background:#f6f6f6;\"><div class=\"modal-dialog modal-lg\" role=\"document\"><div class=\"modal-content fusion-modal-content\"><div class=\"modal-header\"><button class=\"close\" type=\"button\" data-dismiss=\"modal\" aria-hidden=\"true\" aria-label=\"Close\">&times;<\/button><h3 class=\"modal-title\" id=\"modal-heading-32\" data-dismiss=\"modal\" aria-hidden=\"true\"><\/h3><\/div><div class=\"modal-body fusion-clearfix\"><div class=\"fusion-person person fusion-person-left fusion-person-32 fusion-person-icon-bottom\" style=\"--awb-pic-style-color:#000000;--awb-pic-borderradius:0px;--awb-margin-top:0px;--awb-margin-right:0px;--awb-margin-bottom:0px;--awb-margin-left:0px;--awb-social-box-border-top:0px;--awb-social-box-border-right:0px;--awb-social-box-border-bottom:0px;--awb-social-box-border-left:0px;--awb-social-box-border-color:var(--awb-color3);--awb-social-box-border-color-hover:var(--awb-color4);--awb-social-box-colors-hover:rgba(232,232,232,0.8);--awb-social-icon-boxed-colors:#e8e8e8;--awb-social-icon-colors:#004830;--awb-social-icon-colors-hover:rgba(190,189,189,0.8);\"><div class=\"person-desc\"><div class=\"person-author\"><div class=\"person-author-wrapper\"><span class=\"person-name\">Eduarda Menezes Pedrosa da Silva<\/span><span class=\"person-title\"><\/span><\/div><\/div><div class=\"person-content fusion-clearfix\">\n<p style=\"text-align: center;\">email: eduardamenezes@vivacqua.adv.br<\/p>\n<\/div><div class=\"fusion-social-networks\"><div class=\"fusion-social-networks-wrapper\"><a class=\"fusion-social-network-icon fusion-tooltip fusion-linkedin awb-icon-linkedin custom\" aria-label=\"fusion-linkedin\" href=\"https:\/\/www.linkedin.com\/in\/eduarda-menezes-pedrosa-da-silva-b3a452222\/\" target=\"_blank\" rel=\"noopener noreferrer\" style=\"color:#004830;font-size:16px;\" data-placement=\"top\" data-title=\"LinkedIn\" title=\"LinkedIn\" data-toggle=\"tooltip\"><\/a><a class=\"fusion-social-network-icon fusion-tooltip fusion-mail awb-icon-mail custom\" aria-label=\"fusion-mail\" href=\"mailto:&#101;du&#097;&#114;d&#097;&#109;en&#101;&#122;es&#064;&#118;iv&#097;&#099;q&#117;&#097;&#046;a&#100;v.&#098;&#114;\" target=\"_self\" style=\"color:#004830;font-size:16px;\" data-placement=\"top\" data-title=\"Mail\" title=\"Mail\" data-toggle=\"tooltip\"><\/a><\/div><\/div><\/div><\/div><\/div><\/div><\/div><\/div><div class=\"fusion-modal modal fade modal-33 millena_santos\" tabindex=\"-1\" role=\"dialog\" aria-labelledby=\"modal-heading-33\" aria-hidden=\"true\" style=\"--awb-border-color:#ebebeb;--awb-background:#f6f6f6;\"><div class=\"modal-dialog modal-lg\" role=\"document\"><div class=\"modal-content fusion-modal-content\"><div class=\"modal-header\"><button class=\"close\" type=\"button\" data-dismiss=\"modal\" aria-hidden=\"true\" aria-label=\"Close\">&times;<\/button><h3 class=\"modal-title\" id=\"modal-heading-33\" data-dismiss=\"modal\" aria-hidden=\"true\"><\/h3><\/div><div class=\"modal-body fusion-clearfix\"><div class=\"fusion-person person fusion-person-left fusion-person-33 fusion-person-icon-bottom\" style=\"--awb-pic-style-color:#000000;--awb-pic-borderradius:0px;--awb-margin-top:0px;--awb-margin-right:0px;--awb-margin-bottom:0px;--awb-margin-left:0px;--awb-social-box-border-top:0px;--awb-social-box-border-right:0px;--awb-social-box-border-bottom:0px;--awb-social-box-border-left:0px;--awb-social-box-border-color:var(--awb-color3);--awb-social-box-border-color-hover:var(--awb-color4);--awb-social-box-colors-hover:rgba(232,232,232,0.8);--awb-social-icon-boxed-colors:#e8e8e8;--awb-social-icon-colors:#004830;--awb-social-icon-colors-hover:rgba(190,189,189,0.8);\"><div class=\"person-desc\"><div class=\"person-author\"><div class=\"person-author-wrapper\"><span class=\"person-name\">Millena Carvalho dos Santos<\/span><span class=\"person-title\"><\/span><\/div><\/div><div class=\"person-content fusion-clearfix\">\n<p style=\"text-align: center;\">email: millenacarvalho@vivacqua.adv.br<\/p>\n<\/div><div class=\"fusion-social-networks\"><div class=\"fusion-social-networks-wrapper\"><a class=\"fusion-social-network-icon fusion-tooltip fusion-mail awb-icon-mail custom\" aria-label=\"fusion-mail\" href=\"mailto:m&#105;l&#108;en&#097;&#099;a&#114;&#118;a&#108;ho&#064;&#118;&#105;&#118;&#097;cqua&#046;adv&#046;&#098;r\" target=\"_self\" style=\"color:#004830;font-size:16px;\" data-placement=\"top\" data-title=\"Mail\" title=\"Mail\" data-toggle=\"tooltip\"><\/a><\/div><\/div><\/div><\/div><\/div><\/div><\/div><\/div><div class=\"fusion-modal modal fade modal-34 wanderley\" tabindex=\"-1\" role=\"dialog\" aria-labelledby=\"modal-heading-34\" aria-hidden=\"true\" style=\"--awb-border-color:#ebebeb;--awb-background:#f6f6f6;\"><div class=\"modal-dialog modal-lg\" role=\"document\"><div class=\"modal-content fusion-modal-content\"><div class=\"modal-header\"><button class=\"close\" type=\"button\" data-dismiss=\"modal\" aria-hidden=\"true\" aria-label=\"Close\">&times;<\/button><h3 class=\"modal-title\" id=\"modal-heading-34\" data-dismiss=\"modal\" aria-hidden=\"true\"><\/h3><\/div><div class=\"modal-body fusion-clearfix\"><div class=\"fusion-person person fusion-person-left fusion-person-34 fusion-person-icon-bottom\" style=\"--awb-pic-style-color:#000000;--awb-pic-borderradius:0px;--awb-margin-top:0px;--awb-margin-right:0px;--awb-margin-bottom:0px;--awb-margin-left:0px;--awb-social-box-border-top:0px;--awb-social-box-border-right:0px;--awb-social-box-border-bottom:0px;--awb-social-box-border-left:0px;--awb-social-box-border-color:var(--awb-color3);--awb-social-box-border-color-hover:var(--awb-color4);--awb-social-box-colors-hover:rgba(232,232,232,0.8);--awb-social-icon-boxed-colors:#e8e8e8;--awb-social-icon-colors:#004830;--awb-social-icon-colors-hover:rgba(190,189,189,0.8);\"><div class=\"person-desc\"><div class=\"person-author\"><div class=\"person-author-wrapper\"><span class=\"person-name\">Wanderley Lopes Soares Junior<\/span><span class=\"person-title\"><\/span><\/div><\/div><div class=\"person-content fusion-clearfix\">Licenciado en Derecho y con especializaci\u00f3n en derecho penal y derecho procesal penal.<\/p>\n<p>Profesor del curso derecho penal y derecho procesal penal.<\/p>\n<p>Opera en esferas consultiva y contenciosa en las \u00e1reas derecho penal y derecho procesal penal.<\/div><div class=\"fusion-social-networks\"><div class=\"fusion-social-networks-wrapper\"><a class=\"fusion-social-network-icon fusion-tooltip fusion-linkedin awb-icon-linkedin custom\" aria-label=\"fusion-linkedin\" href=\"https:\/\/www.linkedin.com\/in\/wanderley-lopes-soares-junior-88202a60\/\" target=\"_blank\" rel=\"noopener noreferrer\" style=\"color:#004830;font-size:16px;\" data-placement=\"top\" data-title=\"LinkedIn\" title=\"LinkedIn\" data-toggle=\"tooltip\"><\/a><a class=\"fusion-social-network-icon fusion-tooltip fusion-mail awb-icon-mail custom\" aria-label=\"fusion-mail\" href=\"mailto:&#119;&#097;n&#100;e&#114;&#108;&#101;&#121;&#064;&#118;i&#118;a&#099;qu&#097;&#046;a&#100;&#118;.br\" target=\"_self\" style=\"color:#004830;font-size:16px;\" data-placement=\"top\" data-title=\"Mail\" title=\"Mail\" data-toggle=\"tooltip\"><\/a><\/div><\/div><\/div><\/div><\/div><\/div><\/div><\/div><div class=\"fusion-modal modal fade modal-35 natalia_n\" tabindex=\"-1\" role=\"dialog\" aria-labelledby=\"modal-heading-35\" aria-hidden=\"true\" style=\"--awb-border-color:#ebebeb;--awb-background:#f6f6f6;\"><div class=\"modal-dialog modal-lg\" role=\"document\"><div class=\"modal-content fusion-modal-content\"><div class=\"modal-header\"><button class=\"close\" type=\"button\" data-dismiss=\"modal\" aria-hidden=\"true\" aria-label=\"Close\">&times;<\/button><h3 class=\"modal-title\" id=\"modal-heading-35\" data-dismiss=\"modal\" aria-hidden=\"true\"><\/h3><\/div><div class=\"modal-body fusion-clearfix\"><div class=\"fusion-person person fusion-person-left fusion-person-35 fusion-person-icon-bottom\" style=\"--awb-pic-style-color:#000000;--awb-pic-borderradius:0px;--awb-margin-top:0px;--awb-margin-right:0px;--awb-margin-bottom:0px;--awb-margin-left:0px;--awb-social-box-border-top:0px;--awb-social-box-border-right:0px;--awb-social-box-border-bottom:0px;--awb-social-box-border-left:0px;--awb-social-box-border-color:var(--awb-color3);--awb-social-box-border-color-hover:var(--awb-color4);--awb-social-box-colors-hover:rgba(232,232,232,0.8);--awb-social-icon-boxed-colors:#e8e8e8;--awb-social-icon-colors:#004830;--awb-social-icon-colors-hover:rgba(190,189,189,0.8);\"><div class=\"person-shortcode-image-wrapper\"><div class=\"person-image-container hover-type-none\" style=\"border:0px solid #f6f6f6;-webkit-border-radius:0px;-moz-border-radius:0px;border-radius:0px;\"><img decoding=\"async\" class=\"person-img img-responsive wp-image-137521\" width=\"180\" height=\"180\" src=\"https:\/\/www.vivacquaadvogados.com\/wp-content\/uploads\/2026\/01\/avatar_180px.png\" alt=\"Natalia Nunes\" srcset=\"https:\/\/www.vivacquaadvogados.com\/wp-content\/uploads\/2026\/01\/avatar_180px-66x66.png 66w, https:\/\/www.vivacquaadvogados.com\/wp-content\/uploads\/2026\/01\/avatar_180px-150x150.png 150w, https:\/\/www.vivacquaadvogados.com\/wp-content\/uploads\/2026\/01\/avatar_180px.png 180w\" sizes=\"(max-width: 180px) 100vw, 180px\" \/><\/div><\/div><div class=\"person-desc\"><div class=\"person-author\"><div class=\"person-author-wrapper\"><span class=\"person-name\">Natalia Nunes<\/span><span class=\"person-title\"><\/span><\/div><\/div><div class=\"person-content fusion-clearfix\">Miembro de la Comisi\u00f3n Especial de Licitaci\u00f3n y Contractos Administrativos \u201cCELCA\u201d de la Orden de Abogados de Brasil \u201cOAB \/ RJ\u201d de 2019 a 2022.<\/p>\n<p>Licenciada en Derecho por la Universidade Salgado de Oliveira \u2013 UNIVERSO, con especializaci\u00f3n en Derecho P\u00fablico por la CEJAS y tambi\u00e9n en Derecho del Consumidor y Responsabilidad Civil por la Universidade C\u00e2ndido Mendes \u2013 UCAM.<\/p>\n<p>Sirvi\u00f3 en despachos de abogados tradicionales en los siguientes segmentos: derecho del consumidor, responsabilidad civil y administraci\u00f3n p\u00fablica e integr\u00f3 la Comisi\u00f3n de Licitaci\u00f3n de la Niter\u00f3i Empresa de Lazer e Turismo S \/ A \u2013 NELTUR.<\/p>\n<p>Opera en esferas de consultiva y contenciosa en las \u00e1reas del consumidor, responsabilidad civil y administraci\u00f3n p\u00fablica.<\/div><div class=\"fusion-social-networks\"><div class=\"fusion-social-networks-wrapper\"><a class=\"fusion-social-network-icon fusion-tooltip fusion-linkedin awb-icon-linkedin custom\" aria-label=\"fusion-linkedin\" href=\"https:\/\/www.linkedin.com\/in\/natalia-nunes-929184b0\/\" target=\"_blank\" rel=\"noopener noreferrer\" style=\"color:#004830;font-size:16px;\" data-placement=\"top\" data-title=\"LinkedIn\" title=\"LinkedIn\" data-toggle=\"tooltip\"><\/a><a class=\"fusion-social-network-icon fusion-tooltip fusion-mail awb-icon-mail custom\" aria-label=\"fusion-mail\" href=\"mailto:&#110;&#097;&#116;al&#105;&#097;&#064;vi&#118;&#097;cqu&#097;.ad&#118;&#046;&#098;r\" target=\"_self\" style=\"color:#004830;font-size:16px;\" data-placement=\"top\" data-title=\"Mail\" title=\"Mail\" data-toggle=\"tooltip\"><\/a><\/div><\/div><\/div><\/div><\/div><\/div><\/div><\/div><div class=\"fusion-modal modal fade modal-36 edu\" tabindex=\"-1\" role=\"dialog\" aria-labelledby=\"modal-heading-36\" aria-hidden=\"true\" style=\"--awb-border-color:#ebebeb;--awb-background:#f6f6f6;\"><div class=\"modal-dialog modal-lg\" role=\"document\"><div class=\"modal-content fusion-modal-content\"><div class=\"modal-header\"><button class=\"close\" type=\"button\" data-dismiss=\"modal\" aria-hidden=\"true\" aria-label=\"Close\">&times;<\/button><h3 class=\"modal-title\" id=\"modal-heading-36\" data-dismiss=\"modal\" aria-hidden=\"true\"><\/h3><\/div><div class=\"modal-body fusion-clearfix\"><div class=\"fusion-person person fusion-person-left fusion-person-36 fusion-person-icon-bottom\" style=\"--awb-pic-style-color:#000000;--awb-pic-borderradius:0px;--awb-margin-top:0px;--awb-margin-right:0px;--awb-margin-bottom:0px;--awb-margin-left:0px;--awb-social-box-border-top:0px;--awb-social-box-border-right:0px;--awb-social-box-border-bottom:0px;--awb-social-box-border-left:0px;--awb-social-box-border-color:var(--awb-color3);--awb-social-box-border-color-hover:var(--awb-color4);--awb-social-box-colors-hover:rgba(232,232,232,0.8);--awb-social-icon-boxed-colors:#e8e8e8;--awb-social-icon-colors:#004830;--awb-social-icon-colors-hover:rgba(190,189,189,0.8);\"><div class=\"person-shortcode-image-wrapper\"><div class=\"person-image-container hover-type-none\" style=\"border:0px solid #f6f6f6;-webkit-border-radius:0px;-moz-border-radius:0px;border-radius:0px;\"><img decoding=\"async\" class=\"person-img img-responsive wp-image-137568\" width=\"180\" height=\"180\" src=\"https:\/\/www.vivacquaadvogados.com\/wp-content\/uploads\/2026\/01\/edu_180px.png\" alt=\"Eduardo Domingos\" srcset=\"https:\/\/www.vivacquaadvogados.com\/wp-content\/uploads\/2026\/01\/edu_180px-66x66.png 66w, https:\/\/www.vivacquaadvogados.com\/wp-content\/uploads\/2026\/01\/edu_180px-150x150.png 150w, https:\/\/www.vivacquaadvogados.com\/wp-content\/uploads\/2026\/01\/edu_180px.png 180w\" sizes=\"(max-width: 180px) 100vw, 180px\" \/><\/div><\/div><div class=\"person-desc\"><div class=\"person-author\"><div class=\"person-author-wrapper\"><span class=\"person-name\">Eduardo Domingos<\/span><span class=\"person-title\"><\/span><\/div><\/div><div class=\"person-content fusion-clearfix\">\n<p style=\"text-align: justify;\">Actualmente se desempe\u00f1a como Asesor de Gabinete en el Gobierno Municipal de Itagua\u00ed, donde tambi\u00e9n ocup\u00f3 los cargos de Secretario y Subsecretario. En este per\u00edodo, integr\u00f3 como miembro el Comit\u00e9 de Directrices de Tecnolog\u00eda, Seguridad de la Informaci\u00f3n y Privacidad (CDTSIP) y el Gabinete de Crisis para el Enfrentamiento del COVID-19 (Portar\u00eda N.\u00ba 3748\/2020), habiendo participado en la elaboraci\u00f3n t\u00e9cnica del Plan de Enfrentamiento al COVID-19 (Decreto N.\u00ba 4.557\/2021).<\/p>\n<p style=\"text-align: justify;\">Es Licenciado en Ciencias Jur\u00eddicas por la Universidad Est\u00e1cio de S\u00e1 y posee un Posgrado en Derecho Penal y Derecho Procesal Penal por la Universidad Gama Filho.<\/p>\n<p style=\"text-align: justify;\">Su trayectoria profesional abarca tanto la esfera consultiva como la contenciosa, con experiencia en licitaciones p\u00fablicas, contratos y actos administrativos, actos de improbidad administrativa y procedimientos administrativos disciplinarios, as\u00ed como en delitos contra la administraci\u00f3n p\u00fablica, derecho penal tributario e il\u00edcitos empresariales.<\/p>\n<p style=\"text-align: justify;\">Act\u00faa en los \u00e1mbitos del Derecho P\u00fablico, Derecho Administrativo y Derecho Penal.<\/p>\n<\/div><div class=\"fusion-social-networks\"><div class=\"fusion-social-networks-wrapper\"><a class=\"fusion-social-network-icon fusion-tooltip fusion-linkedin awb-icon-linkedin custom\" aria-label=\"fusion-linkedin\" href=\"https:\/\/www.linkedin.com\/in\/eduardo-domingos-878bb7278\/\" target=\"_blank\" rel=\"noopener noreferrer\" style=\"color:#004830;font-size:16px;\" data-placement=\"top\" data-title=\"LinkedIn\" title=\"LinkedIn\" data-toggle=\"tooltip\"><\/a><a class=\"fusion-social-network-icon fusion-tooltip fusion-mail awb-icon-mail custom\" aria-label=\"fusion-mail\" href=\"mailto:&#101;du&#097;rd&#111;&#064;&#118;ivac&#113;u&#097;&#046;adv&#046;&#098;r\" target=\"_self\" style=\"color:#004830;font-size:16px;\" data-placement=\"top\" data-title=\"Mail\" title=\"Mail\" data-toggle=\"tooltip\"><\/a><\/div><\/div><\/div><\/div><\/div><\/div><\/div><\/div><div class=\"fusion-modal modal fade modal-37 ana_caroline\" tabindex=\"-1\" role=\"dialog\" aria-labelledby=\"modal-heading-37\" aria-hidden=\"true\" style=\"--awb-border-color:#ebebeb;--awb-background:#f6f6f6;\"><div class=\"modal-dialog modal-lg\" role=\"document\"><div class=\"modal-content fusion-modal-content\"><div class=\"modal-header\"><button class=\"close\" type=\"button\" data-dismiss=\"modal\" aria-hidden=\"true\" aria-label=\"Close\">&times;<\/button><h3 class=\"modal-title\" id=\"modal-heading-37\" data-dismiss=\"modal\" aria-hidden=\"true\"><\/h3><\/div><div class=\"modal-body fusion-clearfix\"><div class=\"fusion-person person fusion-person-left fusion-person-37 fusion-person-icon-bottom\" style=\"--awb-pic-style-color:#000000;--awb-pic-borderradius:0px;--awb-margin-top:0px;--awb-margin-right:0px;--awb-margin-bottom:0px;--awb-margin-left:0px;--awb-social-box-border-top:0px;--awb-social-box-border-right:0px;--awb-social-box-border-bottom:0px;--awb-social-box-border-left:0px;--awb-social-box-border-color:var(--awb-color3);--awb-social-box-border-color-hover:var(--awb-color4);--awb-social-box-colors-hover:rgba(232,232,232,0.8);--awb-social-icon-boxed-colors:#e8e8e8;--awb-social-icon-colors:#004830;--awb-social-icon-colors-hover:rgba(190,189,189,0.8);\"><div class=\"person-desc\"><div class=\"person-author\"><div class=\"person-author-wrapper\"><span class=\"person-name\">Ana Caroline Mattos da Silva<\/span><span class=\"person-title\"><\/span><\/div><\/div><div class=\"person-content fusion-clearfix\">Opera en esferas comercial y civil.<\/p>\n<p>OAB\/RJ 239.961<\/div><div class=\"fusion-social-networks\"><div class=\"fusion-social-networks-wrapper\"><a class=\"fusion-social-network-icon fusion-tooltip fusion-linkedin awb-icon-linkedin custom\" aria-label=\"fusion-linkedin\" href=\"https:\/\/www.linkedin.com\/in\/anacarolinemattos\/\" target=\"_blank\" rel=\"noopener noreferrer\" style=\"color:#004830;font-size:16px;\" data-placement=\"top\" data-title=\"LinkedIn\" title=\"LinkedIn\" data-toggle=\"tooltip\"><\/a><a class=\"fusion-social-network-icon fusion-tooltip fusion-mail awb-icon-mail custom\" aria-label=\"fusion-mail\" href=\"mailto:a&#110;ac&#097;&#114;ol&#105;&#110;e&#064;vivacq&#117;&#097;&#046;ad&#118;&#046;&#098;r\" target=\"_self\" style=\"color:#004830;font-size:16px;\" data-placement=\"top\" data-title=\"Mail\" title=\"Mail\" data-toggle=\"tooltip\"><\/a><\/div><\/div><\/div><\/div><\/div><\/div><\/div><\/div><div class=\"fusion-modal modal fade modal-38 gabriel_m\" tabindex=\"-1\" role=\"dialog\" aria-labelledby=\"modal-heading-38\" aria-hidden=\"true\" style=\"--awb-border-color:#ebebeb;--awb-background:#f6f6f6;\"><div class=\"modal-dialog modal-lg\" role=\"document\"><div class=\"modal-content fusion-modal-content\"><div class=\"modal-header\"><button class=\"close\" type=\"button\" data-dismiss=\"modal\" aria-hidden=\"true\" aria-label=\"Close\">&times;<\/button><h3 class=\"modal-title\" id=\"modal-heading-38\" data-dismiss=\"modal\" aria-hidden=\"true\"><\/h3><\/div><div class=\"modal-body fusion-clearfix\"><div class=\"fusion-person person fusion-person-left fusion-person-38 fusion-person-icon-bottom\" style=\"--awb-pic-style-color:#000000;--awb-pic-borderradius:0px;--awb-margin-top:0px;--awb-margin-right:0px;--awb-margin-bottom:0px;--awb-margin-left:0px;--awb-social-box-border-top:0px;--awb-social-box-border-right:0px;--awb-social-box-border-bottom:0px;--awb-social-box-border-left:0px;--awb-social-box-border-color:var(--awb-color3);--awb-social-box-border-color-hover:var(--awb-color4);--awb-social-box-colors-hover:rgba(232,232,232,0.8);--awb-social-icon-boxed-colors:#e8e8e8;--awb-social-icon-colors:#004830;--awb-social-icon-colors-hover:rgba(190,189,189,0.8);\"><div class=\"person-desc\"><div class=\"person-author\"><div class=\"person-author-wrapper\"><span class=\"person-name\">Gabriel Motta<\/span><span class=\"person-title\"><\/span><\/div><\/div><div class=\"person-content fusion-clearfix\">Opera en esferas comercial y civil.<\/p>\n<p>OAB\/RJ 243.310<\/div><div class=\"fusion-social-networks\"><div class=\"fusion-social-networks-wrapper\"><a class=\"fusion-social-network-icon fusion-tooltip fusion-linkedin awb-icon-linkedin custom\" aria-label=\"fusion-linkedin\" href=\"https:\/\/www.linkedin.com\/in\/gabriel-motta-a1a639157\/\" target=\"_blank\" rel=\"noopener noreferrer\" style=\"color:#004830;font-size:16px;\" data-placement=\"top\" data-title=\"LinkedIn\" title=\"LinkedIn\" data-toggle=\"tooltip\"><\/a><a class=\"fusion-social-network-icon fusion-tooltip fusion-mail awb-icon-mail custom\" aria-label=\"fusion-mail\" href=\"mailto:g&#097;br&#105;&#101;l&#064;v&#105;&#118;a&#099;qua&#046;adv.b&#114;\" target=\"_self\" style=\"color:#004830;font-size:16px;\" data-placement=\"top\" data-title=\"Mail\" title=\"Mail\" data-toggle=\"tooltip\"><\/a><\/div><\/div><\/div><\/div><\/div><\/div><\/div><\/div><div class=\"fusion-modal modal fade modal-39 andressa_cristina\" tabindex=\"-1\" role=\"dialog\" aria-labelledby=\"modal-heading-39\" aria-hidden=\"true\" style=\"--awb-border-color:#ebebeb;--awb-background:#f6f6f6;\"><div class=\"modal-dialog modal-lg\" role=\"document\"><div class=\"modal-content fusion-modal-content\"><div class=\"modal-header\"><button class=\"close\" type=\"button\" data-dismiss=\"modal\" aria-hidden=\"true\" aria-label=\"Close\">&times;<\/button><h3 class=\"modal-title\" id=\"modal-heading-39\" data-dismiss=\"modal\" aria-hidden=\"true\"><\/h3><\/div><div class=\"modal-body fusion-clearfix\"><div class=\"fusion-person person fusion-person-left fusion-person-39 fusion-person-icon-bottom\" style=\"--awb-pic-style-color:#000000;--awb-pic-borderradius:0px;--awb-margin-top:0px;--awb-margin-right:0px;--awb-margin-bottom:0px;--awb-margin-left:0px;--awb-social-box-border-top:0px;--awb-social-box-border-right:0px;--awb-social-box-border-bottom:0px;--awb-social-box-border-left:0px;--awb-social-box-border-color:var(--awb-color3);--awb-social-box-border-color-hover:var(--awb-color4);--awb-social-box-colors-hover:rgba(232,232,232,0.8);--awb-social-icon-boxed-colors:#e8e8e8;--awb-social-icon-colors:#004830;--awb-social-icon-colors-hover:rgba(190,189,189,0.8);\"><div class=\"person-shortcode-image-wrapper\"><div class=\"person-image-container hover-type-none\" style=\"border:0px solid #f6f6f6;-webkit-border-radius:0px;-moz-border-radius:0px;border-radius:0px;\"><img decoding=\"async\" class=\"person-img img-responsive wp-image-137562\" width=\"180\" height=\"180\" src=\"https:\/\/www.vivacquaadvogados.com\/wp-content\/uploads\/2026\/01\/andressa_180px.png\" alt=\"Andressa Cristina Palomino Santana\" srcset=\"https:\/\/www.vivacquaadvogados.com\/wp-content\/uploads\/2026\/01\/andressa_180px-66x66.png 66w, https:\/\/www.vivacquaadvogados.com\/wp-content\/uploads\/2026\/01\/andressa_180px-150x150.png 150w, https:\/\/www.vivacquaadvogados.com\/wp-content\/uploads\/2026\/01\/andressa_180px.png 180w\" sizes=\"(max-width: 180px) 100vw, 180px\" \/><\/div><\/div><div class=\"person-desc\"><div class=\"person-author\"><div class=\"person-author-wrapper\"><span class=\"person-name\">Andressa Cristina Palomino Santana<\/span><span class=\"person-title\"><\/span><\/div><\/div><div class=\"person-content fusion-clearfix\">Opera en esferas comercial y civil.<\/p>\n<p>OAB\/RJ 232.217<\/div><div class=\"fusion-social-networks\"><div class=\"fusion-social-networks-wrapper\"><a class=\"fusion-social-network-icon fusion-tooltip fusion-linkedin awb-icon-linkedin custom\" aria-label=\"fusion-linkedin\" href=\"https:\/\/www.linkedin.com\/in\/andressa-palomino-3b73b512a\/\" target=\"_blank\" rel=\"noopener noreferrer\" style=\"color:#004830;font-size:16px;\" data-placement=\"top\" data-title=\"LinkedIn\" title=\"LinkedIn\" data-toggle=\"tooltip\"><\/a><a class=\"fusion-social-network-icon fusion-tooltip fusion-mail awb-icon-mail custom\" aria-label=\"fusion-mail\" href=\"mailto:a&#110;dr&#101;ss&#097;.c&#114;&#105;st&#105;na&#064;&#118;&#105;va&#099;&#113;&#117;a&#046;&#097;d&#118;&#046;&#098;r\" target=\"_self\" style=\"color:#004830;font-size:16px;\" data-placement=\"top\" data-title=\"Mail\" title=\"Mail\" data-toggle=\"tooltip\"><\/a><\/div><\/div><\/div><\/div><\/div><\/div><\/div><\/div><div class=\"fusion-modal modal fade modal-40 milena_k\" tabindex=\"-1\" role=\"dialog\" aria-labelledby=\"modal-heading-40\" aria-hidden=\"true\" style=\"--awb-border-color:#ebebeb;--awb-background:#f6f6f6;\"><div class=\"modal-dialog modal-lg\" role=\"document\"><div class=\"modal-content fusion-modal-content\"><div class=\"modal-header\"><button class=\"close\" type=\"button\" data-dismiss=\"modal\" aria-hidden=\"true\" aria-label=\"Close\">&times;<\/button><h3 class=\"modal-title\" id=\"modal-heading-40\" data-dismiss=\"modal\" aria-hidden=\"true\"><\/h3><\/div><div class=\"modal-body fusion-clearfix\"><div class=\"fusion-person person fusion-person-left fusion-person-40 fusion-person-icon-bottom\" style=\"--awb-pic-style-color:#000000;--awb-pic-borderradius:0px;--awb-margin-top:0px;--awb-margin-right:0px;--awb-margin-bottom:0px;--awb-margin-left:0px;--awb-social-box-border-top:0px;--awb-social-box-border-right:0px;--awb-social-box-border-bottom:0px;--awb-social-box-border-left:0px;--awb-social-box-border-color:var(--awb-color3);--awb-social-box-border-color-hover:var(--awb-color4);--awb-social-box-colors-hover:rgba(232,232,232,0.8);--awb-social-icon-boxed-colors:#e8e8e8;--awb-social-icon-colors:#004830;--awb-social-icon-colors-hover:rgba(190,189,189,0.8);\"><div class=\"person-desc\"><div class=\"person-author\"><div class=\"person-author-wrapper\"><span class=\"person-name\">Milena Klen<\/span><span class=\"person-title\"><\/span><\/div><\/div><div class=\"person-content fusion-clearfix\">\n<p style=\"text-align: center;\">email: milena@vivacqua.adv.br<\/p>\n<\/div><div class=\"fusion-social-networks\"><div class=\"fusion-social-networks-wrapper\"><a class=\"fusion-social-network-icon fusion-tooltip fusion-linkedin awb-icon-linkedin custom\" aria-label=\"fusion-linkedin\" href=\"https:\/\/www.linkedin.com\/in\/milena-klen-0b716117a\/\" target=\"_blank\" rel=\"noopener noreferrer\" style=\"color:#004830;font-size:16px;\" data-placement=\"top\" data-title=\"LinkedIn\" title=\"LinkedIn\" data-toggle=\"tooltip\"><\/a><a class=\"fusion-social-network-icon fusion-tooltip fusion-mail awb-icon-mail custom\" aria-label=\"fusion-mail\" href=\"mailto:m&#105;lena&#064;&#118;iva&#099;&#113;&#117;a.ad&#118;&#046;b&#114;\" target=\"_self\" style=\"color:#004830;font-size:16px;\" data-placement=\"top\" data-title=\"Mail\" title=\"Mail\" data-toggle=\"tooltip\"><\/a><\/div><\/div><\/div><\/div><\/div><\/div><\/div><\/div><div class=\"fusion-modal modal fade modal-41 hellen_a\" tabindex=\"-1\" role=\"dialog\" aria-labelledby=\"modal-heading-41\" aria-hidden=\"true\" style=\"--awb-border-color:#ebebeb;--awb-background:#f6f6f6;\"><div class=\"modal-dialog modal-lg\" role=\"document\"><div class=\"modal-content fusion-modal-content\"><div class=\"modal-header\"><button class=\"close\" type=\"button\" data-dismiss=\"modal\" aria-hidden=\"true\" aria-label=\"Close\">&times;<\/button><h3 class=\"modal-title\" id=\"modal-heading-41\" data-dismiss=\"modal\" aria-hidden=\"true\"><\/h3><\/div><div class=\"modal-body fusion-clearfix\">\n<div class=\"fusion-person person fusion-person-left fusion-person-41 fusion-person-icon-bottom\" style=\"--awb-pic-style-color:#000000;--awb-pic-borderradius:0px;--awb-margin-top:0px;--awb-margin-right:0px;--awb-margin-bottom:0px;--awb-margin-left:0px;--awb-social-box-border-top:0px;--awb-social-box-border-right:0px;--awb-social-box-border-bottom:0px;--awb-social-box-border-left:0px;--awb-social-box-border-color:var(--awb-color3);--awb-social-box-border-color-hover:var(--awb-color4);--awb-social-box-colors-hover:rgba(232,232,232,0.8);--awb-social-icon-boxed-colors:#e8e8e8;--awb-social-icon-colors:#004830;--awb-social-icon-colors-hover:rgba(190,189,189,0.8);\"><div class=\"person-desc\"><div class=\"person-author\"><div class=\"person-author-wrapper\"><span class=\"person-name\">Hellen Ayres<\/span><span class=\"person-title\"><\/span><\/div><\/div><div class=\"person-content fusion-clearfix\">\n<p style=\"text-align: center;\">email: hellen.ayres@vivacqua.adv.br<\/p>\n<\/div><div class=\"fusion-social-networks\"><div class=\"fusion-social-networks-wrapper\"><a class=\"fusion-social-network-icon fusion-tooltip fusion-mail awb-icon-mail custom\" aria-label=\"fusion-mail\" href=\"mailto:&#104;&#101;lle&#110;.&#097;&#121;re&#115;&#064;&#118;&#105;&#118;&#097;cqua.&#097;&#100;&#118;.b&#114;\" target=\"_self\" style=\"color:#004830;font-size:16px;\" data-placement=\"top\" data-title=\"Mail\" title=\"Mail\" data-toggle=\"tooltip\"><\/a><\/div><\/div><\/div><\/div>\n<\/div><\/div><\/div><\/div><div class=\"fusion-modal modal fade modal-42 anizia\" tabindex=\"-1\" role=\"dialog\" aria-labelledby=\"modal-heading-42\" aria-hidden=\"true\" style=\"--awb-border-color:#ebebeb;--awb-background:#f6f6f6;\"><div class=\"modal-dialog modal-lg\" role=\"document\"><div class=\"modal-content fusion-modal-content\"><div class=\"modal-header\"><button class=\"close\" type=\"button\" data-dismiss=\"modal\" aria-hidden=\"true\" aria-label=\"Close\">&times;<\/button><h3 class=\"modal-title\" id=\"modal-heading-42\" data-dismiss=\"modal\" aria-hidden=\"true\"><\/h3><\/div><div class=\"modal-body fusion-clearfix\"><div class=\"fusion-person person fusion-person-left fusion-person-42 fusion-person-icon-bottom\" style=\"--awb-pic-style-color:#000000;--awb-pic-borderradius:0px;--awb-margin-top:0px;--awb-margin-right:0px;--awb-margin-bottom:0px;--awb-margin-left:0px;--awb-social-box-border-top:0px;--awb-social-box-border-right:0px;--awb-social-box-border-bottom:0px;--awb-social-box-border-left:0px;--awb-social-box-border-color:var(--awb-color3);--awb-social-box-border-color-hover:var(--awb-color4);--awb-social-box-colors-hover:rgba(232,232,232,0.8);--awb-social-icon-boxed-colors:#e8e8e8;--awb-social-icon-colors:#004830;--awb-social-icon-colors-hover:rgba(190,189,189,0.8);\"><div class=\"person-shortcode-image-wrapper\"><div class=\"person-image-container hover-type-none\" style=\"border:0px solid #f6f6f6;-webkit-border-radius:0px;-moz-border-radius:0px;border-radius:0px;\"><img decoding=\"async\" class=\"person-img img-responsive wp-image-137535\" width=\"180\" height=\"180\" src=\"https:\/\/www.vivacquaadvogados.com\/wp-content\/uploads\/2026\/01\/anizia-_180px.png\" alt=\"Anizia da Silva Pereira Andrade\" srcset=\"https:\/\/www.vivacquaadvogados.com\/wp-content\/uploads\/2026\/01\/anizia-_180px-66x66.png 66w, https:\/\/www.vivacquaadvogados.com\/wp-content\/uploads\/2026\/01\/anizia-_180px-150x150.png 150w, https:\/\/www.vivacquaadvogados.com\/wp-content\/uploads\/2026\/01\/anizia-_180px.png 180w\" sizes=\"(max-width: 180px) 100vw, 180px\" \/><\/div><\/div><div class=\"person-desc\"><div class=\"person-author\"><div class=\"person-author-wrapper\"><span class=\"person-name\">Anizia da Silva Pereira Andrade<\/span><span class=\"person-title\"><\/span><\/div><\/div><div class=\"person-content fusion-clearfix\">\n<p style=\"text-align: center;\">email: anizia@vivacqua.adv.br<\/p>\n<\/div><div class=\"fusion-social-networks\"><div class=\"fusion-social-networks-wrapper\"><a class=\"fusion-social-network-icon fusion-tooltip fusion-mail awb-icon-mail custom\" aria-label=\"fusion-mail\" href=\"mailto: &#097;&#110;&#105;&#122;&#105;a&#064;&#118;i&#118;acqu&#097;&#046;a&#100;v&#046;br\" target=\"_self\" style=\"color:#004830;font-size:16px;\" data-placement=\"top\" data-title=\"Mail\" title=\"Mail\" data-toggle=\"tooltip\"><\/a><\/div><\/div><\/div><\/div><\/div><\/div><\/div><\/div><div class=\"fusion-modal modal fade modal-43 julia_kerolin\" tabindex=\"-1\" role=\"dialog\" aria-labelledby=\"modal-heading-43\" aria-hidden=\"true\" style=\"--awb-border-color:#ebebeb;--awb-background:#f6f6f6;\"><div class=\"modal-dialog modal-lg\" role=\"document\"><div class=\"modal-content fusion-modal-content\"><div class=\"modal-header\"><button class=\"close\" type=\"button\" data-dismiss=\"modal\" aria-hidden=\"true\" aria-label=\"Close\">&times;<\/button><h3 class=\"modal-title\" id=\"modal-heading-43\" data-dismiss=\"modal\" aria-hidden=\"true\"><\/h3><\/div><div class=\"modal-body fusion-clearfix\"><div class=\"fusion-person person fusion-person-left fusion-person-43 fusion-person-icon-bottom\" style=\"--awb-pic-style-color:#000000;--awb-pic-borderradius:0px;--awb-margin-top:0px;--awb-margin-right:0px;--awb-margin-bottom:0px;--awb-margin-left:0px;--awb-social-box-border-top:0px;--awb-social-box-border-right:0px;--awb-social-box-border-bottom:0px;--awb-social-box-border-left:0px;--awb-social-box-border-color:var(--awb-color3);--awb-social-box-border-color-hover:var(--awb-color4);--awb-social-box-colors-hover:rgba(232,232,232,0.8);--awb-social-icon-boxed-colors:#e8e8e8;--awb-social-icon-colors:#004830;--awb-social-icon-colors-hover:rgba(190,189,189,0.8);\"><div class=\"person-shortcode-image-wrapper\"><div class=\"person-image-container hover-type-none\" style=\"border:0px solid #f6f6f6;-webkit-border-radius:0px;-moz-border-radius:0px;border-radius:0px;\"><img decoding=\"async\" class=\"person-img img-responsive wp-image-137021\" width=\"180\" height=\"180\" src=\"https:\/\/www.vivacquaadvogados.com\/wp-content\/uploads\/2025\/06\/julia_180px.png\" alt=\"Julia Kerolin Lopes Gon\u00e7alves dos Santos\" srcset=\"https:\/\/www.vivacquaadvogados.com\/wp-content\/uploads\/2025\/06\/julia_180px-66x66.png 66w, https:\/\/www.vivacquaadvogados.com\/wp-content\/uploads\/2025\/06\/julia_180px-150x150.png 150w, https:\/\/www.vivacquaadvogados.com\/wp-content\/uploads\/2025\/06\/julia_180px.png 180w\" sizes=\"(max-width: 180px) 100vw, 180px\" \/><\/div><\/div><div class=\"person-desc\"><div class=\"person-author\"><div class=\"person-author-wrapper\"><span class=\"person-name\">Julia Kerolin Lopes Gon\u00e7alves dos Santos<\/span><span class=\"person-title\"><\/span><\/div><\/div><div class=\"person-content fusion-clearfix\">\n<p style=\"text-align: center;\">email: julia.lopes@vivacqua.adv.br<\/p>\n<\/div><div class=\"fusion-social-networks\"><div class=\"fusion-social-networks-wrapper\"><a class=\"fusion-social-network-icon fusion-tooltip fusion-linkedin awb-icon-linkedin custom\" aria-label=\"fusion-linkedin\" href=\"https:\/\/www.linkedin.com\/in\/j%C3%BAlia-lopes-859248238\/\" target=\"_blank\" rel=\"noopener noreferrer\" style=\"color:#004830;font-size:16px;\" data-placement=\"top\" data-title=\"LinkedIn\" title=\"LinkedIn\" data-toggle=\"tooltip\"><\/a><a class=\"fusion-social-network-icon fusion-tooltip fusion-mail awb-icon-mail custom\" aria-label=\"fusion-mail\" href=\"mailto:j&#117;l&#105;a&#046;lop&#101;&#115;&#064;&#118;i&#118;a&#099;&#113;u&#097;&#046;adv.&#098;&#114;\" target=\"_self\" style=\"color:#004830;font-size:16px;\" data-placement=\"top\" data-title=\"Mail\" title=\"Mail\" data-toggle=\"tooltip\"><\/a><\/div><\/div><\/div><\/div><\/div><\/div><\/div><\/div><div class=\"fusion-modal modal fade modal-44 camille\" tabindex=\"-1\" role=\"dialog\" aria-labelledby=\"modal-heading-44\" aria-hidden=\"true\" style=\"--awb-border-color:#ebebeb;--awb-background:#f6f6f6;\"><div class=\"modal-dialog modal-lg\" role=\"document\"><div class=\"modal-content fusion-modal-content\"><div class=\"modal-header\"><button class=\"close\" type=\"button\" data-dismiss=\"modal\" aria-hidden=\"true\" aria-label=\"Close\">&times;<\/button><h3 class=\"modal-title\" id=\"modal-heading-44\" data-dismiss=\"modal\" aria-hidden=\"true\"><\/h3><\/div><div class=\"modal-body fusion-clearfix\"><div class=\"fusion-person person fusion-person-left fusion-person-44 fusion-person-icon-bottom\" style=\"--awb-pic-style-color:#000000;--awb-pic-borderradius:0px;--awb-margin-top:0px;--awb-margin-right:0px;--awb-margin-bottom:0px;--awb-margin-left:0px;--awb-social-box-border-top:0px;--awb-social-box-border-right:0px;--awb-social-box-border-bottom:0px;--awb-social-box-border-left:0px;--awb-social-box-border-color:var(--awb-color3);--awb-social-box-border-color-hover:var(--awb-color4);--awb-social-box-colors-hover:rgba(232,232,232,0.8);--awb-social-icon-boxed-colors:#e8e8e8;--awb-social-icon-colors:#004830;--awb-social-icon-colors-hover:rgba(190,189,189,0.8);\"><div class=\"person-shortcode-image-wrapper\"><div class=\"person-image-container hover-type-none\" style=\"border:0px solid #f6f6f6;-webkit-border-radius:0px;-moz-border-radius:0px;border-radius:0px;\"><img decoding=\"async\" class=\"person-img img-responsive wp-image-137541\" width=\"180\" height=\"180\" src=\"https:\/\/www.vivacquaadvogados.com\/wp-content\/uploads\/2026\/01\/camille_180px.png\" alt=\"Camille Fadel\" srcset=\"https:\/\/www.vivacquaadvogados.com\/wp-content\/uploads\/2026\/01\/camille_180px-66x66.png 66w, https:\/\/www.vivacquaadvogados.com\/wp-content\/uploads\/2026\/01\/camille_180px-150x150.png 150w, https:\/\/www.vivacquaadvogados.com\/wp-content\/uploads\/2026\/01\/camille_180px.png 180w\" sizes=\"(max-width: 180px) 100vw, 180px\" \/><\/div><\/div><div class=\"person-desc\"><div class=\"person-author\"><div class=\"person-author-wrapper\"><span class=\"person-name\">Camille Fadel<\/span><span class=\"person-title\"><\/span><\/div><\/div><div class=\"person-content fusion-clearfix\">\n<p style=\"text-align: left;\">Opera en esferas comercial y civil.<\/p>\n<p>OAB\/RJ 206.674<\/p>\n<\/div><div class=\"fusion-social-networks\"><div class=\"fusion-social-networks-wrapper\"><a class=\"fusion-social-network-icon fusion-tooltip fusion-linkedin awb-icon-linkedin custom\" aria-label=\"fusion-linkedin\" href=\"https:\/\/www.linkedin.com\/in\/camille-fadel-285755182\/\" target=\"_blank\" rel=\"noopener noreferrer\" style=\"color:#004830;font-size:16px;\" data-placement=\"top\" data-title=\"LinkedIn\" title=\"LinkedIn\" data-toggle=\"tooltip\"><\/a><a class=\"fusion-social-network-icon fusion-tooltip fusion-mail awb-icon-mail custom\" aria-label=\"fusion-mail\" href=\"mailto:ca&#109;&#105;l&#108;&#101;&#046;fa&#100;el&#064;&#118;iv&#097;cq&#117;a&#046;a&#100;&#118;.&#098;&#114;\" target=\"_self\" style=\"color:#004830;font-size:16px;\" data-placement=\"top\" data-title=\"Mail\" title=\"Mail\" data-toggle=\"tooltip\"><\/a><\/div><\/div><\/div><\/div><\/div><\/div><\/div><\/div><div class=\"fusion-modal modal fade modal-45 isabella\" tabindex=\"-1\" role=\"dialog\" aria-labelledby=\"modal-heading-45\" aria-hidden=\"true\" style=\"--awb-border-color:#ebebeb;--awb-background:#f6f6f6;\"><div class=\"modal-dialog modal-lg\" role=\"document\"><div class=\"modal-content fusion-modal-content\"><div class=\"modal-header\"><button class=\"close\" type=\"button\" data-dismiss=\"modal\" aria-hidden=\"true\" aria-label=\"Close\">&times;<\/button><h3 class=\"modal-title\" id=\"modal-heading-45\" data-dismiss=\"modal\" aria-hidden=\"true\"><\/h3><\/div><div class=\"modal-body fusion-clearfix\"><div class=\"fusion-person person fusion-person-left fusion-person-45 fusion-person-icon-bottom\" style=\"--awb-pic-style-color:#000000;--awb-pic-borderradius:0px;--awb-margin-top:0px;--awb-margin-right:0px;--awb-margin-bottom:0px;--awb-margin-left:0px;--awb-social-box-border-top:0px;--awb-social-box-border-right:0px;--awb-social-box-border-bottom:0px;--awb-social-box-border-left:0px;--awb-social-box-border-color:var(--awb-color3);--awb-social-box-border-color-hover:var(--awb-color4);--awb-social-box-colors-hover:rgba(232,232,232,0.8);--awb-social-icon-boxed-colors:#e8e8e8;--awb-social-icon-colors:#004830;--awb-social-icon-colors-hover:rgba(190,189,189,0.8);\"><div class=\"person-shortcode-image-wrapper\"><div class=\"person-image-container hover-type-none\" style=\"border:0px solid #f6f6f6;-webkit-border-radius:0px;-moz-border-radius:0px;border-radius:0px;\"><img decoding=\"async\" class=\"person-img img-responsive wp-image-137538\" width=\"180\" height=\"180\" src=\"https:\/\/www.vivacquaadvogados.com\/wp-content\/uploads\/2026\/01\/isabela_180px.png\" alt=\"Isabella Corr\u00eaa dos Santos\" srcset=\"https:\/\/www.vivacquaadvogados.com\/wp-content\/uploads\/2026\/01\/isabela_180px-66x66.png 66w, https:\/\/www.vivacquaadvogados.com\/wp-content\/uploads\/2026\/01\/isabela_180px-150x150.png 150w, https:\/\/www.vivacquaadvogados.com\/wp-content\/uploads\/2026\/01\/isabela_180px.png 180w\" sizes=\"(max-width: 180px) 100vw, 180px\" \/><\/div><\/div><div class=\"person-desc\"><div class=\"person-author\"><div class=\"person-author-wrapper\"><span class=\"person-name\">Isabella Corr\u00eaa dos Santos<\/span><span class=\"person-title\"><\/span><\/div><\/div><div class=\"person-content fusion-clearfix\">\n<p style=\"text-align: left;\">Graduada por la Universidad Federal Fluminense (UFF), act\u00faa en el \u00e1mbito contencioso en las \u00e1reas empresarial y civil.<\/p>\n<p>OAB\/RJ 258.946<\/p>\n<\/div><div class=\"fusion-social-networks\"><div class=\"fusion-social-networks-wrapper\"><a class=\"fusion-social-network-icon fusion-tooltip fusion-linkedin awb-icon-linkedin custom\" aria-label=\"fusion-linkedin\" href=\"https:\/\/www.linkedin.com\/company\/vivacqua-advogados\/\" target=\"_blank\" rel=\"noopener noreferrer\" style=\"color:#004830;font-size:16px;\" data-placement=\"top\" data-title=\"LinkedIn\" title=\"LinkedIn\" data-toggle=\"tooltip\"><\/a><a class=\"fusion-social-network-icon fusion-tooltip fusion-mail awb-icon-mail custom\" aria-label=\"fusion-mail\" href=\"mailto:is&#097;&#098;el&#108;a.s&#097;n&#116;&#111;&#115;&#064;&#118;&#105;&#118;&#097;cqua&#046;adv&#046;&#098;r\" target=\"_self\" style=\"color:#004830;font-size:16px;\" data-placement=\"top\" data-title=\"Mail\" title=\"Mail\" data-toggle=\"tooltip\"><\/a><\/div><\/div><\/div><\/div><\/div><\/div><\/div><\/div><div class=\"fusion-modal modal fade modal-46 luiza_vivacqua\" tabindex=\"-1\" role=\"dialog\" aria-labelledby=\"modal-heading-46\" aria-hidden=\"true\" style=\"--awb-border-color:#ebebeb;--awb-background:#f6f6f6;\"><div class=\"modal-dialog modal-lg\" role=\"document\"><div class=\"modal-content fusion-modal-content\"><div class=\"modal-header\"><button class=\"close\" type=\"button\" data-dismiss=\"modal\" aria-hidden=\"true\" aria-label=\"Close\">&times;<\/button><h3 class=\"modal-title\" id=\"modal-heading-46\" data-dismiss=\"modal\" aria-hidden=\"true\"><\/h3><\/div><div class=\"modal-body fusion-clearfix\"><div class=\"fusion-person person fusion-person-left fusion-person-46 fusion-person-icon-bottom\" style=\"--awb-pic-style-color:#000000;--awb-pic-borderradius:0px;--awb-margin-top:0px;--awb-margin-right:0px;--awb-margin-bottom:0px;--awb-margin-left:0px;--awb-social-box-border-top:0px;--awb-social-box-border-right:0px;--awb-social-box-border-bottom:0px;--awb-social-box-border-left:0px;--awb-social-box-border-color:var(--awb-color3);--awb-social-box-border-color-hover:var(--awb-color4);--awb-social-box-colors-hover:rgba(232,232,232,0.8);--awb-social-icon-boxed-colors:#e8e8e8;--awb-social-icon-colors:#004830;--awb-social-icon-colors-hover:rgba(190,189,189,0.8);\"><div class=\"person-shortcode-image-wrapper\"><div class=\"person-image-container hover-type-none\" style=\"border:0px solid #f6f6f6;-webkit-border-radius:0px;-moz-border-radius:0px;border-radius:0px;\"><img decoding=\"async\" class=\"person-img img-responsive wp-image-137547\" width=\"180\" height=\"180\" src=\"https:\/\/www.vivacquaadvogados.com\/wp-content\/uploads\/2026\/01\/luiza_180px.png\" alt=\"Luiza Pincelli Tavares Vivacqua\" srcset=\"https:\/\/www.vivacquaadvogados.com\/wp-content\/uploads\/2026\/01\/luiza_180px-66x66.png 66w, https:\/\/www.vivacquaadvogados.com\/wp-content\/uploads\/2026\/01\/luiza_180px-150x150.png 150w, https:\/\/www.vivacquaadvogados.com\/wp-content\/uploads\/2026\/01\/luiza_180px.png 180w\" sizes=\"(max-width: 180px) 100vw, 180px\" \/><\/div><\/div><div class=\"person-desc\"><div class=\"person-author\"><div class=\"person-author-wrapper\"><span class=\"person-name\">Luiza Pincelli Tavares Vivacqua<\/span><span class=\"person-title\"><\/span><\/div><\/div><div class=\"person-content fusion-clearfix\">\n<p style=\"text-align: center;\">email: luiza@vivacqua.adv.br<\/p>\n<\/div><div class=\"fusion-social-networks\"><div class=\"fusion-social-networks-wrapper\"><a class=\"fusion-social-network-icon fusion-tooltip fusion-linkedin awb-icon-linkedin custom\" aria-label=\"fusion-linkedin\" href=\"https:\/\/www.linkedin.com\/in\/luizavivacqua\/\" target=\"_blank\" rel=\"noopener noreferrer\" style=\"color:#004830;font-size:16px;\" data-placement=\"top\" data-title=\"LinkedIn\" title=\"LinkedIn\" data-toggle=\"tooltip\"><\/a><a class=\"fusion-social-network-icon fusion-tooltip fusion-mail awb-icon-mail custom\" aria-label=\"fusion-mail\" href=\"mailto:l&#117;i&#122;&#097;&#064;v&#105;&#118;a&#099;q&#117;a&#046;&#097;dv.b&#114;\" target=\"_self\" style=\"color:#004830;font-size:16px;\" data-placement=\"top\" data-title=\"Mail\" title=\"Mail\" data-toggle=\"tooltip\"><\/a><\/div><\/div><\/div><\/div><\/div><\/div><\/div><\/div><div class=\"fusion-modal modal fade modal-47 guilherme\" tabindex=\"-1\" role=\"dialog\" aria-labelledby=\"modal-heading-47\" aria-hidden=\"true\" style=\"--awb-border-color:#ebebeb;--awb-background:#f6f6f6;\"><div class=\"modal-dialog modal-lg\" role=\"document\"><div class=\"modal-content fusion-modal-content\"><div class=\"modal-header\"><button class=\"close\" type=\"button\" data-dismiss=\"modal\" aria-hidden=\"true\" aria-label=\"Close\">&times;<\/button><h3 class=\"modal-title\" id=\"modal-heading-47\" data-dismiss=\"modal\" aria-hidden=\"true\"><\/h3><\/div><div class=\"modal-body fusion-clearfix\"><div class=\"fusion-person person fusion-person-left fusion-person-47 fusion-person-icon-bottom\" style=\"--awb-pic-style-color:#000000;--awb-pic-borderradius:0px;--awb-margin-top:0px;--awb-margin-right:0px;--awb-margin-bottom:0px;--awb-margin-left:0px;--awb-social-box-border-top:0px;--awb-social-box-border-right:0px;--awb-social-box-border-bottom:0px;--awb-social-box-border-left:0px;--awb-social-box-border-color:var(--awb-color3);--awb-social-box-border-color-hover:var(--awb-color4);--awb-social-box-colors-hover:rgba(232,232,232,0.8);--awb-social-icon-boxed-colors:#e8e8e8;--awb-social-icon-colors:#004830;--awb-social-icon-colors-hover:rgba(190,189,189,0.8);\"><div class=\"person-shortcode-image-wrapper\"><div class=\"person-image-container hover-type-none\" style=\"border:0px solid #f6f6f6;-webkit-border-radius:0px;-moz-border-radius:0px;border-radius:0px;\"><img decoding=\"async\" class=\"person-img img-responsive wp-image-137581\" width=\"180\" height=\"180\" src=\"https:\/\/www.vivacquaadvogados.com\/wp-content\/uploads\/2026\/01\/gulherme_180px.png\" alt=\"Guilherme Martins Ferreira\" srcset=\"https:\/\/www.vivacquaadvogados.com\/wp-content\/uploads\/2026\/01\/gulherme_180px-66x66.png 66w, https:\/\/www.vivacquaadvogados.com\/wp-content\/uploads\/2026\/01\/gulherme_180px-150x150.png 150w, https:\/\/www.vivacquaadvogados.com\/wp-content\/uploads\/2026\/01\/gulherme_180px.png 180w\" sizes=\"(max-width: 180px) 100vw, 180px\" \/><\/div><\/div><div class=\"person-desc\"><div class=\"person-author\"><div class=\"person-author-wrapper\"><span class=\"person-name\">Guilherme Martins Ferreira<\/span><span class=\"person-title\"><\/span><\/div><\/div><div class=\"person-content fusion-clearfix\">\n<p style=\"text-align: center;\">email: guilherme_martins@vivacqua.adv.br<\/p>\n<\/div><div class=\"fusion-social-networks\"><div class=\"fusion-social-networks-wrapper\"><a class=\"fusion-social-network-icon fusion-tooltip fusion-mail awb-icon-mail custom\" aria-label=\"fusion-mail\" href=\"mailto:gu&#105;l&#104;&#101;&#114;&#109;e_&#109;&#097;rt&#105;ns&#064;&#118;ivac&#113;&#117;&#097;&#046;ad&#118;.&#098;&#114;\" target=\"_self\" style=\"color:#004830;font-size:16px;\" data-placement=\"top\" data-title=\"Mail\" title=\"Mail\" data-toggle=\"tooltip\"><\/a><\/div><\/div><\/div><\/div><\/div><\/div><\/div><\/div><div class=\"fusion-modal modal fade modal-48 paulo_conduru\" tabindex=\"-1\" role=\"dialog\" aria-labelledby=\"modal-heading-48\" aria-hidden=\"true\" style=\"--awb-border-color:#ebebeb;--awb-background:#f6f6f6;\"><div class=\"modal-dialog modal-lg\" role=\"document\"><div class=\"modal-content fusion-modal-content\"><div class=\"modal-header\"><button class=\"close\" type=\"button\" data-dismiss=\"modal\" aria-hidden=\"true\" aria-label=\"Close\">&times;<\/button><h3 class=\"modal-title\" id=\"modal-heading-48\" data-dismiss=\"modal\" aria-hidden=\"true\"><\/h3><\/div><div class=\"modal-body fusion-clearfix\"><div class=\"fusion-person person fusion-person-left fusion-person-48 fusion-person-icon-bottom\" style=\"--awb-pic-style-color:#000000;--awb-pic-borderradius:0px;--awb-margin-top:0px;--awb-margin-right:0px;--awb-margin-bottom:0px;--awb-margin-left:0px;--awb-social-box-border-top:0px;--awb-social-box-border-right:0px;--awb-social-box-border-bottom:0px;--awb-social-box-border-left:0px;--awb-social-box-border-color:var(--awb-color3);--awb-social-box-border-color-hover:var(--awb-color4);--awb-social-box-colors-hover:rgba(232,232,232,0.8);--awb-social-icon-boxed-colors:#e8e8e8;--awb-social-icon-colors:#004830;--awb-social-icon-colors-hover:rgba(190,189,189,0.8);\"><div class=\"person-shortcode-image-wrapper\"><div class=\"person-image-container hover-type-none\" style=\"border:0px solid #f6f6f6;-webkit-border-radius:0px;-moz-border-radius:0px;border-radius:0px;\"><img decoding=\"async\" class=\"person-img img-responsive wp-image-137516\" width=\"180\" height=\"180\" src=\"https:\/\/www.vivacquaadvogados.com\/wp-content\/uploads\/2026\/01\/paulo_180px.png\" alt=\"Paulo Henrique da S. Conduru\" srcset=\"https:\/\/www.vivacquaadvogados.com\/wp-content\/uploads\/2026\/01\/paulo_180px-66x66.png 66w, https:\/\/www.vivacquaadvogados.com\/wp-content\/uploads\/2026\/01\/paulo_180px-150x150.png 150w, https:\/\/www.vivacquaadvogados.com\/wp-content\/uploads\/2026\/01\/paulo_180px.png 180w\" sizes=\"(max-width: 180px) 100vw, 180px\" \/><\/div><\/div><div class=\"person-desc\"><div class=\"person-author\"><div class=\"person-author-wrapper\"><span class=\"person-name\">Paulo Henrique da S. Conduru<\/span><span class=\"person-title\"><\/span><\/div><\/div><div class=\"person-content fusion-clearfix\">\n<p style=\"text-align: left;\">Opera en esferas comercial y civil.<\/p>\n<p>OAB\/RJ 105.204<\/p>\n<\/div><div class=\"fusion-social-networks\"><div class=\"fusion-social-networks-wrapper\"><a class=\"fusion-social-network-icon fusion-tooltip fusion-mail awb-icon-mail custom\" aria-label=\"fusion-mail\" href=\"mailto:p&#097;ulo_&#099;o&#110;&#100;&#117;&#114;u&#064;&#118;iv&#097;c&#113;&#117;&#097;&#046;ad&#118;.b&#114;\" target=\"_self\" style=\"color:#004830;font-size:16px;\" data-placement=\"top\" data-title=\"Mail\" title=\"Mail\" data-toggle=\"tooltip\"><\/a><\/div><\/div><\/div><\/div><\/div><\/div><\/div><\/div><div class=\"fusion-modal modal fade modal-49 vitor_lima\" tabindex=\"-1\" role=\"dialog\" aria-labelledby=\"modal-heading-49\" aria-hidden=\"true\" style=\"--awb-border-color:#ebebeb;--awb-background:#f6f6f6;\"><div class=\"modal-dialog modal-lg\" role=\"document\"><div class=\"modal-content fusion-modal-content\"><div class=\"modal-header\"><button class=\"close\" type=\"button\" data-dismiss=\"modal\" aria-hidden=\"true\" aria-label=\"Close\">&times;<\/button><h3 class=\"modal-title\" id=\"modal-heading-49\" data-dismiss=\"modal\" aria-hidden=\"true\"><\/h3><\/div><div class=\"modal-body fusion-clearfix\"><div class=\"fusion-person person fusion-person-left fusion-person-49 fusion-person-icon-bottom\" style=\"--awb-pic-style-color:#000000;--awb-pic-borderradius:0px;--awb-margin-top:0px;--awb-margin-right:0px;--awb-margin-bottom:0px;--awb-margin-left:0px;--awb-social-box-border-top:0px;--awb-social-box-border-right:0px;--awb-social-box-border-bottom:0px;--awb-social-box-border-left:0px;--awb-social-box-border-color:var(--awb-color3);--awb-social-box-border-color-hover:var(--awb-color4);--awb-social-box-colors-hover:rgba(232,232,232,0.8);--awb-social-icon-boxed-colors:#e8e8e8;--awb-social-icon-colors:#004830;--awb-social-icon-colors-hover:rgba(190,189,189,0.8);\"><div class=\"person-shortcode-image-wrapper\"><div class=\"person-image-container hover-type-none\" style=\"border:0px solid #f6f6f6;-webkit-border-radius:0px;-moz-border-radius:0px;border-radius:0px;\"><img decoding=\"async\" class=\"person-img img-responsive wp-image-137669\" width=\"180\" height=\"180\" src=\"https:\/\/www.vivacquaadvogados.com\/wp-content\/uploads\/2026\/02\/vitorlima_180px.png\" alt=\"V\u00edtor Lima\" srcset=\"https:\/\/www.vivacquaadvogados.com\/wp-content\/uploads\/2026\/02\/vitorlima_180px-66x66.png 66w, https:\/\/www.vivacquaadvogados.com\/wp-content\/uploads\/2026\/02\/vitorlima_180px-150x150.png 150w, https:\/\/www.vivacquaadvogados.com\/wp-content\/uploads\/2026\/02\/vitorlima_180px.png 180w\" sizes=\"(max-width: 180px) 100vw, 180px\" \/><\/div><\/div><div class=\"person-desc\"><div class=\"person-author\"><div class=\"person-author-wrapper\"><span class=\"person-name\">V\u00edtor Lima<\/span><span class=\"person-title\"><\/span><\/div><\/div><div class=\"person-content fusion-clearfix\">\n<p style=\"text-align: left;\">Opera en esferas comercial y civil.<\/p>\n<p>OAB\/RJ 265.882<\/p>\n<\/div><div class=\"fusion-social-networks\"><div class=\"fusion-social-networks-wrapper\"><a class=\"fusion-social-network-icon fusion-tooltip fusion-linkedin awb-icon-linkedin custom\" aria-label=\"fusion-linkedin\" href=\"https:\/\/www.linkedin.com\/in\/v%C3%ADtor-lima-b747a1271\/\" target=\"_blank\" rel=\"noopener noreferrer\" style=\"color:#004830;font-size:16px;\" data-placement=\"top\" data-title=\"LinkedIn\" title=\"LinkedIn\" data-toggle=\"tooltip\"><\/a><a class=\"fusion-social-network-icon fusion-tooltip fusion-mail awb-icon-mail custom\" aria-label=\"fusion-mail\" href=\"mailto:vi&#116;&#111;&#114;&#046;&#108;i&#109;a&#064;v&#105;v&#097;&#099;q&#117;&#097;.adv&#046;&#098;r\" target=\"_self\" style=\"color:#004830;font-size:16px;\" data-placement=\"top\" data-title=\"Mail\" title=\"Mail\" data-toggle=\"tooltip\"><\/a><\/div><\/div><\/div><\/div><\/div><\/div><\/div><\/div><div class=\"fusion-modal modal fade modal-50 mayara_pessoa\" tabindex=\"-1\" role=\"dialog\" aria-labelledby=\"modal-heading-50\" aria-hidden=\"true\" style=\"--awb-border-color:#ebebeb;--awb-background:#f6f6f6;\"><div class=\"modal-dialog modal-lg\" role=\"document\"><div class=\"modal-content fusion-modal-content\"><div class=\"modal-header\"><button class=\"close\" type=\"button\" data-dismiss=\"modal\" aria-hidden=\"true\" aria-label=\"Close\">&times;<\/button><h3 class=\"modal-title\" id=\"modal-heading-50\" data-dismiss=\"modal\" aria-hidden=\"true\"><\/h3><\/div><div class=\"modal-body fusion-clearfix\"><div class=\"fusion-person person fusion-person-left fusion-person-50 fusion-person-icon-bottom\" style=\"--awb-pic-style-color:#000000;--awb-pic-borderradius:0px;--awb-margin-top:0px;--awb-margin-right:0px;--awb-margin-bottom:0px;--awb-margin-left:0px;--awb-social-box-border-top:0px;--awb-social-box-border-right:0px;--awb-social-box-border-bottom:0px;--awb-social-box-border-left:0px;--awb-social-box-border-color:var(--awb-color3);--awb-social-box-border-color-hover:var(--awb-color4);--awb-social-box-colors-hover:rgba(232,232,232,0.8);--awb-social-icon-boxed-colors:#e8e8e8;--awb-social-icon-colors:#004830;--awb-social-icon-colors-hover:rgba(190,189,189,0.8);\"><div class=\"person-shortcode-image-wrapper\"><div class=\"person-image-container hover-type-none\" style=\"border:0px solid #f6f6f6;-webkit-border-radius:0px;-moz-border-radius:0px;border-radius:0px;\"><img decoding=\"async\" class=\"person-img img-responsive wp-image-137765\" width=\"180\" height=\"180\" src=\"https:\/\/www.vivacquaadvogados.com\/wp-content\/uploads\/2026\/04\/mayara2_180px.png\" alt=\"Mayara Pess\u00f4a\" srcset=\"https:\/\/www.vivacquaadvogados.com\/wp-content\/uploads\/2026\/04\/mayara2_180px-66x66.png 66w, https:\/\/www.vivacquaadvogados.com\/wp-content\/uploads\/2026\/04\/mayara2_180px-150x150.png 150w, https:\/\/www.vivacquaadvogados.com\/wp-content\/uploads\/2026\/04\/mayara2_180px.png 180w\" sizes=\"(max-width: 180px) 100vw, 180px\" \/><\/div><\/div><div class=\"person-desc\"><div class=\"person-author\"><div class=\"person-author-wrapper\"><span class=\"person-name\">Mayara Pess\u00f4a<\/span><span class=\"person-title\"><\/span><\/div><\/div><div class=\"person-content fusion-clearfix\">\n<p style=\"text-align: left;\">Opera en esferas comercial y civil.<\/p>\n<p>OAB\/RJ 271.184<\/p>\n<\/div><div class=\"fusion-social-networks\"><div class=\"fusion-social-networks-wrapper\"><a class=\"fusion-social-network-icon fusion-tooltip fusion-linkedin awb-icon-linkedin custom\" aria-label=\"fusion-linkedin\" href=\"https:\/\/www.linkedin.com\/in\/mayara-pess%25C3%25B4a-79aa14213?utm_source=share&amp;utm_campaign=share_via&amp;utm_content=profile&amp;utm_medium=ios_app\" target=\"_blank\" rel=\"noopener noreferrer\" style=\"color:#004830;font-size:16px;\" data-placement=\"top\" data-title=\"LinkedIn\" title=\"LinkedIn\" data-toggle=\"tooltip\"><\/a><a class=\"fusion-social-network-icon fusion-tooltip fusion-mail awb-icon-mail custom\" aria-label=\"fusion-mail\" href=\"mailto:m&#046;p&#101;ssoa&#064;&#118;i&#118;&#097;&#099;&#113;u&#097;&#046;a&#100;&#118;&#046;&#098;r\" target=\"_self\" style=\"color:#004830;font-size:16px;\" data-placement=\"top\" data-title=\"Mail\" title=\"Mail\" data-toggle=\"tooltip\"><\/a><\/div><\/div><\/div><\/div><\/div><\/div><\/div><\/div><div class=\"fusion-modal modal fade modal-51 rafael_abreu\" tabindex=\"-1\" role=\"dialog\" aria-labelledby=\"modal-heading-51\" aria-hidden=\"true\" style=\"--awb-border-color:#ebebeb;--awb-background:#f6f6f6;\"><div class=\"modal-dialog modal-lg\" role=\"document\"><div class=\"modal-content fusion-modal-content\"><div class=\"modal-header\"><button class=\"close\" type=\"button\" data-dismiss=\"modal\" aria-hidden=\"true\" aria-label=\"Close\">&times;<\/button><h3 class=\"modal-title\" id=\"modal-heading-51\" data-dismiss=\"modal\" aria-hidden=\"true\"><\/h3><\/div><div class=\"modal-body fusion-clearfix\"><div class=\"fusion-person person fusion-person-left fusion-person-51 fusion-person-icon-bottom\" style=\"--awb-pic-style-color:#000000;--awb-pic-borderradius:0px;--awb-margin-top:0px;--awb-margin-right:0px;--awb-margin-bottom:0px;--awb-margin-left:0px;--awb-social-box-border-top:0px;--awb-social-box-border-right:0px;--awb-social-box-border-bottom:0px;--awb-social-box-border-left:0px;--awb-social-box-border-color:var(--awb-color3);--awb-social-box-border-color-hover:var(--awb-color4);--awb-social-box-colors-hover:rgba(232,232,232,0.8);--awb-social-icon-boxed-colors:#e8e8e8;--awb-social-icon-colors:#004830;--awb-social-icon-colors-hover:rgba(190,189,189,0.8);\"><div class=\"person-shortcode-image-wrapper\"><div class=\"person-image-container hover-type-none\" style=\"border:0px solid #f6f6f6;-webkit-border-radius:0px;-moz-border-radius:0px;border-radius:0px;\"><img decoding=\"async\" class=\"person-img img-responsive wp-image-137749\" width=\"180\" height=\"180\" src=\"https:\/\/www.vivacquaadvogados.com\/wp-content\/uploads\/2026\/04\/rafael_180px.png\" alt=\"Rafael Guimar\u00e3es de Abreu\" srcset=\"https:\/\/www.vivacquaadvogados.com\/wp-content\/uploads\/2026\/04\/rafael_180px-66x66.png 66w, https:\/\/www.vivacquaadvogados.com\/wp-content\/uploads\/2026\/04\/rafael_180px-150x150.png 150w, https:\/\/www.vivacquaadvogados.com\/wp-content\/uploads\/2026\/04\/rafael_180px.png 180w\" sizes=\"(max-width: 180px) 100vw, 180px\" \/><\/div><\/div><div class=\"person-desc\"><div class=\"person-author\"><div class=\"person-author-wrapper\"><span class=\"person-name\">Rafael Guimar\u00e3es de Abreu<\/span><span class=\"person-title\"><\/span><\/div><\/div><div class=\"person-content fusion-clearfix\">\n<p style=\"text-align: left;\">Opera en esferas comercial y civil.<\/p>\n<p>OAB\/RJ 138.333<\/p>\n<\/div><div class=\"fusion-social-networks\"><div class=\"fusion-social-networks-wrapper\"><a class=\"fusion-social-network-icon fusion-tooltip fusion-mail awb-icon-mail custom\" aria-label=\"fusion-mail\" href=\"mailto:r&#046;&#103;uima&#114;&#097;e&#115;&#064;v&#105;&#118;&#097;&#099;qu&#097;&#046;ad&#118;&#046;br\" target=\"_self\" style=\"color:#004830;font-size:16px;\" data-placement=\"top\" data-title=\"Mail\" title=\"Mail\" data-toggle=\"tooltip\"><\/a><\/div><\/div><\/div><\/div><\/div><\/div><\/div><\/div><div class=\"fusion-modal modal fade modal-52 nathan_oliveira\" tabindex=\"-1\" role=\"dialog\" aria-labelledby=\"modal-heading-52\" aria-hidden=\"true\" style=\"--awb-border-color:#ebebeb;--awb-background:#f6f6f6;\"><div class=\"modal-dialog modal-lg\" role=\"document\"><div class=\"modal-content fusion-modal-content\"><div class=\"modal-header\"><button class=\"close\" type=\"button\" data-dismiss=\"modal\" aria-hidden=\"true\" aria-label=\"Close\">&times;<\/button><h3 class=\"modal-title\" id=\"modal-heading-52\" data-dismiss=\"modal\" aria-hidden=\"true\"><\/h3><\/div><div class=\"modal-body fusion-clearfix\"><div class=\"fusion-person person fusion-person-left fusion-person-52 fusion-person-icon-bottom\" style=\"--awb-pic-style-color:#000000;--awb-pic-borderradius:0px;--awb-margin-top:0px;--awb-margin-right:0px;--awb-margin-bottom:0px;--awb-margin-left:0px;--awb-social-box-border-top:0px;--awb-social-box-border-right:0px;--awb-social-box-border-bottom:0px;--awb-social-box-border-left:0px;--awb-social-box-border-color:var(--awb-color3);--awb-social-box-border-color-hover:var(--awb-color4);--awb-social-box-colors-hover:rgba(232,232,232,0.8);--awb-social-icon-boxed-colors:#e8e8e8;--awb-social-icon-colors:#004830;--awb-social-icon-colors-hover:rgba(190,189,189,0.8);\"><div class=\"person-shortcode-image-wrapper\"><div class=\"person-image-container hover-type-none\" style=\"border:0px solid #f6f6f6;-webkit-border-radius:0px;-moz-border-radius:0px;border-radius:0px;\"><img decoding=\"async\" class=\"person-img img-responsive wp-image-137752\" width=\"180\" height=\"180\" src=\"https:\/\/www.vivacquaadvogados.com\/wp-content\/uploads\/2026\/04\/nathan_180px.png\" alt=\"Nathan Gon\u00e7alves de Oliveira\" srcset=\"https:\/\/www.vivacquaadvogados.com\/wp-content\/uploads\/2026\/04\/nathan_180px-66x66.png 66w, https:\/\/www.vivacquaadvogados.com\/wp-content\/uploads\/2026\/04\/nathan_180px-150x150.png 150w, https:\/\/www.vivacquaadvogados.com\/wp-content\/uploads\/2026\/04\/nathan_180px.png 180w\" sizes=\"(max-width: 180px) 100vw, 180px\" \/><\/div><\/div><div class=\"person-desc\"><div class=\"person-author\"><div class=\"person-author-wrapper\"><span class=\"person-name\">Nathan Gon\u00e7alves de Oliveira<\/span><span class=\"person-title\"><\/span><\/div><\/div><div class=\"person-content fusion-clearfix\">\n<p style=\"text-align: left;\">Opera en esferas comercial y civil.<\/p>\n<p>OAB\/MG 241.486<\/p>\n<\/div><div class=\"fusion-social-networks\"><div class=\"fusion-social-networks-wrapper\"><a class=\"fusion-social-network-icon fusion-tooltip fusion-linkedin awb-icon-linkedin custom\" aria-label=\"fusion-linkedin\" href=\"www.linkedin.com\/in\/nathan-gon\u00e7alves-2a241426a\" target=\"_blank\" rel=\"noopener noreferrer\" style=\"color:#004830;font-size:16px;\" data-placement=\"top\" data-title=\"LinkedIn\" title=\"LinkedIn\" data-toggle=\"tooltip\"><\/a><a class=\"fusion-social-network-icon fusion-tooltip fusion-mail awb-icon-mail custom\" aria-label=\"fusion-mail\" href=\"mailto:&#110;.&#111;li&#118;ei&#114;&#097;&#064;v&#105;v&#097;&#099;&#113;&#117;a.&#097;&#100;&#118;.&#098;r\" target=\"_self\" style=\"color:#004830;font-size:16px;\" data-placement=\"top\" data-title=\"Mail\" title=\"Mail\" data-toggle=\"tooltip\"><\/a><\/div><\/div><\/div><\/div><\/div><\/div><\/div><\/div><div class=\"fusion-clearfix\"><\/div><\/div><\/div><\/div><\/div><\/p>\n","protected":false},"excerpt":{"rendered":"","protected":false},"author":1,"featured_media":0,"parent":0,"menu_order":0,"comment_status":"closed","ping_status":"closed","template":"","meta":{"footnotes":""},"class_list":["post-2772","page","type-page","status-publish","hentry"],"_links":{"self":[{"href":"https:\/\/www.vivacquaadvogados.com\/es\/wp-json\/wp\/v2\/pages\/2772\/"}],"collection":[{"href":"https:\/\/www.vivacquaadvogados.com\/es\/wp-json\/wp\/v2\/pages\/"}],"about":[{"href":"https:\/\/www.vivacquaadvogados.com\/es\/wp-json\/wp\/v2\/types\/page\/"}],"author":[{"embeddable":true,"href":"https:\/\/www.vivacquaadvogados.com\/es\/wp-json\/wp\/v2\/users\/1\/"}],"replies":[{"embeddable":true,"href":"https:\/\/www.vivacquaadvogados.com\/es\/wp-json\/wp\/v2\/comments\/?post=2772"}],"version-history":[{"count":152,"href":"https:\/\/www.vivacquaadvogados.com\/es\/wp-json\/wp\/v2\/pages\/2772\/revisions\/"}],"predecessor-version":[{"id":133664,"href":"https:\/\/www.vivacquaadvogados.com\/es\/wp-json\/wp\/v2\/pages\/2772\/revisions\/133664\/"}],"wp:attachment":[{"href":"https:\/\/www.vivacquaadvogados.com\/es\/wp-json\/wp\/v2\/media\/?parent=2772"}],"curies":[{"name":"wp","href":"https:\/\/api.w.org\/{rel}","templated":true}]}}